{"id":28200,"date":"2024-09-26T15:31:47","date_gmt":"2024-09-26T15:31:47","guid":{"rendered":"https:\/\/zar2010.com\/propiedad\/promocion-de-pisos-turisticos-en-mojacar-playa\/"},"modified":"2025-02-04T13:27:31","modified_gmt":"2025-02-04T13:27:31","slug":"promotion-of-tourist-apartments-in-mojacar-playa","status":"publish","type":"property","link":"https:\/\/zar2010.com\/en\/property\/promotion-of-tourist-apartments-in-mojacar-playa\/","title":{"rendered":"Promotion of tourist apartments in Moj\u00e1car Playa"},"content":{"rendered":"<p>\u2022 OPORTUNIDAD DE INVERSI\u00d3N. Promoci\u00f3n de apartamentos tur\u00edsticos en Urb. Gran Vista Marina de Moj\u00e1car Playa. Residencial del a\u00f1o 2004, con ascensor y piscina comunitaria, situado frente a la playa de Las Ventanicas, en lo alto de una colina donde disfruta de unas privilegiadas vistas al mediterr\u00e1neo y a las monta\u00f1as de Sierra Cabrera. Muy pr\u00f3ximo s todo tipo de servicios y amenidades como restaurantes, supermercados, comercios, centro m\u00e9dico, parada de transporte p\u00fablico&#8230; y a las puertas del parque natural Cabo de Gata.<\/p>\n<p>\u2022 Apartamentos tur\u00edsticos. Disfrute de su vivienda durante unos meses al a\u00f1o cediendo la gesti\u00f3n a una empresa gestora que se encargar\u00e1 de su alquiler vacacional durante el resto del tiempo proporcion\u00e1ndole rendimiento econ\u00f3mico y el retorno de su inversi\u00f3n.<\/p>\n<p>\u2022 Viviendas en planta baja, primera y segunda con 42 m2 construidos m\u00e1s terraza privada de unos 15 m2 con impresionantes vistas al mar y las monta\u00f1as.<\/p>\n<p>\u2022 Orientaci\u00f3n Sur<\/p>\n<p>&nbsp;<\/p>\n<p>Price list updated on September 26th of 2024<\/p>\n<p>[wpdatatable id=39]<\/p>\n<p>\u2022 Pisos con un luminoso sal\u00f3n comedor con cocina integrada y amplio ventanal de acceso a la fabulosa terraza privada. Cuenta adem\u00e1s con dormitorio doble con salida a terraza y armario empotrado y cuarto de ba\u00f1o con ba\u00f1era.<\/p>\n<p>\u2022 Las viviendas se encuentran en proceso de reforma para su puesta a punto para la venta. Se entregan sin muebles pero con la cocina amueblada. Adem\u00e1s cuentan con puerta de seguridad, ventanas de aluminio de doble cristal para un perfecto aislamiento t\u00e9rmico y aire acondicionado (fr\u00edo y calor) instalado.<\/p>\n<p>\u2022 Plaza de parking en el s\u00f3tano del edificio (con acceso directo a trav\u00e9s de ascensor) OPCIONAL. No incluido en precio.<\/p>\n<p>\u2022 ! Aproveche esta oportunidad y reserve ya su vivienda \u00a1<\/p>\n<p>Lista de precios actualizada a 26\/9\/2024<\/p>\n<p>[wpdatatable id=40]<\/p>\n","protected":false},"excerpt":{"rendered":"<p>\u2022 OPORTUNIDAD DE INVERSI\u00d3N. Promoci\u00f3n de apartamentos tur\u00edsticos en Urb. Gran Vista Marina de Moj\u00e1car Playa. Residencial del a\u00f1o 2004, con ascensor y piscina comunitaria, situado frente a la playa de Las Ventanicas, en lo alto de una colina donde disfruta de unas privilegiadas vistas al mediterr\u00e1neo y a las monta\u00f1as de Sierra Cabrera. Muy&#8230;<\/p>\n","protected":false},"author":3,"featured_media":28168,"parent":0,"menu_order":0,"comment_status":"closed","ping_status":"closed","template":"","property-feature":[235,249,253,239,241,236,250,436,247],"property-type":[42,44,198,321],"property-city":[323,750,261,262],"property-status":[747],"promocion":[],"class_list":["post-28200","property","type-property","status-publish","has-post-thumbnail","hentry","property-feature-air-conditioning","property-feature-aluminum-windows","property-feature-communal-pool","property-feature-fitted-kitchen","property-feature-garage","property-feature-lift","property-feature-sea-views","property-feature-swimming-pool","property-feature-terrace","property-type-apartments","property-type-ground-floor","property-type-penthouse","property-type-residential","property-city-almeria-province","property-city-las-ventanicas-en","property-city-mojacar-en-almeria-province","property-city-mojacar-playa-en","property-status-out-of-market"],"acf":[],"yoast_head":"<!-- This site is optimized with the Yoast SEO Premium plugin v27.5 (Yoast SEO v27.5) - https:\/\/yoast.com\/product\/yoast-seo-premium-wordpress\/ -->\n<title>Promotion of tourist apartments in Moj\u00e1car Playa en Garrucha, Vera y Moj\u00e1car - ZAR 2010<\/title>\n<meta name=\"description\" content=\"Promotion of tourist apartments for sale in Moj\u00e1car Playa. Apartments with private terraces and views of the beach of &quot;Las Ventanillas&quot;\" \/>\n<meta name=\"robots\" content=\"index, follow, max-snippet:-1, max-image-preview:large, max-video-preview:-1\" \/>\n<link rel=\"canonical\" href=\"https:\/\/zar2010.com\/en\/property\/promotion-of-tourist-apartments-in-mojacar-playa\/\" \/>\n<meta property=\"og:locale\" content=\"en_US\" \/>\n<meta property=\"og:type\" content=\"article\" \/>\n<meta property=\"og:title\" content=\"Promotion of tourist apartments in Moj\u00e1car Playa\" \/>\n<meta property=\"og:description\" content=\"Promotion of tourist apartments for sale in Moj\u00e1car Playa. Apartments with private terraces and views of the beach of &quot;Las Ventanillas&quot;\" \/>\n<meta property=\"og:url\" content=\"https:\/\/zar2010.com\/en\/property\/promotion-of-tourist-apartments-in-mojacar-playa\/\" \/>\n<meta property=\"og:site_name\" content=\"ZAR 2010\" \/>\n<meta property=\"article:publisher\" content=\"https:\/\/www.facebook.com\/ZAR2010SL\/?locale=es_LA\" \/>\n<meta property=\"article:modified_time\" content=\"2025-02-04T13:27:31+00:00\" \/>\n<meta property=\"og:image\" content=\"https:\/\/zar2010.com\/wp-content\/uploads\/2024\/09\/VZ1708-Urbanizacion-Gran-Vista-Marina-12.jpg\" \/>\n\t<meta property=\"og:image:width\" content=\"1000\" \/>\n\t<meta property=\"og:image:height\" content=\"667\" \/>\n\t<meta property=\"og:image:type\" content=\"image\/jpeg\" \/>\n<meta name=\"twitter:card\" content=\"summary_large_image\" \/>\n<meta name=\"twitter:label1\" content=\"Est. reading time\" \/>\n\t<meta name=\"twitter:data1\" content=\"2 minutes\" \/>\n<script type=\"application\/ld+json\" class=\"yoast-schema-graph\">{\"@context\":\"https:\\\/\\\/schema.org\",\"@graph\":[{\"@type\":\"WebPage\",\"@id\":\"https:\\\/\\\/zar2010.com\\\/en\\\/property\\\/promotion-of-tourist-apartments-in-mojacar-playa\\\/\",\"url\":\"https:\\\/\\\/zar2010.com\\\/en\\\/property\\\/promotion-of-tourist-apartments-in-mojacar-playa\\\/\",\"name\":\"Promotion of tourist apartments in Moj\u00e1car Playa en Garrucha, Vera y Moj\u00e1car - ZAR 2010\",\"isPartOf\":{\"@id\":\"https:\\\/\\\/zar2010.com\\\/en\\\/#website\"},\"primaryImageOfPage\":{\"@id\":\"https:\\\/\\\/zar2010.com\\\/en\\\/property\\\/promotion-of-tourist-apartments-in-mojacar-playa\\\/#primaryimage\"},\"image\":{\"@id\":\"https:\\\/\\\/zar2010.com\\\/en\\\/property\\\/promotion-of-tourist-apartments-in-mojacar-playa\\\/#primaryimage\"},\"thumbnailUrl\":\"https:\\\/\\\/zar2010.com\\\/wp-content\\\/uploads\\\/2024\\\/09\\\/VZ1708-Urbanizacion-Gran-Vista-Marina-12.jpg\",\"datePublished\":\"2024-09-26T15:31:47+00:00\",\"dateModified\":\"2025-02-04T13:27:31+00:00\",\"description\":\"Promotion of tourist apartments for sale in Moj\u00e1car Playa. Apartments with private terraces and views of the beach of \\\"Las Ventanillas\\\"\",\"breadcrumb\":{\"@id\":\"https:\\\/\\\/zar2010.com\\\/en\\\/property\\\/promotion-of-tourist-apartments-in-mojacar-playa\\\/#breadcrumb\"},\"inLanguage\":\"en-US\",\"potentialAction\":[{\"@type\":\"ReadAction\",\"target\":[\"https:\\\/\\\/zar2010.com\\\/en\\\/property\\\/promotion-of-tourist-apartments-in-mojacar-playa\\\/\"]}]},{\"@type\":\"ImageObject\",\"inLanguage\":\"en-US\",\"@id\":\"https:\\\/\\\/zar2010.com\\\/en\\\/property\\\/promotion-of-tourist-apartments-in-mojacar-playa\\\/#primaryimage\",\"url\":\"https:\\\/\\\/zar2010.com\\\/wp-content\\\/uploads\\\/2024\\\/09\\\/VZ1708-Urbanizacion-Gran-Vista-Marina-12.jpg\",\"contentUrl\":\"https:\\\/\\\/zar2010.com\\\/wp-content\\\/uploads\\\/2024\\\/09\\\/VZ1708-Urbanizacion-Gran-Vista-Marina-12.jpg\",\"width\":1000,\"height\":667},{\"@type\":\"BreadcrumbList\",\"@id\":\"https:\\\/\\\/zar2010.com\\\/en\\\/property\\\/promotion-of-tourist-apartments-in-mojacar-playa\\\/#breadcrumb\",\"itemListElement\":[{\"@type\":\"ListItem\",\"position\":1,\"name\":\"Portada\",\"item\":\"https:\\\/\\\/zar2010.com\\\/\"},{\"@type\":\"ListItem\",\"position\":2,\"name\":\"Propiedades\",\"item\":\"https:\\\/\\\/zar2010.com\\\/propiedad\\\/\"},{\"@type\":\"ListItem\",\"position\":3,\"name\":\"Promotion of tourist apartments in Moj\u00e1car Playa\"}]},{\"@type\":\"WebSite\",\"@id\":\"https:\\\/\\\/zar2010.com\\\/en\\\/#website\",\"url\":\"https:\\\/\\\/zar2010.com\\\/en\\\/\",\"name\":\"ZAR 2010\",\"description\":\"Venta y alquiler de pisos en Garrucha, Moj\u00e1car, Vera...\",\"publisher\":{\"@id\":\"https:\\\/\\\/zar2010.com\\\/en\\\/#organization\"},\"potentialAction\":[{\"@type\":\"SearchAction\",\"target\":{\"@type\":\"EntryPoint\",\"urlTemplate\":\"https:\\\/\\\/zar2010.com\\\/en\\\/?s={search_term_string}\"},\"query-input\":{\"@type\":\"PropertyValueSpecification\",\"valueRequired\":true,\"valueName\":\"search_term_string\"}}],\"inLanguage\":\"en-US\"},{\"@type\":\"Organization\",\"@id\":\"https:\\\/\\\/zar2010.com\\\/en\\\/#organization\",\"name\":\"ZAR 2010\",\"url\":\"https:\\\/\\\/zar2010.com\\\/en\\\/\",\"logo\":{\"@type\":\"ImageObject\",\"inLanguage\":\"en-US\",\"@id\":\"https:\\\/\\\/zar2010.com\\\/en\\\/#\\\/schema\\\/logo\\\/image\\\/\",\"url\":\"https:\\\/\\\/zar2010.com\\\/wp-content\\\/uploads\\\/2023\\\/04\\\/ZAR-2010-LOGOTIPO_POSITIVO.png\",\"contentUrl\":\"https:\\\/\\\/zar2010.com\\\/wp-content\\\/uploads\\\/2023\\\/04\\\/ZAR-2010-LOGOTIPO_POSITIVO.png\",\"width\":943,\"height\":667,\"caption\":\"ZAR 2010\"},\"image\":{\"@id\":\"https:\\\/\\\/zar2010.com\\\/en\\\/#\\\/schema\\\/logo\\\/image\\\/\"},\"sameAs\":[\"https:\\\/\\\/www.facebook.com\\\/ZAR2010SL\\\/?locale=es_LA\",\"https:\\\/\\\/www.instagram.com\\\/zar2010_inmobiliaria\\\/channel\\\/\"],\"description\":\"Inmobiliaria ZAR 2010 \u2013 M\u00e1s de 25 a\u00f1os asesorando en la compra y venta de propiedades en el Levante Almeriense En ZAR 2010, llevamos m\u00e1s de dos d\u00e9cadas ofreciendo un servicio profesional, cercano y eficaz en el \u00e1mbito de la intermediaci\u00f3n inmobiliaria. Nuestra actividad se centra principalmente en la compraventa de pisos, apartamentos, villas, casas, d\u00faplex, chalets y terrenos en el Levante Almeriense, con especial presencia en Garrucha, Moj\u00e1car y Vera. Contamos con una amplia cartera de inmuebles cuidadosamente seleccionados, tanto en zonas residenciales consolidadas como en \u00e1reas de creciente inter\u00e9s inversor. Nuestra experiencia nos permite entender las particularidades de cada zona y adaptar nuestras soluciones a las necesidades reales de quienes desean comprar o vender una vivienda en la costa de Almer\u00eda. Un equipo con conocimiento local y compromiso profesional El profundo conocimiento que hemos adquirido a lo largo de m\u00e1s de 25 a\u00f1os en el mercado inmobiliario de Garrucha, Moj\u00e1car y Vera nos permite ofrecer un servicio riguroso y de calidad, basado en datos objetivos y una observaci\u00f3n continua del comportamiento del sector. Ofrecemos asesoramiento integral durante todo el proceso de compraventa, desde la valoraci\u00f3n inicial del inmueble hasta la firma ante notario, gestionando tambi\u00e9n todos los tr\u00e1mites legales, fiscales y registrales necesarios. Nuestro compromiso es actuar siempre con transparencia, eficacia y respeto por los intereses de nuestros clientes. Valores que construyen confianza En ZAR 2010, trabajamos sobre unos principios fundamentales: profesionalidad, honestidad y cercan\u00eda. Creemos en el valor de la palabra dada, en el trato personalizado y en la construcci\u00f3n de relaciones a largo plazo con nuestros clientes, colaboradores y socios. Cada operaci\u00f3n inmobiliaria es para nosotros una oportunidad de demostrar que la confianza sigue siendo el pilar m\u00e1s importante del \u00e9xito. Zonas de especializaci\u00f3n Nuestro \u00e1mbito de actuaci\u00f3n se extiende por la\",\"email\":\"info@zar2010.com\",\"telephone\":\"950132949\",\"legalName\":\"ZAR 2010\",\"foundingDate\":\"1995-05-01\",\"vatID\":\"B04694691\",\"taxID\":\"B04694691\",\"numberOfEmployees\":{\"@type\":\"QuantitativeValue\",\"minValue\":\"1\",\"maxValue\":\"10\"}}]}<\/script>\n<!-- \/ Yoast SEO Premium plugin. -->","yoast_head_json":{"title":"Promotion of tourist apartments in Moj\u00e1car Playa en Garrucha, Vera y Moj\u00e1car - ZAR 2010","description":"Promotion of tourist apartments for sale in Moj\u00e1car Playa. Apartments with private terraces and views of the beach of \"Las Ventanillas\"","robots":{"index":"index","follow":"follow","max-snippet":"max-snippet:-1","max-image-preview":"max-image-preview:large","max-video-preview":"max-video-preview:-1"},"canonical":"https:\/\/zar2010.com\/en\/property\/promotion-of-tourist-apartments-in-mojacar-playa\/","og_locale":"en_US","og_type":"article","og_title":"Promotion of tourist apartments in Moj\u00e1car Playa","og_description":"Promotion of tourist apartments for sale in Moj\u00e1car Playa. Apartments with private terraces and views of the beach of \"Las Ventanillas\"","og_url":"https:\/\/zar2010.com\/en\/property\/promotion-of-tourist-apartments-in-mojacar-playa\/","og_site_name":"ZAR 2010","article_publisher":"https:\/\/www.facebook.com\/ZAR2010SL\/?locale=es_LA","article_modified_time":"2025-02-04T13:27:31+00:00","og_image":[{"width":1000,"height":667,"url":"https:\/\/zar2010.com\/wp-content\/uploads\/2024\/09\/VZ1708-Urbanizacion-Gran-Vista-Marina-12.jpg","type":"image\/jpeg"}],"twitter_card":"summary_large_image","twitter_misc":{"Est. reading time":"2 minutes"},"schema":{"@context":"https:\/\/schema.org","@graph":[{"@type":"WebPage","@id":"https:\/\/zar2010.com\/en\/property\/promotion-of-tourist-apartments-in-mojacar-playa\/","url":"https:\/\/zar2010.com\/en\/property\/promotion-of-tourist-apartments-in-mojacar-playa\/","name":"Promotion of tourist apartments in Moj\u00e1car Playa en Garrucha, Vera y Moj\u00e1car - ZAR 2010","isPartOf":{"@id":"https:\/\/zar2010.com\/en\/#website"},"primaryImageOfPage":{"@id":"https:\/\/zar2010.com\/en\/property\/promotion-of-tourist-apartments-in-mojacar-playa\/#primaryimage"},"image":{"@id":"https:\/\/zar2010.com\/en\/property\/promotion-of-tourist-apartments-in-mojacar-playa\/#primaryimage"},"thumbnailUrl":"https:\/\/zar2010.com\/wp-content\/uploads\/2024\/09\/VZ1708-Urbanizacion-Gran-Vista-Marina-12.jpg","datePublished":"2024-09-26T15:31:47+00:00","dateModified":"2025-02-04T13:27:31+00:00","description":"Promotion of tourist apartments for sale in Moj\u00e1car Playa. Apartments with private terraces and views of the beach of \"Las Ventanillas\"","breadcrumb":{"@id":"https:\/\/zar2010.com\/en\/property\/promotion-of-tourist-apartments-in-mojacar-playa\/#breadcrumb"},"inLanguage":"en-US","potentialAction":[{"@type":"ReadAction","target":["https:\/\/zar2010.com\/en\/property\/promotion-of-tourist-apartments-in-mojacar-playa\/"]}]},{"@type":"ImageObject","inLanguage":"en-US","@id":"https:\/\/zar2010.com\/en\/property\/promotion-of-tourist-apartments-in-mojacar-playa\/#primaryimage","url":"https:\/\/zar2010.com\/wp-content\/uploads\/2024\/09\/VZ1708-Urbanizacion-Gran-Vista-Marina-12.jpg","contentUrl":"https:\/\/zar2010.com\/wp-content\/uploads\/2024\/09\/VZ1708-Urbanizacion-Gran-Vista-Marina-12.jpg","width":1000,"height":667},{"@type":"BreadcrumbList","@id":"https:\/\/zar2010.com\/en\/property\/promotion-of-tourist-apartments-in-mojacar-playa\/#breadcrumb","itemListElement":[{"@type":"ListItem","position":1,"name":"Portada","item":"https:\/\/zar2010.com\/"},{"@type":"ListItem","position":2,"name":"Propiedades","item":"https:\/\/zar2010.com\/propiedad\/"},{"@type":"ListItem","position":3,"name":"Promotion of tourist apartments in Moj\u00e1car Playa"}]},{"@type":"WebSite","@id":"https:\/\/zar2010.com\/en\/#website","url":"https:\/\/zar2010.com\/en\/","name":"ZAR 2010","description":"Venta y alquiler de pisos en Garrucha, Moj\u00e1car, Vera...","publisher":{"@id":"https:\/\/zar2010.com\/en\/#organization"},"potentialAction":[{"@type":"SearchAction","target":{"@type":"EntryPoint","urlTemplate":"https:\/\/zar2010.com\/en\/?s={search_term_string}"},"query-input":{"@type":"PropertyValueSpecification","valueRequired":true,"valueName":"search_term_string"}}],"inLanguage":"en-US"},{"@type":"Organization","@id":"https:\/\/zar2010.com\/en\/#organization","name":"ZAR 2010","url":"https:\/\/zar2010.com\/en\/","logo":{"@type":"ImageObject","inLanguage":"en-US","@id":"https:\/\/zar2010.com\/en\/#\/schema\/logo\/image\/","url":"https:\/\/zar2010.com\/wp-content\/uploads\/2023\/04\/ZAR-2010-LOGOTIPO_POSITIVO.png","contentUrl":"https:\/\/zar2010.com\/wp-content\/uploads\/2023\/04\/ZAR-2010-LOGOTIPO_POSITIVO.png","width":943,"height":667,"caption":"ZAR 2010"},"image":{"@id":"https:\/\/zar2010.com\/en\/#\/schema\/logo\/image\/"},"sameAs":["https:\/\/www.facebook.com\/ZAR2010SL\/?locale=es_LA","https:\/\/www.instagram.com\/zar2010_inmobiliaria\/channel\/"],"description":"Inmobiliaria ZAR 2010 \u2013 M\u00e1s de 25 a\u00f1os asesorando en la compra y venta de propiedades en el Levante Almeriense En ZAR 2010, llevamos m\u00e1s de dos d\u00e9cadas ofreciendo un servicio profesional, cercano y eficaz en el \u00e1mbito de la intermediaci\u00f3n inmobiliaria. Nuestra actividad se centra principalmente en la compraventa de pisos, apartamentos, villas, casas, d\u00faplex, chalets y terrenos en el Levante Almeriense, con especial presencia en Garrucha, Moj\u00e1car y Vera. Contamos con una amplia cartera de inmuebles cuidadosamente seleccionados, tanto en zonas residenciales consolidadas como en \u00e1reas de creciente inter\u00e9s inversor. Nuestra experiencia nos permite entender las particularidades de cada zona y adaptar nuestras soluciones a las necesidades reales de quienes desean comprar o vender una vivienda en la costa de Almer\u00eda. Un equipo con conocimiento local y compromiso profesional El profundo conocimiento que hemos adquirido a lo largo de m\u00e1s de 25 a\u00f1os en el mercado inmobiliario de Garrucha, Moj\u00e1car y Vera nos permite ofrecer un servicio riguroso y de calidad, basado en datos objetivos y una observaci\u00f3n continua del comportamiento del sector. Ofrecemos asesoramiento integral durante todo el proceso de compraventa, desde la valoraci\u00f3n inicial del inmueble hasta la firma ante notario, gestionando tambi\u00e9n todos los tr\u00e1mites legales, fiscales y registrales necesarios. Nuestro compromiso es actuar siempre con transparencia, eficacia y respeto por los intereses de nuestros clientes. Valores que construyen confianza En ZAR 2010, trabajamos sobre unos principios fundamentales: profesionalidad, honestidad y cercan\u00eda. Creemos en el valor de la palabra dada, en el trato personalizado y en la construcci\u00f3n de relaciones a largo plazo con nuestros clientes, colaboradores y socios. Cada operaci\u00f3n inmobiliaria es para nosotros una oportunidad de demostrar que la confianza sigue siendo el pilar m\u00e1s importante del \u00e9xito. Zonas de especializaci\u00f3n Nuestro \u00e1mbito de actuaci\u00f3n se extiende por la","email":"info@zar2010.com","telephone":"950132949","legalName":"ZAR 2010","foundingDate":"1995-05-01","vatID":"B04694691","taxID":"B04694691","numberOfEmployees":{"@type":"QuantitativeValue","minValue":"1","maxValue":"10"}}]}},"property_meta":{"REAL_HOMES_property_price":"120000","REAL_HOMES_property_old_price":"","REAL_HOMES_property_price_prefix":"DESDE","REAL_HOMES_property_price_postfix":"","REAL_HOMES_property_size":"42","REAL_HOMES_property_size_postfix":"m2","REAL_HOMES_property_lot_size":"15","REAL_HOMES_property_lot_size_postfix":"m2","REAL_HOMES_property_bedrooms":"1","REAL_HOMES_property_bathrooms":"1","REAL_HOMES_property_garage":"Opcional","REAL_HOMES_property_id":"VZ1708","REAL_HOMES_property_year_built":"2004","rvr_property_owner":"","REAL_HOMES_featured":"0","REAL_HOMES_additional_details_list":[],"REAL_HOMES_property_location":{"latitude":"37.100491892456","longitude":"-1.8509614717208","zoom":"16"},"REAL_HOMES_property_address":"Calle Puerto Marina, Mojacar","REAL_HOMES_property_map":"0","REAL_HOMES_property_images":[{"width":150,"height":35,"file":"2024\/09\/VZ1708-Urbanizacion-Gran-Vista-Marina-1.jpg","filesize":179991,"sizes":{"thumbnail":{"file":"VZ1708-Urbanizacion-Gran-Vista-Marina-1-150x35.jpg","width":150,"height":35,"mime-type":"image\/jpeg","filesize":6578,"url":"https:\/\/zar2010.com\/wp-content\/uploads\/2024\/09\/VZ1708-Urbanizacion-Gran-Vista-Marina-1-150x35.jpg"},"medium":{"file":"VZ1708-Urbanizacion-Gran-Vista-Marina-1-300x200.jpg","width":300,"height":200,"mime-type":"image\/jpeg","filesize":20327,"url":"https:\/\/zar2010.com\/wp-content\/uploads\/2024\/09\/VZ1708-Urbanizacion-Gran-Vista-Marina-1-300x200.jpg"},"medium_large":{"file":"VZ1708-Urbanizacion-Gran-Vista-Marina-1-768x512.jpg","width":768,"height":512,"mime-type":"image\/jpeg","filesize":85027,"url":"https:\/\/zar2010.com\/wp-content\/uploads\/2024\/09\/VZ1708-Urbanizacion-Gran-Vista-Marina-1-768x512.jpg"},"post-thumbnail":{"file":"VZ1708-Urbanizacion-Gran-Vista-Marina-1-150x100.jpg","width":150,"height":100,"mime-type":"image\/jpeg","filesize":9352,"url":"https:\/\/zar2010.com\/wp-content\/uploads\/2024\/09\/VZ1708-Urbanizacion-Gran-Vista-Marina-1-150x100.jpg"},"modern-property-child-slider":{"file":"VZ1708-Urbanizacion-Gran-Vista-Marina-1-680x510.jpg","width":680,"height":510,"mime-type":"image\/jpeg","filesize":78969,"url":"https:\/\/zar2010.com\/wp-content\/uploads\/2024\/09\/VZ1708-Urbanizacion-Gran-Vista-Marina-1-680x510.jpg"},"property-thumb-image":{"file":"VZ1708-Urbanizacion-Gran-Vista-Marina-1-488x326.jpg","width":488,"height":326,"mime-type":"image\/jpeg","filesize":41369,"url":"https:\/\/zar2010.com\/wp-content\/uploads\/2024\/09\/VZ1708-Urbanizacion-Gran-Vista-Marina-1-488x326.jpg"},"property-detail-video-image":{"file":"VZ1708-Urbanizacion-Gran-Vista-Marina-1-818x417.jpg","width":818,"height":417,"mime-type":"image\/jpeg","filesize":75959,"url":"https:\/\/zar2010.com\/wp-content\/uploads\/2024\/09\/VZ1708-Urbanizacion-Gran-Vista-Marina-1-818x417.jpg"},"agent-image":{"file":"VZ1708-Urbanizacion-Gran-Vista-Marina-1-210x210.jpg","width":210,"height":210,"mime-type":"image\/jpeg","filesize":17133,"url":"https:\/\/zar2010.com\/wp-content\/uploads\/2024\/09\/VZ1708-Urbanizacion-Gran-Vista-Marina-1-210x210.jpg"},"partners-logo":{"file":"VZ1708-Urbanizacion-Gran-Vista-Marina-1-600x667.jpg","width":600,"height":667,"mime-type":"image\/jpeg","filesize":87882,"url":"https:\/\/zar2010.com\/wp-content\/uploads\/2024\/09\/VZ1708-Urbanizacion-Gran-Vista-Marina-1-600x667.jpg"}},"image_meta":{"aperture":"8","credit":"","camera":"Canon EOS 90D","caption":"","created_timestamp":"1695732450","copyright":"","focal_length":"18","iso":"800","shutter_speed":"0.008","title":"","orientation":"0","keywords":[]},"ID":"28145","name":"VZ1708-Urbanizacion-Gran-Vista-Marina-1.jpg","path":"\/home\/zarcomt\/www\/wp-content\/uploads\/2024\/09\/VZ1708-Urbanizacion-Gran-Vista-Marina-1.jpg","url":"https:\/\/zar2010.com\/wp-content\/uploads\/2024\/09\/VZ1708-Urbanizacion-Gran-Vista-Marina-1-150x35.jpg","full_url":"https:\/\/zar2010.com\/wp-content\/uploads\/2024\/09\/VZ1708-Urbanizacion-Gran-Vista-Marina-1.jpg","title":"VZ1708 Urbanizacion Gran Vista Marina - 1","caption":"","description":"","alt":"","srcset":false},{"width":150,"height":35,"file":"2024\/09\/VZ1708-Urbanizacion-Gran-Vista-Marina-2.jpg","filesize":241463,"sizes":{"thumbnail":{"file":"VZ1708-Urbanizacion-Gran-Vista-Marina-2-150x35.jpg","width":150,"height":35,"mime-type":"image\/jpeg","filesize":10822,"url":"https:\/\/zar2010.com\/wp-content\/uploads\/2024\/09\/VZ1708-Urbanizacion-Gran-Vista-Marina-2-150x35.jpg"},"medium":{"file":"VZ1708-Urbanizacion-Gran-Vista-Marina-2-300x200.jpg","width":300,"height":200,"mime-type":"image\/jpeg","filesize":25618,"url":"https:\/\/zar2010.com\/wp-content\/uploads\/2024\/09\/VZ1708-Urbanizacion-Gran-Vista-Marina-2-300x200.jpg"},"medium_large":{"file":"VZ1708-Urbanizacion-Gran-Vista-Marina-2-768x512.jpg","width":768,"height":512,"mime-type":"image\/jpeg","filesize":92162,"url":"https:\/\/zar2010.com\/wp-content\/uploads\/2024\/09\/VZ1708-Urbanizacion-Gran-Vista-Marina-2-768x512.jpg"},"post-thumbnail":{"file":"VZ1708-Urbanizacion-Gran-Vista-Marina-2-150x100.jpg","width":150,"height":100,"mime-type":"image\/jpeg","filesize":14180,"url":"https:\/\/zar2010.com\/wp-content\/uploads\/2024\/09\/VZ1708-Urbanizacion-Gran-Vista-Marina-2-150x100.jpg"},"modern-property-child-slider":{"file":"VZ1708-Urbanizacion-Gran-Vista-Marina-2-680x510.jpg","width":680,"height":510,"mime-type":"image\/jpeg","filesize":86188,"url":"https:\/\/zar2010.com\/wp-content\/uploads\/2024\/09\/VZ1708-Urbanizacion-Gran-Vista-Marina-2-680x510.jpg"},"property-thumb-image":{"file":"VZ1708-Urbanizacion-Gran-Vista-Marina-2-488x326.jpg","width":488,"height":326,"mime-type":"image\/jpeg","filesize":47759,"url":"https:\/\/zar2010.com\/wp-content\/uploads\/2024\/09\/VZ1708-Urbanizacion-Gran-Vista-Marina-2-488x326.jpg"},"property-detail-video-image":{"file":"VZ1708-Urbanizacion-Gran-Vista-Marina-2-818x417.jpg","width":818,"height":417,"mime-type":"image\/jpeg","filesize":77292,"url":"https:\/\/zar2010.com\/wp-content\/uploads\/2024\/09\/VZ1708-Urbanizacion-Gran-Vista-Marina-2-818x417.jpg"},"agent-image":{"file":"VZ1708-Urbanizacion-Gran-Vista-Marina-2-210x210.jpg","width":210,"height":210,"mime-type":"image\/jpeg","filesize":22815,"url":"https:\/\/zar2010.com\/wp-content\/uploads\/2024\/09\/VZ1708-Urbanizacion-Gran-Vista-Marina-2-210x210.jpg"},"partners-logo":{"file":"VZ1708-Urbanizacion-Gran-Vista-Marina-2-600x667.jpg","width":600,"height":667,"mime-type":"image\/jpeg","filesize":95175,"url":"https:\/\/zar2010.com\/wp-content\/uploads\/2024\/09\/VZ1708-Urbanizacion-Gran-Vista-Marina-2-600x667.jpg"}},"image_meta":{"aperture":"8","credit":"","camera":"Canon EOS 90D","caption":"","created_timestamp":"1695732463","copyright":"","focal_length":"18","iso":"800","shutter_speed":"0.008","title":"","orientation":"0","keywords":[]},"ID":"28147","name":"VZ1708-Urbanizacion-Gran-Vista-Marina-2.jpg","path":"\/home\/zarcomt\/www\/wp-content\/uploads\/2024\/09\/VZ1708-Urbanizacion-Gran-Vista-Marina-2.jpg","url":"https:\/\/zar2010.com\/wp-content\/uploads\/2024\/09\/VZ1708-Urbanizacion-Gran-Vista-Marina-2-150x35.jpg","full_url":"https:\/\/zar2010.com\/wp-content\/uploads\/2024\/09\/VZ1708-Urbanizacion-Gran-Vista-Marina-2.jpg","title":"VZ1708 Urbanizacion Gran Vista Marina - 2","caption":"","description":"","alt":"","srcset":false},{"width":150,"height":35,"file":"2024\/09\/VZ1708-Urbanizacion-Gran-Vista-Marina-3.jpg","filesize":281508,"sizes":{"thumbnail":{"file":"VZ1708-Urbanizacion-Gran-Vista-Marina-3-150x35.jpg","width":150,"height":35,"mime-type":"image\/jpeg","filesize":10969,"url":"https:\/\/zar2010.com\/wp-content\/uploads\/2024\/09\/VZ1708-Urbanizacion-Gran-Vista-Marina-3-150x35.jpg"},"medium":{"file":"VZ1708-Urbanizacion-Gran-Vista-Marina-3-300x200.jpg","width":300,"height":200,"mime-type":"image\/jpeg","filesize":25128,"url":"https:\/\/zar2010.com\/wp-content\/uploads\/2024\/09\/VZ1708-Urbanizacion-Gran-Vista-Marina-3-300x200.jpg"},"medium_large":{"file":"VZ1708-Urbanizacion-Gran-Vista-Marina-3-768x512.jpg","width":768,"height":512,"mime-type":"image\/jpeg","filesize":88068,"url":"https:\/\/zar2010.com\/wp-content\/uploads\/2024\/09\/VZ1708-Urbanizacion-Gran-Vista-Marina-3-768x512.jpg"},"post-thumbnail":{"file":"VZ1708-Urbanizacion-Gran-Vista-Marina-3-150x100.jpg","width":150,"height":100,"mime-type":"image\/jpeg","filesize":14019,"url":"https:\/\/zar2010.com\/wp-content\/uploads\/2024\/09\/VZ1708-Urbanizacion-Gran-Vista-Marina-3-150x100.jpg"},"modern-property-child-slider":{"file":"VZ1708-Urbanizacion-Gran-Vista-Marina-3-680x510.jpg","width":680,"height":510,"mime-type":"image\/jpeg","filesize":77125,"url":"https:\/\/zar2010.com\/wp-content\/uploads\/2024\/09\/VZ1708-Urbanizacion-Gran-Vista-Marina-3-680x510.jpg"},"property-thumb-image":{"file":"VZ1708-Urbanizacion-Gran-Vista-Marina-3-488x326.jpg","width":488,"height":326,"mime-type":"image\/jpeg","filesize":45488,"url":"https:\/\/zar2010.com\/wp-content\/uploads\/2024\/09\/VZ1708-Urbanizacion-Gran-Vista-Marina-3-488x326.jpg"},"property-detail-video-image":{"file":"VZ1708-Urbanizacion-Gran-Vista-Marina-3-818x417.jpg","width":818,"height":417,"mime-type":"image\/jpeg","filesize":75964,"url":"https:\/\/zar2010.com\/wp-content\/uploads\/2024\/09\/VZ1708-Urbanizacion-Gran-Vista-Marina-3-818x417.jpg"},"agent-image":{"file":"VZ1708-Urbanizacion-Gran-Vista-Marina-3-210x210.jpg","width":210,"height":210,"mime-type":"image\/jpeg","filesize":19706,"url":"https:\/\/zar2010.com\/wp-content\/uploads\/2024\/09\/VZ1708-Urbanizacion-Gran-Vista-Marina-3-210x210.jpg"},"partners-logo":{"file":"VZ1708-Urbanizacion-Gran-Vista-Marina-3-600x667.jpg","width":600,"height":667,"mime-type":"image\/jpeg","filesize":73662,"url":"https:\/\/zar2010.com\/wp-content\/uploads\/2024\/09\/VZ1708-Urbanizacion-Gran-Vista-Marina-3-600x667.jpg"}},"image_meta":{"aperture":"8","credit":"","camera":"Canon EOS 90D","caption":"","created_timestamp":"1695732506","copyright":"","focal_length":"18","iso":"800","shutter_speed":"0.008","title":"","orientation":"0","keywords":[]},"ID":"28149","name":"VZ1708-Urbanizacion-Gran-Vista-Marina-3.jpg","path":"\/home\/zarcomt\/www\/wp-content\/uploads\/2024\/09\/VZ1708-Urbanizacion-Gran-Vista-Marina-3.jpg","url":"https:\/\/zar2010.com\/wp-content\/uploads\/2024\/09\/VZ1708-Urbanizacion-Gran-Vista-Marina-3-150x35.jpg","full_url":"https:\/\/zar2010.com\/wp-content\/uploads\/2024\/09\/VZ1708-Urbanizacion-Gran-Vista-Marina-3.jpg","title":"VZ1708 Urbanizacion Gran Vista Marina - 3","caption":"","description":"","alt":"","srcset":false},{"width":150,"height":35,"file":"2024\/09\/VZ1708-Urbanizacion-Gran-Vista-Marina-4.jpg","filesize":226530,"sizes":{"thumbnail":{"file":"VZ1708-Urbanizacion-Gran-Vista-Marina-4-150x35.jpg","width":150,"height":35,"mime-type":"image\/jpeg","filesize":11258,"url":"https:\/\/zar2010.com\/wp-content\/uploads\/2024\/09\/VZ1708-Urbanizacion-Gran-Vista-Marina-4-150x35.jpg"},"medium":{"file":"VZ1708-Urbanizacion-Gran-Vista-Marina-4-300x200.jpg","width":300,"height":200,"mime-type":"image\/jpeg","filesize":26436,"url":"https:\/\/zar2010.com\/wp-content\/uploads\/2024\/09\/VZ1708-Urbanizacion-Gran-Vista-Marina-4-300x200.jpg"},"medium_large":{"file":"VZ1708-Urbanizacion-Gran-Vista-Marina-4-768x512.jpg","width":768,"height":512,"mime-type":"image\/jpeg","filesize":94202,"url":"https:\/\/zar2010.com\/wp-content\/uploads\/2024\/09\/VZ1708-Urbanizacion-Gran-Vista-Marina-4-768x512.jpg"},"post-thumbnail":{"file":"VZ1708-Urbanizacion-Gran-Vista-Marina-4-150x100.jpg","width":150,"height":100,"mime-type":"image\/jpeg","filesize":14433,"url":"https:\/\/zar2010.com\/wp-content\/uploads\/2024\/09\/VZ1708-Urbanizacion-Gran-Vista-Marina-4-150x100.jpg"},"modern-property-child-slider":{"file":"VZ1708-Urbanizacion-Gran-Vista-Marina-4-680x510.jpg","width":680,"height":510,"mime-type":"image\/jpeg","filesize":81253,"url":"https:\/\/zar2010.com\/wp-content\/uploads\/2024\/09\/VZ1708-Urbanizacion-Gran-Vista-Marina-4-680x510.jpg"},"property-thumb-image":{"file":"VZ1708-Urbanizacion-Gran-Vista-Marina-4-488x326.jpg","width":488,"height":326,"mime-type":"image\/jpeg","filesize":48640,"url":"https:\/\/zar2010.com\/wp-content\/uploads\/2024\/09\/VZ1708-Urbanizacion-Gran-Vista-Marina-4-488x326.jpg"},"property-detail-video-image":{"file":"VZ1708-Urbanizacion-Gran-Vista-Marina-4-818x417.jpg","width":818,"height":417,"mime-type":"image\/jpeg","filesize":83695,"url":"https:\/\/zar2010.com\/wp-content\/uploads\/2024\/09\/VZ1708-Urbanizacion-Gran-Vista-Marina-4-818x417.jpg"},"agent-image":{"file":"VZ1708-Urbanizacion-Gran-Vista-Marina-4-210x210.jpg","width":210,"height":210,"mime-type":"image\/jpeg","filesize":20536,"url":"https:\/\/zar2010.com\/wp-content\/uploads\/2024\/09\/VZ1708-Urbanizacion-Gran-Vista-Marina-4-210x210.jpg"},"partners-logo":{"file":"VZ1708-Urbanizacion-Gran-Vista-Marina-4-600x667.jpg","width":600,"height":667,"mime-type":"image\/jpeg","filesize":74067,"url":"https:\/\/zar2010.com\/wp-content\/uploads\/2024\/09\/VZ1708-Urbanizacion-Gran-Vista-Marina-4-600x667.jpg"}},"image_meta":{"aperture":"9.5","credit":"","camera":"Canon EOS 90D","caption":"","created_timestamp":"1695732586","copyright":"","focal_length":"18","iso":"800","shutter_speed":"0.008","title":"","orientation":"0","keywords":[]},"ID":"28151","name":"VZ1708-Urbanizacion-Gran-Vista-Marina-4.jpg","path":"\/home\/zarcomt\/www\/wp-content\/uploads\/2024\/09\/VZ1708-Urbanizacion-Gran-Vista-Marina-4.jpg","url":"https:\/\/zar2010.com\/wp-content\/uploads\/2024\/09\/VZ1708-Urbanizacion-Gran-Vista-Marina-4-150x35.jpg","full_url":"https:\/\/zar2010.com\/wp-content\/uploads\/2024\/09\/VZ1708-Urbanizacion-Gran-Vista-Marina-4.jpg","title":"VZ1708 Urbanizacion Gran Vista Marina - 4","caption":"","description":"","alt":"","srcset":false},{"width":150,"height":35,"file":"2024\/09\/VZ1708-Urbanizacion-Gran-Vista-Marina-5.jpg","filesize":192343,"sizes":{"thumbnail":{"file":"VZ1708-Urbanizacion-Gran-Vista-Marina-5-150x35.jpg","width":150,"height":35,"mime-type":"image\/jpeg","filesize":10961,"url":"https:\/\/zar2010.com\/wp-content\/uploads\/2024\/09\/VZ1708-Urbanizacion-Gran-Vista-Marina-5-150x35.jpg"},"medium":{"file":"VZ1708-Urbanizacion-Gran-Vista-Marina-5-300x200.jpg","width":300,"height":200,"mime-type":"image\/jpeg","filesize":24517,"url":"https:\/\/zar2010.com\/wp-content\/uploads\/2024\/09\/VZ1708-Urbanizacion-Gran-Vista-Marina-5-300x200.jpg"},"medium_large":{"file":"VZ1708-Urbanizacion-Gran-Vista-Marina-5-768x512.jpg","width":768,"height":512,"mime-type":"image\/jpeg","filesize":84128,"url":"https:\/\/zar2010.com\/wp-content\/uploads\/2024\/09\/VZ1708-Urbanizacion-Gran-Vista-Marina-5-768x512.jpg"},"post-thumbnail":{"file":"VZ1708-Urbanizacion-Gran-Vista-Marina-5-150x100.jpg","width":150,"height":100,"mime-type":"image\/jpeg","filesize":13929,"url":"https:\/\/zar2010.com\/wp-content\/uploads\/2024\/09\/VZ1708-Urbanizacion-Gran-Vista-Marina-5-150x100.jpg"},"modern-property-child-slider":{"file":"VZ1708-Urbanizacion-Gran-Vista-Marina-5-680x510.jpg","width":680,"height":510,"mime-type":"image\/jpeg","filesize":75958,"url":"https:\/\/zar2010.com\/wp-content\/uploads\/2024\/09\/VZ1708-Urbanizacion-Gran-Vista-Marina-5-680x510.jpg"},"property-thumb-image":{"file":"VZ1708-Urbanizacion-Gran-Vista-Marina-5-488x326.jpg","width":488,"height":326,"mime-type":"image\/jpeg","filesize":44248,"url":"https:\/\/zar2010.com\/wp-content\/uploads\/2024\/09\/VZ1708-Urbanizacion-Gran-Vista-Marina-5-488x326.jpg"},"property-detail-video-image":{"file":"VZ1708-Urbanizacion-Gran-Vista-Marina-5-818x417.jpg","width":818,"height":417,"mime-type":"image\/jpeg","filesize":73579,"url":"https:\/\/zar2010.com\/wp-content\/uploads\/2024\/09\/VZ1708-Urbanizacion-Gran-Vista-Marina-5-818x417.jpg"},"agent-image":{"file":"VZ1708-Urbanizacion-Gran-Vista-Marina-5-210x210.jpg","width":210,"height":210,"mime-type":"image\/jpeg","filesize":20720,"url":"https:\/\/zar2010.com\/wp-content\/uploads\/2024\/09\/VZ1708-Urbanizacion-Gran-Vista-Marina-5-210x210.jpg"},"partners-logo":{"file":"VZ1708-Urbanizacion-Gran-Vista-Marina-5-600x667.jpg","width":600,"height":667,"mime-type":"image\/jpeg","filesize":76059,"url":"https:\/\/zar2010.com\/wp-content\/uploads\/2024\/09\/VZ1708-Urbanizacion-Gran-Vista-Marina-5-600x667.jpg"}},"image_meta":{"aperture":"13","credit":"","camera":"Canon EOS 90D","caption":"","created_timestamp":"1695732621","copyright":"","focal_length":"18","iso":"800","shutter_speed":"0.008","title":"","orientation":"0","keywords":[]},"ID":"28153","name":"VZ1708-Urbanizacion-Gran-Vista-Marina-5.jpg","path":"\/home\/zarcomt\/www\/wp-content\/uploads\/2024\/09\/VZ1708-Urbanizacion-Gran-Vista-Marina-5.jpg","url":"https:\/\/zar2010.com\/wp-content\/uploads\/2024\/09\/VZ1708-Urbanizacion-Gran-Vista-Marina-5-150x35.jpg","full_url":"https:\/\/zar2010.com\/wp-content\/uploads\/2024\/09\/VZ1708-Urbanizacion-Gran-Vista-Marina-5.jpg","title":"VZ1708 Urbanizacion Gran Vista Marina - 5","caption":"","description":"","alt":"","srcset":false},{"width":150,"height":35,"file":"2024\/09\/VZ1708-Urbanizacion-Gran-Vista-Marina-6.jpg","filesize":116206,"sizes":{"thumbnail":{"file":"VZ1708-Urbanizacion-Gran-Vista-Marina-6-150x35.jpg","width":150,"height":35,"mime-type":"image\/jpeg","filesize":39688,"url":"https:\/\/zar2010.com\/wp-content\/uploads\/2024\/09\/VZ1708-Urbanizacion-Gran-Vista-Marina-6-150x35.jpg"},"medium":{"file":"VZ1708-Urbanizacion-Gran-Vista-Marina-6-300x200.jpg","width":300,"height":200,"mime-type":"image\/jpeg","filesize":51592,"url":"https:\/\/zar2010.com\/wp-content\/uploads\/2024\/09\/VZ1708-Urbanizacion-Gran-Vista-Marina-6-300x200.jpg"},"medium_large":{"file":"VZ1708-Urbanizacion-Gran-Vista-Marina-6-768x512.jpg","width":768,"height":512,"mime-type":"image\/jpeg","filesize":99874,"url":"https:\/\/zar2010.com\/wp-content\/uploads\/2024\/09\/VZ1708-Urbanizacion-Gran-Vista-Marina-6-768x512.jpg"},"post-thumbnail":{"file":"VZ1708-Urbanizacion-Gran-Vista-Marina-6-150x100.jpg","width":150,"height":100,"mime-type":"image\/jpeg","filesize":42319,"url":"https:\/\/zar2010.com\/wp-content\/uploads\/2024\/09\/VZ1708-Urbanizacion-Gran-Vista-Marina-6-150x100.jpg"},"modern-property-child-slider":{"file":"VZ1708-Urbanizacion-Gran-Vista-Marina-6-680x510.jpg","width":680,"height":510,"mime-type":"image\/jpeg","filesize":93581,"url":"https:\/\/zar2010.com\/wp-content\/uploads\/2024\/09\/VZ1708-Urbanizacion-Gran-Vista-Marina-6-680x510.jpg"},"property-thumb-image":{"file":"VZ1708-Urbanizacion-Gran-Vista-Marina-6-488x326.jpg","width":488,"height":326,"mime-type":"image\/jpeg","filesize":67866,"url":"https:\/\/zar2010.com\/wp-content\/uploads\/2024\/09\/VZ1708-Urbanizacion-Gran-Vista-Marina-6-488x326.jpg"},"property-detail-video-image":{"file":"VZ1708-Urbanizacion-Gran-Vista-Marina-6-818x417.jpg","width":818,"height":417,"mime-type":"image\/jpeg","filesize":94459,"url":"https:\/\/zar2010.com\/wp-content\/uploads\/2024\/09\/VZ1708-Urbanizacion-Gran-Vista-Marina-6-818x417.jpg"},"agent-image":{"file":"VZ1708-Urbanizacion-Gran-Vista-Marina-6-210x210.jpg","width":210,"height":210,"mime-type":"image\/jpeg","filesize":48343,"url":"https:\/\/zar2010.com\/wp-content\/uploads\/2024\/09\/VZ1708-Urbanizacion-Gran-Vista-Marina-6-210x210.jpg"},"partners-logo":{"file":"VZ1708-Urbanizacion-Gran-Vista-Marina-6-600x667.jpg","width":600,"height":667,"mime-type":"image\/jpeg","filesize":95167,"url":"https:\/\/zar2010.com\/wp-content\/uploads\/2024\/09\/VZ1708-Urbanizacion-Gran-Vista-Marina-6-600x667.jpg"}},"image_meta":{"aperture":"8","credit":"","camera":"Canon EOS 90D","caption":"","created_timestamp":"1695732755","copyright":"","focal_length":"18","iso":"800","shutter_speed":"0.011111111111111","title":"","orientation":"0","keywords":[]},"ID":"28155","name":"VZ1708-Urbanizacion-Gran-Vista-Marina-6.jpg","path":"\/home\/zarcomt\/www\/wp-content\/uploads\/2024\/09\/VZ1708-Urbanizacion-Gran-Vista-Marina-6.jpg","url":"https:\/\/zar2010.com\/wp-content\/uploads\/2024\/09\/VZ1708-Urbanizacion-Gran-Vista-Marina-6-150x35.jpg","full_url":"https:\/\/zar2010.com\/wp-content\/uploads\/2024\/09\/VZ1708-Urbanizacion-Gran-Vista-Marina-6.jpg","title":"VZ1708 Urbanizacion Gran Vista Marina - 6","caption":"","description":"","alt":"","srcset":false},{"width":150,"height":35,"file":"2024\/09\/VZ1708-Urbanizacion-Gran-Vista-Marina-7.jpg","filesize":130564,"sizes":{"thumbnail":{"file":"VZ1708-Urbanizacion-Gran-Vista-Marina-7-150x35.jpg","width":150,"height":35,"mime-type":"image\/jpeg","filesize":34574,"url":"https:\/\/zar2010.com\/wp-content\/uploads\/2024\/09\/VZ1708-Urbanizacion-Gran-Vista-Marina-7-150x35.jpg"},"medium":{"file":"VZ1708-Urbanizacion-Gran-Vista-Marina-7-300x200.jpg","width":300,"height":200,"mime-type":"image\/jpeg","filesize":48605,"url":"https:\/\/zar2010.com\/wp-content\/uploads\/2024\/09\/VZ1708-Urbanizacion-Gran-Vista-Marina-7-300x200.jpg"},"medium_large":{"file":"VZ1708-Urbanizacion-Gran-Vista-Marina-7-768x512.jpg","width":768,"height":512,"mime-type":"image\/jpeg","filesize":109555,"url":"https:\/\/zar2010.com\/wp-content\/uploads\/2024\/09\/VZ1708-Urbanizacion-Gran-Vista-Marina-7-768x512.jpg"},"post-thumbnail":{"file":"VZ1708-Urbanizacion-Gran-Vista-Marina-7-150x100.jpg","width":150,"height":100,"mime-type":"image\/jpeg","filesize":37693,"url":"https:\/\/zar2010.com\/wp-content\/uploads\/2024\/09\/VZ1708-Urbanizacion-Gran-Vista-Marina-7-150x100.jpg"},"modern-property-child-slider":{"file":"VZ1708-Urbanizacion-Gran-Vista-Marina-7-680x510.jpg","width":680,"height":510,"mime-type":"image\/jpeg","filesize":101730,"url":"https:\/\/zar2010.com\/wp-content\/uploads\/2024\/09\/VZ1708-Urbanizacion-Gran-Vista-Marina-7-680x510.jpg"},"property-thumb-image":{"file":"VZ1708-Urbanizacion-Gran-Vista-Marina-7-488x326.jpg","width":488,"height":326,"mime-type":"image\/jpeg","filesize":68723,"url":"https:\/\/zar2010.com\/wp-content\/uploads\/2024\/09\/VZ1708-Urbanizacion-Gran-Vista-Marina-7-488x326.jpg"},"property-detail-video-image":{"file":"VZ1708-Urbanizacion-Gran-Vista-Marina-7-818x417.jpg","width":818,"height":417,"mime-type":"image\/jpeg","filesize":100401,"url":"https:\/\/zar2010.com\/wp-content\/uploads\/2024\/09\/VZ1708-Urbanizacion-Gran-Vista-Marina-7-818x417.jpg"},"agent-image":{"file":"VZ1708-Urbanizacion-Gran-Vista-Marina-7-210x210.jpg","width":210,"height":210,"mime-type":"image\/jpeg","filesize":44388,"url":"https:\/\/zar2010.com\/wp-content\/uploads\/2024\/09\/VZ1708-Urbanizacion-Gran-Vista-Marina-7-210x210.jpg"},"partners-logo":{"file":"VZ1708-Urbanizacion-Gran-Vista-Marina-7-600x667.jpg","width":600,"height":667,"mime-type":"image\/jpeg","filesize":102330,"url":"https:\/\/zar2010.com\/wp-content\/uploads\/2024\/09\/VZ1708-Urbanizacion-Gran-Vista-Marina-7-600x667.jpg"}},"image_meta":{"aperture":"8","credit":"","camera":"Canon EOS 90D","caption":"","created_timestamp":"1695732778","copyright":"","focal_length":"18","iso":"800","shutter_speed":"0.011111111111111","title":"","orientation":"0","keywords":[]},"ID":"28157","name":"VZ1708-Urbanizacion-Gran-Vista-Marina-7.jpg","path":"\/home\/zarcomt\/www\/wp-content\/uploads\/2024\/09\/VZ1708-Urbanizacion-Gran-Vista-Marina-7.jpg","url":"https:\/\/zar2010.com\/wp-content\/uploads\/2024\/09\/VZ1708-Urbanizacion-Gran-Vista-Marina-7-150x35.jpg","full_url":"https:\/\/zar2010.com\/wp-content\/uploads\/2024\/09\/VZ1708-Urbanizacion-Gran-Vista-Marina-7.jpg","title":"VZ1708 Urbanizacion Gran Vista Marina - 7","caption":"","description":"","alt":"","srcset":false},{"width":150,"height":35,"file":"2024\/09\/VZ1708-Urbanizacion-Gran-Vista-Marina-8.jpg","filesize":110641,"sizes":{"thumbnail":{"file":"VZ1708-Urbanizacion-Gran-Vista-Marina-8-150x35.jpg","width":150,"height":35,"mime-type":"image\/jpeg","filesize":19414,"url":"https:\/\/zar2010.com\/wp-content\/uploads\/2024\/09\/VZ1708-Urbanizacion-Gran-Vista-Marina-8-150x35.jpg"},"medium":{"file":"VZ1708-Urbanizacion-Gran-Vista-Marina-8-300x200.jpg","width":300,"height":200,"mime-type":"image\/jpeg","filesize":32464,"url":"https:\/\/zar2010.com\/wp-content\/uploads\/2024\/09\/VZ1708-Urbanizacion-Gran-Vista-Marina-8-300x200.jpg"},"medium_large":{"file":"VZ1708-Urbanizacion-Gran-Vista-Marina-8-768x512.jpg","width":768,"height":512,"mime-type":"image\/jpeg","filesize":89334,"url":"https:\/\/zar2010.com\/wp-content\/uploads\/2024\/09\/VZ1708-Urbanizacion-Gran-Vista-Marina-8-768x512.jpg"},"post-thumbnail":{"file":"VZ1708-Urbanizacion-Gran-Vista-Marina-8-150x100.jpg","width":150,"height":100,"mime-type":"image\/jpeg","filesize":22379,"url":"https:\/\/zar2010.com\/wp-content\/uploads\/2024\/09\/VZ1708-Urbanizacion-Gran-Vista-Marina-8-150x100.jpg"},"modern-property-child-slider":{"file":"VZ1708-Urbanizacion-Gran-Vista-Marina-8-680x510.jpg","width":680,"height":510,"mime-type":"image\/jpeg","filesize":83013,"url":"https:\/\/zar2010.com\/wp-content\/uploads\/2024\/09\/VZ1708-Urbanizacion-Gran-Vista-Marina-8-680x510.jpg"},"property-thumb-image":{"file":"VZ1708-Urbanizacion-Gran-Vista-Marina-8-488x326.jpg","width":488,"height":326,"mime-type":"image\/jpeg","filesize":51373,"url":"https:\/\/zar2010.com\/wp-content\/uploads\/2024\/09\/VZ1708-Urbanizacion-Gran-Vista-Marina-8-488x326.jpg"},"property-detail-video-image":{"file":"VZ1708-Urbanizacion-Gran-Vista-Marina-8-818x417.jpg","width":818,"height":417,"mime-type":"image\/jpeg","filesize":80844,"url":"https:\/\/zar2010.com\/wp-content\/uploads\/2024\/09\/VZ1708-Urbanizacion-Gran-Vista-Marina-8-818x417.jpg"},"agent-image":{"file":"VZ1708-Urbanizacion-Gran-Vista-Marina-8-210x210.jpg","width":210,"height":210,"mime-type":"image\/jpeg","filesize":29294,"url":"https:\/\/zar2010.com\/wp-content\/uploads\/2024\/09\/VZ1708-Urbanizacion-Gran-Vista-Marina-8-210x210.jpg"},"partners-logo":{"file":"VZ1708-Urbanizacion-Gran-Vista-Marina-8-600x667.jpg","width":600,"height":667,"mime-type":"image\/jpeg","filesize":86470,"url":"https:\/\/zar2010.com\/wp-content\/uploads\/2024\/09\/VZ1708-Urbanizacion-Gran-Vista-Marina-8-600x667.jpg"}},"image_meta":{"aperture":"8","credit":"","camera":"Canon EOS 90D","caption":"","created_timestamp":"1695732788","copyright":"","focal_length":"18","iso":"800","shutter_speed":"0.011111111111111","title":"","orientation":"0","keywords":[]},"ID":"28159","name":"VZ1708-Urbanizacion-Gran-Vista-Marina-8.jpg","path":"\/home\/zarcomt\/www\/wp-content\/uploads\/2024\/09\/VZ1708-Urbanizacion-Gran-Vista-Marina-8.jpg","url":"https:\/\/zar2010.com\/wp-content\/uploads\/2024\/09\/VZ1708-Urbanizacion-Gran-Vista-Marina-8-150x35.jpg","full_url":"https:\/\/zar2010.com\/wp-content\/uploads\/2024\/09\/VZ1708-Urbanizacion-Gran-Vista-Marina-8.jpg","title":"VZ1708 Urbanizacion Gran Vista Marina - 8","caption":"","description":"","alt":"","srcset":false},{"width":150,"height":35,"file":"2024\/09\/VZ1708-Urbanizacion-Gran-Vista-Marina-9.jpg","filesize":92226,"sizes":{"thumbnail":{"file":"VZ1708-Urbanizacion-Gran-Vista-Marina-9-150x35.jpg","width":150,"height":35,"mime-type":"image\/jpeg","filesize":18935,"url":"https:\/\/zar2010.com\/wp-content\/uploads\/2024\/09\/VZ1708-Urbanizacion-Gran-Vista-Marina-9-150x35.jpg"},"medium":{"file":"VZ1708-Urbanizacion-Gran-Vista-Marina-9-300x200.jpg","width":300,"height":200,"mime-type":"image\/jpeg","filesize":29879,"url":"https:\/\/zar2010.com\/wp-content\/uploads\/2024\/09\/VZ1708-Urbanizacion-Gran-Vista-Marina-9-300x200.jpg"},"medium_large":{"file":"VZ1708-Urbanizacion-Gran-Vista-Marina-9-768x512.jpg","width":768,"height":512,"mime-type":"image\/jpeg","filesize":75230,"url":"https:\/\/zar2010.com\/wp-content\/uploads\/2024\/09\/VZ1708-Urbanizacion-Gran-Vista-Marina-9-768x512.jpg"},"post-thumbnail":{"file":"VZ1708-Urbanizacion-Gran-Vista-Marina-9-150x100.jpg","width":150,"height":100,"mime-type":"image\/jpeg","filesize":21510,"url":"https:\/\/zar2010.com\/wp-content\/uploads\/2024\/09\/VZ1708-Urbanizacion-Gran-Vista-Marina-9-150x100.jpg"},"modern-property-child-slider":{"file":"VZ1708-Urbanizacion-Gran-Vista-Marina-9-680x510.jpg","width":680,"height":510,"mime-type":"image\/jpeg","filesize":68640,"url":"https:\/\/zar2010.com\/wp-content\/uploads\/2024\/09\/VZ1708-Urbanizacion-Gran-Vista-Marina-9-680x510.jpg"},"property-thumb-image":{"file":"VZ1708-Urbanizacion-Gran-Vista-Marina-9-488x326.jpg","width":488,"height":326,"mime-type":"image\/jpeg","filesize":45157,"url":"https:\/\/zar2010.com\/wp-content\/uploads\/2024\/09\/VZ1708-Urbanizacion-Gran-Vista-Marina-9-488x326.jpg"},"property-detail-video-image":{"file":"VZ1708-Urbanizacion-Gran-Vista-Marina-9-818x417.jpg","width":818,"height":417,"mime-type":"image\/jpeg","filesize":64040,"url":"https:\/\/zar2010.com\/wp-content\/uploads\/2024\/09\/VZ1708-Urbanizacion-Gran-Vista-Marina-9-818x417.jpg"},"agent-image":{"file":"VZ1708-Urbanizacion-Gran-Vista-Marina-9-210x210.jpg","width":210,"height":210,"mime-type":"image\/jpeg","filesize":26432,"url":"https:\/\/zar2010.com\/wp-content\/uploads\/2024\/09\/VZ1708-Urbanizacion-Gran-Vista-Marina-9-210x210.jpg"},"partners-logo":{"file":"VZ1708-Urbanizacion-Gran-Vista-Marina-9-600x667.jpg","width":600,"height":667,"mime-type":"image\/jpeg","filesize":70164,"url":"https:\/\/zar2010.com\/wp-content\/uploads\/2024\/09\/VZ1708-Urbanizacion-Gran-Vista-Marina-9-600x667.jpg"}},"image_meta":{"aperture":"8","credit":"","camera":"Canon EOS 90D","caption":"","created_timestamp":"1695732799","copyright":"","focal_length":"18","iso":"800","shutter_speed":"0.011111111111111","title":"","orientation":"0","keywords":[]},"ID":"28161","name":"VZ1708-Urbanizacion-Gran-Vista-Marina-9.jpg","path":"\/home\/zarcomt\/www\/wp-content\/uploads\/2024\/09\/VZ1708-Urbanizacion-Gran-Vista-Marina-9.jpg","url":"https:\/\/zar2010.com\/wp-content\/uploads\/2024\/09\/VZ1708-Urbanizacion-Gran-Vista-Marina-9-150x35.jpg","full_url":"https:\/\/zar2010.com\/wp-content\/uploads\/2024\/09\/VZ1708-Urbanizacion-Gran-Vista-Marina-9.jpg","title":"VZ1708 Urbanizacion Gran Vista Marina - 9","caption":"","description":"","alt":"","srcset":false},{"width":150,"height":35,"file":"2024\/09\/VZ1708-Urbanizacion-Gran-Vista-Marina-10.jpg","filesize":169068,"sizes":{"thumbnail":{"file":"VZ1708-Urbanizacion-Gran-Vista-Marina-10-150x35.jpg","width":150,"height":35,"mime-type":"image\/jpeg","filesize":20097,"url":"https:\/\/zar2010.com\/wp-content\/uploads\/2024\/09\/VZ1708-Urbanizacion-Gran-Vista-Marina-10-150x35.jpg"},"medium":{"file":"VZ1708-Urbanizacion-Gran-Vista-Marina-10-300x200.jpg","width":300,"height":200,"mime-type":"image\/jpeg","filesize":38673,"url":"https:\/\/zar2010.com\/wp-content\/uploads\/2024\/09\/VZ1708-Urbanizacion-Gran-Vista-Marina-10-300x200.jpg"},"medium_large":{"file":"VZ1708-Urbanizacion-Gran-Vista-Marina-10-768x512.jpg","width":768,"height":512,"mime-type":"image\/jpeg","filesize":125797,"url":"https:\/\/zar2010.com\/wp-content\/uploads\/2024\/09\/VZ1708-Urbanizacion-Gran-Vista-Marina-10-768x512.jpg"},"post-thumbnail":{"file":"VZ1708-Urbanizacion-Gran-Vista-Marina-10-150x100.jpg","width":150,"height":100,"mime-type":"image\/jpeg","filesize":24103,"url":"https:\/\/zar2010.com\/wp-content\/uploads\/2024\/09\/VZ1708-Urbanizacion-Gran-Vista-Marina-10-150x100.jpg"},"modern-property-child-slider":{"file":"VZ1708-Urbanizacion-Gran-Vista-Marina-10-680x510.jpg","width":680,"height":510,"mime-type":"image\/jpeg","filesize":113113,"url":"https:\/\/zar2010.com\/wp-content\/uploads\/2024\/09\/VZ1708-Urbanizacion-Gran-Vista-Marina-10-680x510.jpg"},"property-thumb-image":{"file":"VZ1708-Urbanizacion-Gran-Vista-Marina-10-488x326.jpg","width":488,"height":326,"mime-type":"image\/jpeg","filesize":67040,"url":"https:\/\/zar2010.com\/wp-content\/uploads\/2024\/09\/VZ1708-Urbanizacion-Gran-Vista-Marina-10-488x326.jpg"},"property-detail-video-image":{"file":"VZ1708-Urbanizacion-Gran-Vista-Marina-10-818x417.jpg","width":818,"height":417,"mime-type":"image\/jpeg","filesize":111022,"url":"https:\/\/zar2010.com\/wp-content\/uploads\/2024\/09\/VZ1708-Urbanizacion-Gran-Vista-Marina-10-818x417.jpg"},"agent-image":{"file":"VZ1708-Urbanizacion-Gran-Vista-Marina-10-210x210.jpg","width":210,"height":210,"mime-type":"image\/jpeg","filesize":33087,"url":"https:\/\/zar2010.com\/wp-content\/uploads\/2024\/09\/VZ1708-Urbanizacion-Gran-Vista-Marina-10-210x210.jpg"},"partners-logo":{"file":"VZ1708-Urbanizacion-Gran-Vista-Marina-10-600x667.jpg","width":600,"height":667,"mime-type":"image\/jpeg","filesize":114422,"url":"https:\/\/zar2010.com\/wp-content\/uploads\/2024\/09\/VZ1708-Urbanizacion-Gran-Vista-Marina-10-600x667.jpg"}},"image_meta":{"aperture":"13","credit":"","camera":"Canon EOS 90D","caption":"","created_timestamp":"1695732994","copyright":"","focal_length":"18","iso":"200","shutter_speed":"0.0055555555555556","title":"","orientation":"0","keywords":[]},"ID":"28163","name":"VZ1708-Urbanizacion-Gran-Vista-Marina-10.jpg","path":"\/home\/zarcomt\/www\/wp-content\/uploads\/2024\/09\/VZ1708-Urbanizacion-Gran-Vista-Marina-10.jpg","url":"https:\/\/zar2010.com\/wp-content\/uploads\/2024\/09\/VZ1708-Urbanizacion-Gran-Vista-Marina-10-150x35.jpg","full_url":"https:\/\/zar2010.com\/wp-content\/uploads\/2024\/09\/VZ1708-Urbanizacion-Gran-Vista-Marina-10.jpg","title":"VZ1708 Urbanizacion Gran Vista Marina - 10","caption":"","description":"","alt":"","srcset":false},{"width":150,"height":35,"file":"2024\/09\/VZ1708-Urbanizacion-Gran-Vista-Marina-11.jpg","filesize":140948,"sizes":{"thumbnail":{"file":"VZ1708-Urbanizacion-Gran-Vista-Marina-11-150x35.jpg","width":150,"height":35,"mime-type":"image\/jpeg","filesize":19781,"url":"https:\/\/zar2010.com\/wp-content\/uploads\/2024\/09\/VZ1708-Urbanizacion-Gran-Vista-Marina-11-150x35.jpg"},"medium":{"file":"VZ1708-Urbanizacion-Gran-Vista-Marina-11-300x200.jpg","width":300,"height":200,"mime-type":"image\/jpeg","filesize":36375,"url":"https:\/\/zar2010.com\/wp-content\/uploads\/2024\/09\/VZ1708-Urbanizacion-Gran-Vista-Marina-11-300x200.jpg"},"medium_large":{"file":"VZ1708-Urbanizacion-Gran-Vista-Marina-11-768x512.jpg","width":768,"height":512,"mime-type":"image\/jpeg","filesize":109591,"url":"https:\/\/zar2010.com\/wp-content\/uploads\/2024\/09\/VZ1708-Urbanizacion-Gran-Vista-Marina-11-768x512.jpg"},"post-thumbnail":{"file":"VZ1708-Urbanizacion-Gran-Vista-Marina-11-150x100.jpg","width":150,"height":100,"mime-type":"image\/jpeg","filesize":23323,"url":"https:\/\/zar2010.com\/wp-content\/uploads\/2024\/09\/VZ1708-Urbanizacion-Gran-Vista-Marina-11-150x100.jpg"},"modern-property-child-slider":{"file":"VZ1708-Urbanizacion-Gran-Vista-Marina-11-680x510.jpg","width":680,"height":510,"mime-type":"image\/jpeg","filesize":101371,"url":"https:\/\/zar2010.com\/wp-content\/uploads\/2024\/09\/VZ1708-Urbanizacion-Gran-Vista-Marina-11-680x510.jpg"},"property-thumb-image":{"file":"VZ1708-Urbanizacion-Gran-Vista-Marina-11-488x326.jpg","width":488,"height":326,"mime-type":"image\/jpeg","filesize":60549,"url":"https:\/\/zar2010.com\/wp-content\/uploads\/2024\/09\/VZ1708-Urbanizacion-Gran-Vista-Marina-11-488x326.jpg"},"property-detail-video-image":{"file":"VZ1708-Urbanizacion-Gran-Vista-Marina-11-818x417.jpg","width":818,"height":417,"mime-type":"image\/jpeg","filesize":97610,"url":"https:\/\/zar2010.com\/wp-content\/uploads\/2024\/09\/VZ1708-Urbanizacion-Gran-Vista-Marina-11-818x417.jpg"},"agent-image":{"file":"VZ1708-Urbanizacion-Gran-Vista-Marina-11-210x210.jpg","width":210,"height":210,"mime-type":"image\/jpeg","filesize":31805,"url":"https:\/\/zar2010.com\/wp-content\/uploads\/2024\/09\/VZ1708-Urbanizacion-Gran-Vista-Marina-11-210x210.jpg"},"partners-logo":{"file":"VZ1708-Urbanizacion-Gran-Vista-Marina-11-600x667.jpg","width":600,"height":667,"mime-type":"image\/jpeg","filesize":100848,"url":"https:\/\/zar2010.com\/wp-content\/uploads\/2024\/09\/VZ1708-Urbanizacion-Gran-Vista-Marina-11-600x667.jpg"}},"image_meta":{"aperture":"13","credit":"","camera":"Canon EOS 90D","caption":"","created_timestamp":"1695733008","copyright":"","focal_length":"18","iso":"200","shutter_speed":"0.0055555555555556","title":"","orientation":"0","keywords":[]},"ID":"28165","name":"VZ1708-Urbanizacion-Gran-Vista-Marina-11.jpg","path":"\/home\/zarcomt\/www\/wp-content\/uploads\/2024\/09\/VZ1708-Urbanizacion-Gran-Vista-Marina-11.jpg","url":"https:\/\/zar2010.com\/wp-content\/uploads\/2024\/09\/VZ1708-Urbanizacion-Gran-Vista-Marina-11-150x35.jpg","full_url":"https:\/\/zar2010.com\/wp-content\/uploads\/2024\/09\/VZ1708-Urbanizacion-Gran-Vista-Marina-11.jpg","title":"VZ1708 Urbanizacion Gran Vista Marina - 11","caption":"","description":"","alt":"","srcset":false},{"width":150,"height":35,"file":"2024\/09\/VZ1708-Urbanizacion-Gran-Vista-Marina-12.jpg","filesize":151276,"sizes":{"thumbnail":{"file":"VZ1708-Urbanizacion-Gran-Vista-Marina-12-150x35.jpg","width":150,"height":35,"mime-type":"image\/jpeg","filesize":20094,"url":"https:\/\/zar2010.com\/wp-content\/uploads\/2024\/09\/VZ1708-Urbanizacion-Gran-Vista-Marina-12-150x35.jpg"},"medium":{"file":"VZ1708-Urbanizacion-Gran-Vista-Marina-12-300x200.jpg","width":300,"height":200,"mime-type":"image\/jpeg","filesize":36621,"url":"https:\/\/zar2010.com\/wp-content\/uploads\/2024\/09\/VZ1708-Urbanizacion-Gran-Vista-Marina-12-300x200.jpg"},"medium_large":{"file":"VZ1708-Urbanizacion-Gran-Vista-Marina-12-768x512.jpg","width":768,"height":512,"mime-type":"image\/jpeg","filesize":113266,"url":"https:\/\/zar2010.com\/wp-content\/uploads\/2024\/09\/VZ1708-Urbanizacion-Gran-Vista-Marina-12-768x512.jpg"},"post-thumbnail":{"file":"VZ1708-Urbanizacion-Gran-Vista-Marina-12-150x100.jpg","width":150,"height":100,"mime-type":"image\/jpeg","filesize":23531,"url":"https:\/\/zar2010.com\/wp-content\/uploads\/2024\/09\/VZ1708-Urbanizacion-Gran-Vista-Marina-12-150x100.jpg"},"modern-property-child-slider":{"file":"VZ1708-Urbanizacion-Gran-Vista-Marina-12-680x510.jpg","width":680,"height":510,"mime-type":"image\/jpeg","filesize":104032,"url":"https:\/\/zar2010.com\/wp-content\/uploads\/2024\/09\/VZ1708-Urbanizacion-Gran-Vista-Marina-12-680x510.jpg"},"property-thumb-image":{"file":"VZ1708-Urbanizacion-Gran-Vista-Marina-12-488x326.jpg","width":488,"height":326,"mime-type":"image\/jpeg","filesize":61832,"url":"https:\/\/zar2010.com\/wp-content\/uploads\/2024\/09\/VZ1708-Urbanizacion-Gran-Vista-Marina-12-488x326.jpg"},"property-detail-video-image":{"file":"VZ1708-Urbanizacion-Gran-Vista-Marina-12-818x417.jpg","width":818,"height":417,"mime-type":"image\/jpeg","filesize":107948,"url":"https:\/\/zar2010.com\/wp-content\/uploads\/2024\/09\/VZ1708-Urbanizacion-Gran-Vista-Marina-12-818x417.jpg"},"agent-image":{"file":"VZ1708-Urbanizacion-Gran-Vista-Marina-12-210x210.jpg","width":210,"height":210,"mime-type":"image\/jpeg","filesize":32690,"url":"https:\/\/zar2010.com\/wp-content\/uploads\/2024\/09\/VZ1708-Urbanizacion-Gran-Vista-Marina-12-210x210.jpg"},"partners-logo":{"file":"VZ1708-Urbanizacion-Gran-Vista-Marina-12-600x667.jpg","width":600,"height":667,"mime-type":"image\/jpeg","filesize":109929,"url":"https:\/\/zar2010.com\/wp-content\/uploads\/2024\/09\/VZ1708-Urbanizacion-Gran-Vista-Marina-12-600x667.jpg"}},"image_meta":{"aperture":"13","credit":"","camera":"Canon EOS 90D","caption":"","created_timestamp":"1695733071","copyright":"","focal_length":"18","iso":"200","shutter_speed":"0.0055555555555556","title":"","orientation":"0","keywords":[]},"ID":"28167","name":"VZ1708-Urbanizacion-Gran-Vista-Marina-12.jpg","path":"\/home\/zarcomt\/www\/wp-content\/uploads\/2024\/09\/VZ1708-Urbanizacion-Gran-Vista-Marina-12.jpg","url":"https:\/\/zar2010.com\/wp-content\/uploads\/2024\/09\/VZ1708-Urbanizacion-Gran-Vista-Marina-12-150x35.jpg","full_url":"https:\/\/zar2010.com\/wp-content\/uploads\/2024\/09\/VZ1708-Urbanizacion-Gran-Vista-Marina-12.jpg","title":"VZ1708 Urbanizacion Gran Vista Marina - 12","caption":"","description":"","alt":"","srcset":false},{"width":150,"height":35,"file":"2024\/09\/VZ1708-Urbanizacion-Gran-Vista-Marina-13.jpg","filesize":155454,"sizes":{"thumbnail":{"file":"VZ1708-Urbanizacion-Gran-Vista-Marina-13-150x35.jpg","width":150,"height":35,"mime-type":"image\/jpeg","filesize":19864,"url":"https:\/\/zar2010.com\/wp-content\/uploads\/2024\/09\/VZ1708-Urbanizacion-Gran-Vista-Marina-13-150x35.jpg"},"medium":{"file":"VZ1708-Urbanizacion-Gran-Vista-Marina-13-300x200.jpg","width":300,"height":200,"mime-type":"image\/jpeg","filesize":35676,"url":"https:\/\/zar2010.com\/wp-content\/uploads\/2024\/09\/VZ1708-Urbanizacion-Gran-Vista-Marina-13-300x200.jpg"},"medium_large":{"file":"VZ1708-Urbanizacion-Gran-Vista-Marina-13-768x512.jpg","width":768,"height":512,"mime-type":"image\/jpeg","filesize":113325,"url":"https:\/\/zar2010.com\/wp-content\/uploads\/2024\/09\/VZ1708-Urbanizacion-Gran-Vista-Marina-13-768x512.jpg"},"post-thumbnail":{"file":"VZ1708-Urbanizacion-Gran-Vista-Marina-13-150x100.jpg","width":150,"height":100,"mime-type":"image\/jpeg","filesize":23013,"url":"https:\/\/zar2010.com\/wp-content\/uploads\/2024\/09\/VZ1708-Urbanizacion-Gran-Vista-Marina-13-150x100.jpg"},"modern-property-child-slider":{"file":"VZ1708-Urbanizacion-Gran-Vista-Marina-13-680x510.jpg","width":680,"height":510,"mime-type":"image\/jpeg","filesize":102945,"url":"https:\/\/zar2010.com\/wp-content\/uploads\/2024\/09\/VZ1708-Urbanizacion-Gran-Vista-Marina-13-680x510.jpg"},"property-thumb-image":{"file":"VZ1708-Urbanizacion-Gran-Vista-Marina-13-488x326.jpg","width":488,"height":326,"mime-type":"image\/jpeg","filesize":60874,"url":"https:\/\/zar2010.com\/wp-content\/uploads\/2024\/09\/VZ1708-Urbanizacion-Gran-Vista-Marina-13-488x326.jpg"},"property-detail-video-image":{"file":"VZ1708-Urbanizacion-Gran-Vista-Marina-13-818x417.jpg","width":818,"height":417,"mime-type":"image\/jpeg","filesize":107711,"url":"https:\/\/zar2010.com\/wp-content\/uploads\/2024\/09\/VZ1708-Urbanizacion-Gran-Vista-Marina-13-818x417.jpg"},"agent-image":{"file":"VZ1708-Urbanizacion-Gran-Vista-Marina-13-210x210.jpg","width":210,"height":210,"mime-type":"image\/jpeg","filesize":31340,"url":"https:\/\/zar2010.com\/wp-content\/uploads\/2024\/09\/VZ1708-Urbanizacion-Gran-Vista-Marina-13-210x210.jpg"},"partners-logo":{"file":"VZ1708-Urbanizacion-Gran-Vista-Marina-13-600x667.jpg","width":600,"height":667,"mime-type":"image\/jpeg","filesize":110462,"url":"https:\/\/zar2010.com\/wp-content\/uploads\/2024\/09\/VZ1708-Urbanizacion-Gran-Vista-Marina-13-600x667.jpg"}},"image_meta":{"aperture":"13","credit":"","camera":"Canon EOS 90D","caption":"","created_timestamp":"1695733121","copyright":"","focal_length":"18","iso":"200","shutter_speed":"0.0055555555555556","title":"","orientation":"0","keywords":[]},"ID":"28169","name":"VZ1708-Urbanizacion-Gran-Vista-Marina-13.jpg","path":"\/home\/zarcomt\/www\/wp-content\/uploads\/2024\/09\/VZ1708-Urbanizacion-Gran-Vista-Marina-13.jpg","url":"https:\/\/zar2010.com\/wp-content\/uploads\/2024\/09\/VZ1708-Urbanizacion-Gran-Vista-Marina-13-150x35.jpg","full_url":"https:\/\/zar2010.com\/wp-content\/uploads\/2024\/09\/VZ1708-Urbanizacion-Gran-Vista-Marina-13.jpg","title":"VZ1708 Urbanizacion Gran Vista Marina - 13","caption":"","description":"","alt":"","srcset":false},{"width":150,"height":35,"file":"2024\/09\/VZ1708-Urbanizacion-Gran-Vista-Marina-14.jpg","filesize":118545,"sizes":{"thumbnail":{"file":"VZ1708-Urbanizacion-Gran-Vista-Marina-14-150x35.jpg","width":150,"height":35,"mime-type":"image\/jpeg","filesize":19715,"url":"https:\/\/zar2010.com\/wp-content\/uploads\/2024\/09\/VZ1708-Urbanizacion-Gran-Vista-Marina-14-150x35.jpg"},"medium":{"file":"VZ1708-Urbanizacion-Gran-Vista-Marina-14-300x200.jpg","width":300,"height":200,"mime-type":"image\/jpeg","filesize":32782,"url":"https:\/\/zar2010.com\/wp-content\/uploads\/2024\/09\/VZ1708-Urbanizacion-Gran-Vista-Marina-14-300x200.jpg"},"medium_large":{"file":"VZ1708-Urbanizacion-Gran-Vista-Marina-14-768x512.jpg","width":768,"height":512,"mime-type":"image\/jpeg","filesize":92758,"url":"https:\/\/zar2010.com\/wp-content\/uploads\/2024\/09\/VZ1708-Urbanizacion-Gran-Vista-Marina-14-768x512.jpg"},"post-thumbnail":{"file":"VZ1708-Urbanizacion-Gran-Vista-Marina-14-150x100.jpg","width":150,"height":100,"mime-type":"image\/jpeg","filesize":22196,"url":"https:\/\/zar2010.com\/wp-content\/uploads\/2024\/09\/VZ1708-Urbanizacion-Gran-Vista-Marina-14-150x100.jpg"},"modern-property-child-slider":{"file":"VZ1708-Urbanizacion-Gran-Vista-Marina-14-680x510.jpg","width":680,"height":510,"mime-type":"image\/jpeg","filesize":84791,"url":"https:\/\/zar2010.com\/wp-content\/uploads\/2024\/09\/VZ1708-Urbanizacion-Gran-Vista-Marina-14-680x510.jpg"},"property-thumb-image":{"file":"VZ1708-Urbanizacion-Gran-Vista-Marina-14-488x326.jpg","width":488,"height":326,"mime-type":"image\/jpeg","filesize":51961,"url":"https:\/\/zar2010.com\/wp-content\/uploads\/2024\/09\/VZ1708-Urbanizacion-Gran-Vista-Marina-14-488x326.jpg"},"property-detail-video-image":{"file":"VZ1708-Urbanizacion-Gran-Vista-Marina-14-818x417.jpg","width":818,"height":417,"mime-type":"image\/jpeg","filesize":87538,"url":"https:\/\/zar2010.com\/wp-content\/uploads\/2024\/09\/VZ1708-Urbanizacion-Gran-Vista-Marina-14-818x417.jpg"},"agent-image":{"file":"VZ1708-Urbanizacion-Gran-Vista-Marina-14-210x210.jpg","width":210,"height":210,"mime-type":"image\/jpeg","filesize":28505,"url":"https:\/\/zar2010.com\/wp-content\/uploads\/2024\/09\/VZ1708-Urbanizacion-Gran-Vista-Marina-14-210x210.jpg"},"partners-logo":{"file":"VZ1708-Urbanizacion-Gran-Vista-Marina-14-600x667.jpg","width":600,"height":667,"mime-type":"image\/jpeg","filesize":86005,"url":"https:\/\/zar2010.com\/wp-content\/uploads\/2024\/09\/VZ1708-Urbanizacion-Gran-Vista-Marina-14-600x667.jpg"}},"image_meta":{"aperture":"13","credit":"","camera":"Canon EOS 90D","caption":"","created_timestamp":"1695733141","copyright":"","focal_length":"18","iso":"200","shutter_speed":"0.0055555555555556","title":"","orientation":"0","keywords":[]},"ID":"28171","name":"VZ1708-Urbanizacion-Gran-Vista-Marina-14.jpg","path":"\/home\/zarcomt\/www\/wp-content\/uploads\/2024\/09\/VZ1708-Urbanizacion-Gran-Vista-Marina-14.jpg","url":"https:\/\/zar2010.com\/wp-content\/uploads\/2024\/09\/VZ1708-Urbanizacion-Gran-Vista-Marina-14-150x35.jpg","full_url":"https:\/\/zar2010.com\/wp-content\/uploads\/2024\/09\/VZ1708-Urbanizacion-Gran-Vista-Marina-14.jpg","title":"VZ1708 Urbanizacion Gran Vista Marina - 14","caption":"","description":"","alt":"","srcset":false},{"width":150,"height":35,"file":"2024\/09\/VZ1708-Urbanizacion-Gran-Vista-Marina-15.jpg","filesize":129392,"sizes":{"thumbnail":{"file":"VZ1708-Urbanizacion-Gran-Vista-Marina-15-150x35.jpg","width":150,"height":35,"mime-type":"image\/jpeg","filesize":19966,"url":"https:\/\/zar2010.com\/wp-content\/uploads\/2024\/09\/VZ1708-Urbanizacion-Gran-Vista-Marina-15-150x35.jpg"},"medium":{"file":"VZ1708-Urbanizacion-Gran-Vista-Marina-15-300x200.jpg","width":300,"height":200,"mime-type":"image\/jpeg","filesize":35733,"url":"https:\/\/zar2010.com\/wp-content\/uploads\/2024\/09\/VZ1708-Urbanizacion-Gran-Vista-Marina-15-300x200.jpg"},"medium_large":{"file":"VZ1708-Urbanizacion-Gran-Vista-Marina-15-768x512.jpg","width":768,"height":512,"mime-type":"image\/jpeg","filesize":103243,"url":"https:\/\/zar2010.com\/wp-content\/uploads\/2024\/09\/VZ1708-Urbanizacion-Gran-Vista-Marina-15-768x512.jpg"},"post-thumbnail":{"file":"VZ1708-Urbanizacion-Gran-Vista-Marina-15-150x100.jpg","width":150,"height":100,"mime-type":"image\/jpeg","filesize":23222,"url":"https:\/\/zar2010.com\/wp-content\/uploads\/2024\/09\/VZ1708-Urbanizacion-Gran-Vista-Marina-15-150x100.jpg"},"modern-property-child-slider":{"file":"VZ1708-Urbanizacion-Gran-Vista-Marina-15-680x510.jpg","width":680,"height":510,"mime-type":"image\/jpeg","filesize":93570,"url":"https:\/\/zar2010.com\/wp-content\/uploads\/2024\/09\/VZ1708-Urbanizacion-Gran-Vista-Marina-15-680x510.jpg"},"property-thumb-image":{"file":"VZ1708-Urbanizacion-Gran-Vista-Marina-15-488x326.jpg","width":488,"height":326,"mime-type":"image\/jpeg","filesize":58093,"url":"https:\/\/zar2010.com\/wp-content\/uploads\/2024\/09\/VZ1708-Urbanizacion-Gran-Vista-Marina-15-488x326.jpg"},"property-detail-video-image":{"file":"VZ1708-Urbanizacion-Gran-Vista-Marina-15-818x417.jpg","width":818,"height":417,"mime-type":"image\/jpeg","filesize":96093,"url":"https:\/\/zar2010.com\/wp-content\/uploads\/2024\/09\/VZ1708-Urbanizacion-Gran-Vista-Marina-15-818x417.jpg"},"agent-image":{"file":"VZ1708-Urbanizacion-Gran-Vista-Marina-15-210x210.jpg","width":210,"height":210,"mime-type":"image\/jpeg","filesize":31147,"url":"https:\/\/zar2010.com\/wp-content\/uploads\/2024\/09\/VZ1708-Urbanizacion-Gran-Vista-Marina-15-210x210.jpg"},"partners-logo":{"file":"VZ1708-Urbanizacion-Gran-Vista-Marina-15-600x667.jpg","width":600,"height":667,"mime-type":"image\/jpeg","filesize":93850,"url":"https:\/\/zar2010.com\/wp-content\/uploads\/2024\/09\/VZ1708-Urbanizacion-Gran-Vista-Marina-15-600x667.jpg"}},"image_meta":{"aperture":"13","credit":"","camera":"Canon EOS 90D","caption":"","created_timestamp":"1695733166","copyright":"","focal_length":"18","iso":"200","shutter_speed":"0.0055555555555556","title":"","orientation":"0","keywords":[]},"ID":"28173","name":"VZ1708-Urbanizacion-Gran-Vista-Marina-15.jpg","path":"\/home\/zarcomt\/www\/wp-content\/uploads\/2024\/09\/VZ1708-Urbanizacion-Gran-Vista-Marina-15.jpg","url":"https:\/\/zar2010.com\/wp-content\/uploads\/2024\/09\/VZ1708-Urbanizacion-Gran-Vista-Marina-15-150x35.jpg","full_url":"https:\/\/zar2010.com\/wp-content\/uploads\/2024\/09\/VZ1708-Urbanizacion-Gran-Vista-Marina-15.jpg","title":"VZ1708 Urbanizacion Gran Vista Marina - 15","caption":"","description":"","alt":"","srcset":false},{"width":150,"height":35,"file":"2024\/09\/VZ1708-Urbanizacion-Gran-Vista-Marina-16.jpg","filesize":124593,"sizes":{"thumbnail":{"file":"VZ1708-Urbanizacion-Gran-Vista-Marina-16-150x35.jpg","width":150,"height":35,"mime-type":"image\/jpeg","filesize":46857,"url":"https:\/\/zar2010.com\/wp-content\/uploads\/2024\/09\/VZ1708-Urbanizacion-Gran-Vista-Marina-16-150x35.jpg"},"medium":{"file":"VZ1708-Urbanizacion-Gran-Vista-Marina-16-300x200.jpg","width":300,"height":200,"mime-type":"image\/jpeg","filesize":58969,"url":"https:\/\/zar2010.com\/wp-content\/uploads\/2024\/09\/VZ1708-Urbanizacion-Gran-Vista-Marina-16-300x200.jpg"},"medium_large":{"file":"VZ1708-Urbanizacion-Gran-Vista-Marina-16-768x512.jpg","width":768,"height":512,"mime-type":"image\/jpeg","filesize":109437,"url":"https:\/\/zar2010.com\/wp-content\/uploads\/2024\/09\/VZ1708-Urbanizacion-Gran-Vista-Marina-16-768x512.jpg"},"post-thumbnail":{"file":"VZ1708-Urbanizacion-Gran-Vista-Marina-16-150x100.jpg","width":150,"height":100,"mime-type":"image\/jpeg","filesize":49708,"url":"https:\/\/zar2010.com\/wp-content\/uploads\/2024\/09\/VZ1708-Urbanizacion-Gran-Vista-Marina-16-150x100.jpg"},"modern-property-child-slider":{"file":"VZ1708-Urbanizacion-Gran-Vista-Marina-16-680x510.jpg","width":680,"height":510,"mime-type":"image\/jpeg","filesize":100968,"url":"https:\/\/zar2010.com\/wp-content\/uploads\/2024\/09\/VZ1708-Urbanizacion-Gran-Vista-Marina-16-680x510.jpg"},"property-thumb-image":{"file":"VZ1708-Urbanizacion-Gran-Vista-Marina-16-488x326.jpg","width":488,"height":326,"mime-type":"image\/jpeg","filesize":75826,"url":"https:\/\/zar2010.com\/wp-content\/uploads\/2024\/09\/VZ1708-Urbanizacion-Gran-Vista-Marina-16-488x326.jpg"},"property-detail-video-image":{"file":"VZ1708-Urbanizacion-Gran-Vista-Marina-16-818x417.jpg","width":818,"height":417,"mime-type":"image\/jpeg","filesize":102782,"url":"https:\/\/zar2010.com\/wp-content\/uploads\/2024\/09\/VZ1708-Urbanizacion-Gran-Vista-Marina-16-818x417.jpg"},"agent-image":{"file":"VZ1708-Urbanizacion-Gran-Vista-Marina-16-210x210.jpg","width":210,"height":210,"mime-type":"image\/jpeg","filesize":55298,"url":"https:\/\/zar2010.com\/wp-content\/uploads\/2024\/09\/VZ1708-Urbanizacion-Gran-Vista-Marina-16-210x210.jpg"},"partners-logo":{"file":"VZ1708-Urbanizacion-Gran-Vista-Marina-16-600x667.jpg","width":600,"height":667,"mime-type":"image\/jpeg","filesize":95528,"url":"https:\/\/zar2010.com\/wp-content\/uploads\/2024\/09\/VZ1708-Urbanizacion-Gran-Vista-Marina-16-600x667.jpg"}},"image_meta":{"aperture":"13","credit":"","camera":"Canon EOS 90D","caption":"","created_timestamp":"1695733198","copyright":"","focal_length":"18","iso":"400","shutter_speed":"0.0055555555555556","title":"","orientation":"0","keywords":[]},"ID":"28175","name":"VZ1708-Urbanizacion-Gran-Vista-Marina-16.jpg","path":"\/home\/zarcomt\/www\/wp-content\/uploads\/2024\/09\/VZ1708-Urbanizacion-Gran-Vista-Marina-16.jpg","url":"https:\/\/zar2010.com\/wp-content\/uploads\/2024\/09\/VZ1708-Urbanizacion-Gran-Vista-Marina-16-150x35.jpg","full_url":"https:\/\/zar2010.com\/wp-content\/uploads\/2024\/09\/VZ1708-Urbanizacion-Gran-Vista-Marina-16.jpg","title":"VZ1708 Urbanizacion Gran Vista Marina - 16","caption":"","description":"","alt":"","srcset":false},{"width":150,"height":35,"file":"2024\/09\/VZ1708-Urbanizacion-Gran-Vista-Marina-17.jpg","filesize":130032,"sizes":{"thumbnail":{"file":"VZ1708-Urbanizacion-Gran-Vista-Marina-17-150x35.jpg","width":150,"height":35,"mime-type":"image\/jpeg","filesize":58545,"url":"https:\/\/zar2010.com\/wp-content\/uploads\/2024\/09\/VZ1708-Urbanizacion-Gran-Vista-Marina-17-150x35.jpg"},"medium":{"file":"VZ1708-Urbanizacion-Gran-Vista-Marina-17-300x200.jpg","width":300,"height":200,"mime-type":"image\/jpeg","filesize":69429,"url":"https:\/\/zar2010.com\/wp-content\/uploads\/2024\/09\/VZ1708-Urbanizacion-Gran-Vista-Marina-17-300x200.jpg"},"medium_large":{"file":"VZ1708-Urbanizacion-Gran-Vista-Marina-17-768x512.jpg","width":768,"height":512,"mime-type":"image\/jpeg","filesize":116276,"url":"https:\/\/zar2010.com\/wp-content\/uploads\/2024\/09\/VZ1708-Urbanizacion-Gran-Vista-Marina-17-768x512.jpg"},"post-thumbnail":{"file":"VZ1708-Urbanizacion-Gran-Vista-Marina-17-150x100.jpg","width":150,"height":100,"mime-type":"image\/jpeg","filesize":60971,"url":"https:\/\/zar2010.com\/wp-content\/uploads\/2024\/09\/VZ1708-Urbanizacion-Gran-Vista-Marina-17-150x100.jpg"},"modern-property-child-slider":{"file":"VZ1708-Urbanizacion-Gran-Vista-Marina-17-680x510.jpg","width":680,"height":510,"mime-type":"image\/jpeg","filesize":111190,"url":"https:\/\/zar2010.com\/wp-content\/uploads\/2024\/09\/VZ1708-Urbanizacion-Gran-Vista-Marina-17-680x510.jpg"},"property-thumb-image":{"file":"VZ1708-Urbanizacion-Gran-Vista-Marina-17-488x326.jpg","width":488,"height":326,"mime-type":"image\/jpeg","filesize":85021,"url":"https:\/\/zar2010.com\/wp-content\/uploads\/2024\/09\/VZ1708-Urbanizacion-Gran-Vista-Marina-17-488x326.jpg"},"property-detail-video-image":{"file":"VZ1708-Urbanizacion-Gran-Vista-Marina-17-818x417.jpg","width":818,"height":417,"mime-type":"image\/jpeg","filesize":110196,"url":"https:\/\/zar2010.com\/wp-content\/uploads\/2024\/09\/VZ1708-Urbanizacion-Gran-Vista-Marina-17-818x417.jpg"},"agent-image":{"file":"VZ1708-Urbanizacion-Gran-Vista-Marina-17-210x210.jpg","width":210,"height":210,"mime-type":"image\/jpeg","filesize":66882,"url":"https:\/\/zar2010.com\/wp-content\/uploads\/2024\/09\/VZ1708-Urbanizacion-Gran-Vista-Marina-17-210x210.jpg"},"partners-logo":{"file":"VZ1708-Urbanizacion-Gran-Vista-Marina-17-600x667.jpg","width":600,"height":667,"mime-type":"image\/jpeg","filesize":114768,"url":"https:\/\/zar2010.com\/wp-content\/uploads\/2024\/09\/VZ1708-Urbanizacion-Gran-Vista-Marina-17-600x667.jpg"}},"image_meta":{"aperture":"13","credit":"","camera":"Canon EOS 90D","caption":"","created_timestamp":"1695733212","copyright":"","focal_length":"18","iso":"200","shutter_speed":"0.0055555555555556","title":"","orientation":"0","keywords":[]},"ID":"28177","name":"VZ1708-Urbanizacion-Gran-Vista-Marina-17.jpg","path":"\/home\/zarcomt\/www\/wp-content\/uploads\/2024\/09\/VZ1708-Urbanizacion-Gran-Vista-Marina-17.jpg","url":"https:\/\/zar2010.com\/wp-content\/uploads\/2024\/09\/VZ1708-Urbanizacion-Gran-Vista-Marina-17-150x35.jpg","full_url":"https:\/\/zar2010.com\/wp-content\/uploads\/2024\/09\/VZ1708-Urbanizacion-Gran-Vista-Marina-17.jpg","title":"VZ1708 Urbanizacion Gran Vista Marina - 17","caption":"","description":"","alt":"","srcset":false},{"width":150,"height":35,"file":"2024\/09\/VZ1708-Urbanizacion-Gran-Vista-Marina-18.jpg","filesize":75905,"sizes":{"thumbnail":{"file":"VZ1708-Urbanizacion-Gran-Vista-Marina-18-150x35.jpg","width":150,"height":35,"mime-type":"image\/jpeg","filesize":20668,"url":"https:\/\/zar2010.com\/wp-content\/uploads\/2024\/09\/VZ1708-Urbanizacion-Gran-Vista-Marina-18-150x35.jpg"},"medium":{"file":"VZ1708-Urbanizacion-Gran-Vista-Marina-18-300x200.jpg","width":300,"height":200,"mime-type":"image\/jpeg","filesize":30099,"url":"https:\/\/zar2010.com\/wp-content\/uploads\/2024\/09\/VZ1708-Urbanizacion-Gran-Vista-Marina-18-300x200.jpg"},"medium_large":{"file":"VZ1708-Urbanizacion-Gran-Vista-Marina-18-768x512.jpg","width":768,"height":512,"mime-type":"image\/jpeg","filesize":68003,"url":"https:\/\/zar2010.com\/wp-content\/uploads\/2024\/09\/VZ1708-Urbanizacion-Gran-Vista-Marina-18-768x512.jpg"},"post-thumbnail":{"file":"VZ1708-Urbanizacion-Gran-Vista-Marina-18-150x100.jpg","width":150,"height":100,"mime-type":"image\/jpeg","filesize":22834,"url":"https:\/\/zar2010.com\/wp-content\/uploads\/2024\/09\/VZ1708-Urbanizacion-Gran-Vista-Marina-18-150x100.jpg"},"modern-property-child-slider":{"file":"VZ1708-Urbanizacion-Gran-Vista-Marina-18-680x510.jpg","width":680,"height":510,"mime-type":"image\/jpeg","filesize":65349,"url":"https:\/\/zar2010.com\/wp-content\/uploads\/2024\/09\/VZ1708-Urbanizacion-Gran-Vista-Marina-18-680x510.jpg"},"property-thumb-image":{"file":"VZ1708-Urbanizacion-Gran-Vista-Marina-18-488x326.jpg","width":488,"height":326,"mime-type":"image\/jpeg","filesize":43055,"url":"https:\/\/zar2010.com\/wp-content\/uploads\/2024\/09\/VZ1708-Urbanizacion-Gran-Vista-Marina-18-488x326.jpg"},"property-detail-video-image":{"file":"VZ1708-Urbanizacion-Gran-Vista-Marina-18-818x417.jpg","width":818,"height":417,"mime-type":"image\/jpeg","filesize":61777,"url":"https:\/\/zar2010.com\/wp-content\/uploads\/2024\/09\/VZ1708-Urbanizacion-Gran-Vista-Marina-18-818x417.jpg"},"agent-image":{"file":"VZ1708-Urbanizacion-Gran-Vista-Marina-18-210x210.jpg","width":210,"height":210,"mime-type":"image\/jpeg","filesize":28458,"url":"https:\/\/zar2010.com\/wp-content\/uploads\/2024\/09\/VZ1708-Urbanizacion-Gran-Vista-Marina-18-210x210.jpg"},"partners-logo":{"file":"VZ1708-Urbanizacion-Gran-Vista-Marina-18-600x667.jpg","width":600,"height":667,"mime-type":"image\/jpeg","filesize":67809,"url":"https:\/\/zar2010.com\/wp-content\/uploads\/2024\/09\/VZ1708-Urbanizacion-Gran-Vista-Marina-18-600x667.jpg"}},"image_meta":{"aperture":"11","credit":"","camera":"Canon EOS 90D","caption":"","created_timestamp":"1695733269","copyright":"","focal_length":"18","iso":"400","shutter_speed":"0.008","title":"","orientation":"0","keywords":[]},"ID":"28179","name":"VZ1708-Urbanizacion-Gran-Vista-Marina-18.jpg","path":"\/home\/zarcomt\/www\/wp-content\/uploads\/2024\/09\/VZ1708-Urbanizacion-Gran-Vista-Marina-18.jpg","url":"https:\/\/zar2010.com\/wp-content\/uploads\/2024\/09\/VZ1708-Urbanizacion-Gran-Vista-Marina-18-150x35.jpg","full_url":"https:\/\/zar2010.com\/wp-content\/uploads\/2024\/09\/VZ1708-Urbanizacion-Gran-Vista-Marina-18.jpg","title":"VZ1708 Urbanizacion Gran Vista Marina - 18","caption":"","description":"","alt":"","srcset":false},{"width":150,"height":35,"file":"2024\/09\/VZ1708-Urbanizacion-Gran-Vista-Marina-19.jpg","filesize":126645,"sizes":{"thumbnail":{"file":"VZ1708-Urbanizacion-Gran-Vista-Marina-19-150x35.jpg","width":150,"height":35,"mime-type":"image\/jpeg","filesize":51586,"url":"https:\/\/zar2010.com\/wp-content\/uploads\/2024\/09\/VZ1708-Urbanizacion-Gran-Vista-Marina-19-150x35.jpg"},"medium":{"file":"VZ1708-Urbanizacion-Gran-Vista-Marina-19-300x200.jpg","width":300,"height":200,"mime-type":"image\/jpeg","filesize":62549,"url":"https:\/\/zar2010.com\/wp-content\/uploads\/2024\/09\/VZ1708-Urbanizacion-Gran-Vista-Marina-19-300x200.jpg"},"medium_large":{"file":"VZ1708-Urbanizacion-Gran-Vista-Marina-19-768x512.jpg","width":768,"height":512,"mime-type":"image\/jpeg","filesize":113511,"url":"https:\/\/zar2010.com\/wp-content\/uploads\/2024\/09\/VZ1708-Urbanizacion-Gran-Vista-Marina-19-768x512.jpg"},"post-thumbnail":{"file":"VZ1708-Urbanizacion-Gran-Vista-Marina-19-150x100.jpg","width":150,"height":100,"mime-type":"image\/jpeg","filesize":53852,"url":"https:\/\/zar2010.com\/wp-content\/uploads\/2024\/09\/VZ1708-Urbanizacion-Gran-Vista-Marina-19-150x100.jpg"},"modern-property-child-slider":{"file":"VZ1708-Urbanizacion-Gran-Vista-Marina-19-680x510.jpg","width":680,"height":510,"mime-type":"image\/jpeg","filesize":104884,"url":"https:\/\/zar2010.com\/wp-content\/uploads\/2024\/09\/VZ1708-Urbanizacion-Gran-Vista-Marina-19-680x510.jpg"},"property-thumb-image":{"file":"VZ1708-Urbanizacion-Gran-Vista-Marina-19-488x326.jpg","width":488,"height":326,"mime-type":"image\/jpeg","filesize":79427,"url":"https:\/\/zar2010.com\/wp-content\/uploads\/2024\/09\/VZ1708-Urbanizacion-Gran-Vista-Marina-19-488x326.jpg"},"property-detail-video-image":{"file":"VZ1708-Urbanizacion-Gran-Vista-Marina-19-818x417.jpg","width":818,"height":417,"mime-type":"image\/jpeg","filesize":107263,"url":"https:\/\/zar2010.com\/wp-content\/uploads\/2024\/09\/VZ1708-Urbanizacion-Gran-Vista-Marina-19-818x417.jpg"},"agent-image":{"file":"VZ1708-Urbanizacion-Gran-Vista-Marina-19-210x210.jpg","width":210,"height":210,"mime-type":"image\/jpeg","filesize":58706,"url":"https:\/\/zar2010.com\/wp-content\/uploads\/2024\/09\/VZ1708-Urbanizacion-Gran-Vista-Marina-19-210x210.jpg"},"partners-logo":{"file":"VZ1708-Urbanizacion-Gran-Vista-Marina-19-600x667.jpg","width":600,"height":667,"mime-type":"image\/jpeg","filesize":101254,"url":"https:\/\/zar2010.com\/wp-content\/uploads\/2024\/09\/VZ1708-Urbanizacion-Gran-Vista-Marina-19-600x667.jpg"}},"image_meta":{"aperture":"8","credit":"","camera":"Canon EOS 90D","caption":"","created_timestamp":"1695733328","copyright":"","focal_length":"18","iso":"640","shutter_speed":"0.016666666666667","title":"","orientation":"0","keywords":[]},"ID":"28181","name":"VZ1708-Urbanizacion-Gran-Vista-Marina-19.jpg","path":"\/home\/zarcomt\/www\/wp-content\/uploads\/2024\/09\/VZ1708-Urbanizacion-Gran-Vista-Marina-19.jpg","url":"https:\/\/zar2010.com\/wp-content\/uploads\/2024\/09\/VZ1708-Urbanizacion-Gran-Vista-Marina-19-150x35.jpg","full_url":"https:\/\/zar2010.com\/wp-content\/uploads\/2024\/09\/VZ1708-Urbanizacion-Gran-Vista-Marina-19.jpg","title":"VZ1708 Urbanizacion Gran Vista Marina - 19","caption":"","description":"","alt":"","srcset":false},{"width":150,"height":35,"file":"2024\/09\/VZ1708-Urbanizacion-Gran-Vista-Marina-20.jpg","filesize":84449,"sizes":{"thumbnail":{"file":"VZ1708-Urbanizacion-Gran-Vista-Marina-20-150x35.jpg","width":150,"height":35,"mime-type":"image\/jpeg","filesize":18620,"url":"https:\/\/zar2010.com\/wp-content\/uploads\/2024\/09\/VZ1708-Urbanizacion-Gran-Vista-Marina-20-150x35.jpg"},"medium":{"file":"VZ1708-Urbanizacion-Gran-Vista-Marina-20-300x200.jpg","width":300,"height":200,"mime-type":"image\/jpeg","filesize":28164,"url":"https:\/\/zar2010.com\/wp-content\/uploads\/2024\/09\/VZ1708-Urbanizacion-Gran-Vista-Marina-20-300x200.jpg"},"medium_large":{"file":"VZ1708-Urbanizacion-Gran-Vista-Marina-20-768x512.jpg","width":768,"height":512,"mime-type":"image\/jpeg","filesize":72221,"url":"https:\/\/zar2010.com\/wp-content\/uploads\/2024\/09\/VZ1708-Urbanizacion-Gran-Vista-Marina-20-768x512.jpg"},"post-thumbnail":{"file":"VZ1708-Urbanizacion-Gran-Vista-Marina-20-150x100.jpg","width":150,"height":100,"mime-type":"image\/jpeg","filesize":20811,"url":"https:\/\/zar2010.com\/wp-content\/uploads\/2024\/09\/VZ1708-Urbanizacion-Gran-Vista-Marina-20-150x100.jpg"},"modern-property-child-slider":{"file":"VZ1708-Urbanizacion-Gran-Vista-Marina-20-680x510.jpg","width":680,"height":510,"mime-type":"image\/jpeg","filesize":66199,"url":"https:\/\/zar2010.com\/wp-content\/uploads\/2024\/09\/VZ1708-Urbanizacion-Gran-Vista-Marina-20-680x510.jpg"},"property-thumb-image":{"file":"VZ1708-Urbanizacion-Gran-Vista-Marina-20-488x326.jpg","width":488,"height":326,"mime-type":"image\/jpeg","filesize":42321,"url":"https:\/\/zar2010.com\/wp-content\/uploads\/2024\/09\/VZ1708-Urbanizacion-Gran-Vista-Marina-20-488x326.jpg"},"property-detail-video-image":{"file":"VZ1708-Urbanizacion-Gran-Vista-Marina-20-818x417.jpg","width":818,"height":417,"mime-type":"image\/jpeg","filesize":65244,"url":"https:\/\/zar2010.com\/wp-content\/uploads\/2024\/09\/VZ1708-Urbanizacion-Gran-Vista-Marina-20-818x417.jpg"},"agent-image":{"file":"VZ1708-Urbanizacion-Gran-Vista-Marina-20-210x210.jpg","width":210,"height":210,"mime-type":"image\/jpeg","filesize":25463,"url":"https:\/\/zar2010.com\/wp-content\/uploads\/2024\/09\/VZ1708-Urbanizacion-Gran-Vista-Marina-20-210x210.jpg"},"partners-logo":{"file":"VZ1708-Urbanizacion-Gran-Vista-Marina-20-600x667.jpg","width":600,"height":667,"mime-type":"image\/jpeg","filesize":63603,"url":"https:\/\/zar2010.com\/wp-content\/uploads\/2024\/09\/VZ1708-Urbanizacion-Gran-Vista-Marina-20-600x667.jpg"}},"image_meta":{"aperture":"8","credit":"","camera":"Canon EOS 90D","caption":"","created_timestamp":"1695733346","copyright":"","focal_length":"18","iso":"640","shutter_speed":"0.016666666666667","title":"","orientation":"0","keywords":[]},"ID":"28183","name":"VZ1708-Urbanizacion-Gran-Vista-Marina-20.jpg","path":"\/home\/zarcomt\/www\/wp-content\/uploads\/2024\/09\/VZ1708-Urbanizacion-Gran-Vista-Marina-20.jpg","url":"https:\/\/zar2010.com\/wp-content\/uploads\/2024\/09\/VZ1708-Urbanizacion-Gran-Vista-Marina-20-150x35.jpg","full_url":"https:\/\/zar2010.com\/wp-content\/uploads\/2024\/09\/VZ1708-Urbanizacion-Gran-Vista-Marina-20.jpg","title":"VZ1708 Urbanizacion Gran Vista Marina - 20","caption":"","description":"","alt":"","srcset":false},{"width":150,"height":35,"file":"2024\/09\/VZ1708-Urbanizacion-Gran-Vista-Marina-21.jpg","filesize":93208,"sizes":{"thumbnail":{"file":"VZ1708-Urbanizacion-Gran-Vista-Marina-21-150x35.jpg","width":150,"height":35,"mime-type":"image\/jpeg","filesize":19315,"url":"https:\/\/zar2010.com\/wp-content\/uploads\/2024\/09\/VZ1708-Urbanizacion-Gran-Vista-Marina-21-150x35.jpg"},"medium":{"file":"VZ1708-Urbanizacion-Gran-Vista-Marina-21-300x200.jpg","width":300,"height":200,"mime-type":"image\/jpeg","filesize":29020,"url":"https:\/\/zar2010.com\/wp-content\/uploads\/2024\/09\/VZ1708-Urbanizacion-Gran-Vista-Marina-21-300x200.jpg"},"medium_large":{"file":"VZ1708-Urbanizacion-Gran-Vista-Marina-21-768x512.jpg","width":768,"height":512,"mime-type":"image\/jpeg","filesize":77641,"url":"https:\/\/zar2010.com\/wp-content\/uploads\/2024\/09\/VZ1708-Urbanizacion-Gran-Vista-Marina-21-768x512.jpg"},"post-thumbnail":{"file":"VZ1708-Urbanizacion-Gran-Vista-Marina-21-150x100.jpg","width":150,"height":100,"mime-type":"image\/jpeg","filesize":21066,"url":"https:\/\/zar2010.com\/wp-content\/uploads\/2024\/09\/VZ1708-Urbanizacion-Gran-Vista-Marina-21-150x100.jpg"},"modern-property-child-slider":{"file":"VZ1708-Urbanizacion-Gran-Vista-Marina-21-680x510.jpg","width":680,"height":510,"mime-type":"image\/jpeg","filesize":71706,"url":"https:\/\/zar2010.com\/wp-content\/uploads\/2024\/09\/VZ1708-Urbanizacion-Gran-Vista-Marina-21-680x510.jpg"},"property-thumb-image":{"file":"VZ1708-Urbanizacion-Gran-Vista-Marina-21-488x326.jpg","width":488,"height":326,"mime-type":"image\/jpeg","filesize":44543,"url":"https:\/\/zar2010.com\/wp-content\/uploads\/2024\/09\/VZ1708-Urbanizacion-Gran-Vista-Marina-21-488x326.jpg"},"property-detail-video-image":{"file":"VZ1708-Urbanizacion-Gran-Vista-Marina-21-818x417.jpg","width":818,"height":417,"mime-type":"image\/jpeg","filesize":73932,"url":"https:\/\/zar2010.com\/wp-content\/uploads\/2024\/09\/VZ1708-Urbanizacion-Gran-Vista-Marina-21-818x417.jpg"},"agent-image":{"file":"VZ1708-Urbanizacion-Gran-Vista-Marina-21-210x210.jpg","width":210,"height":210,"mime-type":"image\/jpeg","filesize":26613,"url":"https:\/\/zar2010.com\/wp-content\/uploads\/2024\/09\/VZ1708-Urbanizacion-Gran-Vista-Marina-21-210x210.jpg"},"partners-logo":{"file":"VZ1708-Urbanizacion-Gran-Vista-Marina-21-600x667.jpg","width":600,"height":667,"mime-type":"image\/jpeg","filesize":72998,"url":"https:\/\/zar2010.com\/wp-content\/uploads\/2024\/09\/VZ1708-Urbanizacion-Gran-Vista-Marina-21-600x667.jpg"}},"image_meta":{"aperture":"8","credit":"","camera":"Canon EOS 90D","caption":"","created_timestamp":"1695733358","copyright":"","focal_length":"18","iso":"640","shutter_speed":"0.016666666666667","title":"","orientation":"0","keywords":[]},"ID":"28185","name":"VZ1708-Urbanizacion-Gran-Vista-Marina-21.jpg","path":"\/home\/zarcomt\/www\/wp-content\/uploads\/2024\/09\/VZ1708-Urbanizacion-Gran-Vista-Marina-21.jpg","url":"https:\/\/zar2010.com\/wp-content\/uploads\/2024\/09\/VZ1708-Urbanizacion-Gran-Vista-Marina-21-150x35.jpg","full_url":"https:\/\/zar2010.com\/wp-content\/uploads\/2024\/09\/VZ1708-Urbanizacion-Gran-Vista-Marina-21.jpg","title":"VZ1708 Urbanizacion Gran Vista Marina - 21","caption":"","description":"","alt":"","srcset":false},{"width":150,"height":35,"file":"2024\/09\/VZ1708-Urbanizacion-Gran-Vista-Marina-22.jpg","filesize":165096,"sizes":{"thumbnail":{"file":"VZ1708-Urbanizacion-Gran-Vista-Marina-22-150x35.jpg","width":150,"height":35,"mime-type":"image\/jpeg","filesize":20237,"url":"https:\/\/zar2010.com\/wp-content\/uploads\/2024\/09\/VZ1708-Urbanizacion-Gran-Vista-Marina-22-150x35.jpg"},"medium":{"file":"VZ1708-Urbanizacion-Gran-Vista-Marina-22-300x200.jpg","width":300,"height":200,"mime-type":"image\/jpeg","filesize":37458,"url":"https:\/\/zar2010.com\/wp-content\/uploads\/2024\/09\/VZ1708-Urbanizacion-Gran-Vista-Marina-22-300x200.jpg"},"medium_large":{"file":"VZ1708-Urbanizacion-Gran-Vista-Marina-22-768x512.jpg","width":768,"height":512,"mime-type":"image\/jpeg","filesize":123725,"url":"https:\/\/zar2010.com\/wp-content\/uploads\/2024\/09\/VZ1708-Urbanizacion-Gran-Vista-Marina-22-768x512.jpg"},"post-thumbnail":{"file":"VZ1708-Urbanizacion-Gran-Vista-Marina-22-150x100.jpg","width":150,"height":100,"mime-type":"image\/jpeg","filesize":23340,"url":"https:\/\/zar2010.com\/wp-content\/uploads\/2024\/09\/VZ1708-Urbanizacion-Gran-Vista-Marina-22-150x100.jpg"},"modern-property-child-slider":{"file":"VZ1708-Urbanizacion-Gran-Vista-Marina-22-680x510.jpg","width":680,"height":510,"mime-type":"image\/jpeg","filesize":111446,"url":"https:\/\/zar2010.com\/wp-content\/uploads\/2024\/09\/VZ1708-Urbanizacion-Gran-Vista-Marina-22-680x510.jpg"},"property-thumb-image":{"file":"VZ1708-Urbanizacion-Gran-Vista-Marina-22-488x326.jpg","width":488,"height":326,"mime-type":"image\/jpeg","filesize":65223,"url":"https:\/\/zar2010.com\/wp-content\/uploads\/2024\/09\/VZ1708-Urbanizacion-Gran-Vista-Marina-22-488x326.jpg"},"property-detail-video-image":{"file":"VZ1708-Urbanizacion-Gran-Vista-Marina-22-818x417.jpg","width":818,"height":417,"mime-type":"image\/jpeg","filesize":118674,"url":"https:\/\/zar2010.com\/wp-content\/uploads\/2024\/09\/VZ1708-Urbanizacion-Gran-Vista-Marina-22-818x417.jpg"},"agent-image":{"file":"VZ1708-Urbanizacion-Gran-Vista-Marina-22-210x210.jpg","width":210,"height":210,"mime-type":"image\/jpeg","filesize":32319,"url":"https:\/\/zar2010.com\/wp-content\/uploads\/2024\/09\/VZ1708-Urbanizacion-Gran-Vista-Marina-22-210x210.jpg"},"partners-logo":{"file":"VZ1708-Urbanizacion-Gran-Vista-Marina-22-600x667.jpg","width":600,"height":667,"mime-type":"image\/jpeg","filesize":112120,"url":"https:\/\/zar2010.com\/wp-content\/uploads\/2024\/09\/VZ1708-Urbanizacion-Gran-Vista-Marina-22-600x667.jpg"}},"image_meta":{"aperture":"16","credit":"","camera":"Canon EOS 90D","caption":"","created_timestamp":"1695734881","copyright":"","focal_length":"18","iso":"400","shutter_speed":"0.004","title":"","orientation":"0","keywords":[]},"ID":"28187","name":"VZ1708-Urbanizacion-Gran-Vista-Marina-22.jpg","path":"\/home\/zarcomt\/www\/wp-content\/uploads\/2024\/09\/VZ1708-Urbanizacion-Gran-Vista-Marina-22.jpg","url":"https:\/\/zar2010.com\/wp-content\/uploads\/2024\/09\/VZ1708-Urbanizacion-Gran-Vista-Marina-22-150x35.jpg","full_url":"https:\/\/zar2010.com\/wp-content\/uploads\/2024\/09\/VZ1708-Urbanizacion-Gran-Vista-Marina-22.jpg","title":"VZ1708 Urbanizacion Gran Vista Marina - 22","caption":"","description":"","alt":"","srcset":false},{"width":150,"height":35,"file":"2024\/09\/VZ1708-Urbanizacion-Gran-Vista-Marina-23.jpg","filesize":174988,"sizes":{"thumbnail":{"file":"VZ1708-Urbanizacion-Gran-Vista-Marina-23-150x35.jpg","width":150,"height":35,"mime-type":"image\/jpeg","filesize":16950,"url":"https:\/\/zar2010.com\/wp-content\/uploads\/2024\/09\/VZ1708-Urbanizacion-Gran-Vista-Marina-23-150x35.jpg"},"medium":{"file":"VZ1708-Urbanizacion-Gran-Vista-Marina-23-300x225.jpg","width":300,"height":225,"mime-type":"image\/jpeg","filesize":38033,"url":"https:\/\/zar2010.com\/wp-content\/uploads\/2024\/09\/VZ1708-Urbanizacion-Gran-Vista-Marina-23-300x225.jpg"},"medium_large":{"file":"VZ1708-Urbanizacion-Gran-Vista-Marina-23-768x576.jpg","width":768,"height":576,"mime-type":"image\/jpeg","filesize":138915,"url":"https:\/\/zar2010.com\/wp-content\/uploads\/2024\/09\/VZ1708-Urbanizacion-Gran-Vista-Marina-23-768x576.jpg"},"post-thumbnail":{"file":"VZ1708-Urbanizacion-Gran-Vista-Marina-23-150x113.jpg","width":150,"height":113,"mime-type":"image\/jpeg","filesize":21376,"url":"https:\/\/zar2010.com\/wp-content\/uploads\/2024\/09\/VZ1708-Urbanizacion-Gran-Vista-Marina-23-150x113.jpg"},"modern-property-child-slider":{"file":"VZ1708-Urbanizacion-Gran-Vista-Marina-23-680x510.jpg","width":680,"height":510,"mime-type":"image\/jpeg","filesize":115693,"url":"https:\/\/zar2010.com\/wp-content\/uploads\/2024\/09\/VZ1708-Urbanizacion-Gran-Vista-Marina-23-680x510.jpg"},"property-thumb-image":{"file":"VZ1708-Urbanizacion-Gran-Vista-Marina-23-488x326.jpg","width":488,"height":326,"mime-type":"image\/jpeg","filesize":65361,"url":"https:\/\/zar2010.com\/wp-content\/uploads\/2024\/09\/VZ1708-Urbanizacion-Gran-Vista-Marina-23-488x326.jpg"},"property-detail-video-image":{"file":"VZ1708-Urbanizacion-Gran-Vista-Marina-23-818x417.jpg","width":818,"height":417,"mime-type":"image\/jpeg","filesize":109674,"url":"https:\/\/zar2010.com\/wp-content\/uploads\/2024\/09\/VZ1708-Urbanizacion-Gran-Vista-Marina-23-818x417.jpg"},"agent-image":{"file":"VZ1708-Urbanizacion-Gran-Vista-Marina-23-210x210.jpg","width":210,"height":210,"mime-type":"image\/jpeg","filesize":30140,"url":"https:\/\/zar2010.com\/wp-content\/uploads\/2024\/09\/VZ1708-Urbanizacion-Gran-Vista-Marina-23-210x210.jpg"},"partners-logo":{"file":"VZ1708-Urbanizacion-Gran-Vista-Marina-23-600x750.jpg","width":600,"height":750,"mime-type":"image\/jpeg","filesize":127322,"url":"https:\/\/zar2010.com\/wp-content\/uploads\/2024\/09\/VZ1708-Urbanizacion-Gran-Vista-Marina-23-600x750.jpg"},"post-featured-image":{"file":"VZ1708-Urbanizacion-Gran-Vista-Marina-23-1000x720.jpg","width":1000,"height":720,"mime-type":"image\/jpeg","filesize":211388,"url":"https:\/\/zar2010.com\/wp-content\/uploads\/2024\/09\/VZ1708-Urbanizacion-Gran-Vista-Marina-23-1000x720.jpg"}},"image_meta":{"aperture":"0","credit":"","camera":"","caption":"Screenshot","created_timestamp":"0","copyright":"","focal_length":"0","iso":"0","shutter_speed":"0","title":"Screenshot","orientation":"0","keywords":[]},"ID":"28189","name":"VZ1708-Urbanizacion-Gran-Vista-Marina-23.jpg","path":"\/home\/zarcomt\/www\/wp-content\/uploads\/2024\/09\/VZ1708-Urbanizacion-Gran-Vista-Marina-23.jpg","url":"https:\/\/zar2010.com\/wp-content\/uploads\/2024\/09\/VZ1708-Urbanizacion-Gran-Vista-Marina-23-150x35.jpg","full_url":"https:\/\/zar2010.com\/wp-content\/uploads\/2024\/09\/VZ1708-Urbanizacion-Gran-Vista-Marina-23.jpg","title":"Screenshot","caption":"Screenshot","description":"","alt":"","srcset":false},{"width":150,"height":35,"file":"2024\/09\/VZ1708-Urbanizacion-Gran-Vista-Marina-24.jpg","filesize":168596,"sizes":{"thumbnail":{"file":"VZ1708-Urbanizacion-Gran-Vista-Marina-24-150x35.jpg","width":150,"height":35,"mime-type":"image\/jpeg","filesize":17113,"url":"https:\/\/zar2010.com\/wp-content\/uploads\/2024\/09\/VZ1708-Urbanizacion-Gran-Vista-Marina-24-150x35.jpg"},"medium":{"file":"VZ1708-Urbanizacion-Gran-Vista-Marina-24-300x225.jpg","width":300,"height":225,"mime-type":"image\/jpeg","filesize":38247,"url":"https:\/\/zar2010.com\/wp-content\/uploads\/2024\/09\/VZ1708-Urbanizacion-Gran-Vista-Marina-24-300x225.jpg"},"medium_large":{"file":"VZ1708-Urbanizacion-Gran-Vista-Marina-24-768x576.jpg","width":768,"height":576,"mime-type":"image\/jpeg","filesize":135021,"url":"https:\/\/zar2010.com\/wp-content\/uploads\/2024\/09\/VZ1708-Urbanizacion-Gran-Vista-Marina-24-768x576.jpg"},"post-thumbnail":{"file":"VZ1708-Urbanizacion-Gran-Vista-Marina-24-150x113.jpg","width":150,"height":113,"mime-type":"image\/jpeg","filesize":21536,"url":"https:\/\/zar2010.com\/wp-content\/uploads\/2024\/09\/VZ1708-Urbanizacion-Gran-Vista-Marina-24-150x113.jpg"},"modern-property-child-slider":{"file":"VZ1708-Urbanizacion-Gran-Vista-Marina-24-680x510.jpg","width":680,"height":510,"mime-type":"image\/jpeg","filesize":113093,"url":"https:\/\/zar2010.com\/wp-content\/uploads\/2024\/09\/VZ1708-Urbanizacion-Gran-Vista-Marina-24-680x510.jpg"},"property-thumb-image":{"file":"VZ1708-Urbanizacion-Gran-Vista-Marina-24-488x326.jpg","width":488,"height":326,"mime-type":"image\/jpeg","filesize":65048,"url":"https:\/\/zar2010.com\/wp-content\/uploads\/2024\/09\/VZ1708-Urbanizacion-Gran-Vista-Marina-24-488x326.jpg"},"property-detail-video-image":{"file":"VZ1708-Urbanizacion-Gran-Vista-Marina-24-818x417.jpg","width":818,"height":417,"mime-type":"image\/jpeg","filesize":106813,"url":"https:\/\/zar2010.com\/wp-content\/uploads\/2024\/09\/VZ1708-Urbanizacion-Gran-Vista-Marina-24-818x417.jpg"},"agent-image":{"file":"VZ1708-Urbanizacion-Gran-Vista-Marina-24-210x210.jpg","width":210,"height":210,"mime-type":"image\/jpeg","filesize":30266,"url":"https:\/\/zar2010.com\/wp-content\/uploads\/2024\/09\/VZ1708-Urbanizacion-Gran-Vista-Marina-24-210x210.jpg"},"partners-logo":{"file":"VZ1708-Urbanizacion-Gran-Vista-Marina-24-600x750.jpg","width":600,"height":750,"mime-type":"image\/jpeg","filesize":118981,"url":"https:\/\/zar2010.com\/wp-content\/uploads\/2024\/09\/VZ1708-Urbanizacion-Gran-Vista-Marina-24-600x750.jpg"},"post-featured-image":{"file":"VZ1708-Urbanizacion-Gran-Vista-Marina-24-1000x720.jpg","width":1000,"height":720,"mime-type":"image\/jpeg","filesize":199479,"url":"https:\/\/zar2010.com\/wp-content\/uploads\/2024\/09\/VZ1708-Urbanizacion-Gran-Vista-Marina-24-1000x720.jpg"}},"image_meta":{"aperture":"0","credit":"","camera":"","caption":"Screenshot","created_timestamp":"0","copyright":"","focal_length":"0","iso":"0","shutter_speed":"0","title":"Screenshot","orientation":"0","keywords":[]},"ID":"28191","name":"VZ1708-Urbanizacion-Gran-Vista-Marina-24.jpg","path":"\/home\/zarcomt\/www\/wp-content\/uploads\/2024\/09\/VZ1708-Urbanizacion-Gran-Vista-Marina-24.jpg","url":"https:\/\/zar2010.com\/wp-content\/uploads\/2024\/09\/VZ1708-Urbanizacion-Gran-Vista-Marina-24-150x35.jpg","full_url":"https:\/\/zar2010.com\/wp-content\/uploads\/2024\/09\/VZ1708-Urbanizacion-Gran-Vista-Marina-24.jpg","title":"Screenshot","caption":"Screenshot","description":"","alt":"","srcset":false}],"REAL_HOMES_change_gallery_slider_type":"0","REAL_HOMES_gallery_slider_type":"thumb-on-right","inspiry_floor_plans":[{"inspiry_floor_plan_name":"Plano de distribuci\u00f3n","inspiry_floor_plan_image":"https:\/\/zar2010.com\/wp-content\/uploads\/2024\/09\/GRAN-VISTA-MARINA-Dossier-A4-DOS-IDIOMAS-V02-arrastrado.pdf"}],"inspiry_video_group":[{"inspiry_video_group_url":"https:\/\/youtu.be\/bOGsO97FBpM"}],"REAL_HOMES_360_virtual_tour":"","REAL_HOMES_agent_display_option":"none","REAL_HOMES_agents":[],"REAL_HOMES_energy_class":"none","REAL_HOMES_energy_performance":"","REAL_HOMES_epc_current_rating":"","REAL_HOMES_epc_potential_rating":"","ere_property_schedule_tour":"global","ere_property_schedule_time_slots":"","ere_property_schedule_description":"","REAL_HOMES_sticky":"0","inspiry_property_label":"","inspiry_property_label_color":"","inspiry_property_tax":"0","inspiry_additional_fee":"0","REAL_HOMES_attachments":[{"filesize":1296329,"ID":"28196","name":"VZ1708-eng.pdf","path":"\/home\/zarcomt\/www\/wp-content\/uploads\/2024\/09\/VZ1708-eng.pdf","url":"https:\/\/zar2010.com\/wp-content\/uploads\/2024\/09\/VZ1708-eng.pdf","title":"VZ1708 eng"},{"filesize":1220426,"ID":"28198","name":"VZ1708-esp.pdf","path":"\/home\/zarcomt\/www\/wp-content\/uploads\/2024\/09\/VZ1708-esp.pdf","url":"https:\/\/zar2010.com\/wp-content\/uploads\/2024\/09\/VZ1708-esp.pdf","title":"VZ1708 esp"}],"inspiry_property_owner_name":"","inspiry_property_owner_contact":"","inspiry_property_owner_address":"","REAL_HOMES_property_private_note":"","inspiry_message_to_reviewer":"","REAL_HOMES_add_in_slider":"no","REAL_HOMES_slider_image":[],"REAL_HOMES_page_banner_image":[],"REAL_HOMES_hide_property_advance_search":"0","inspiry_price":"","REAL_HOMES_custom_header_display":"default","REAL_HOMES_custom_header_position":"relative","REAL_HOMES_custom_footer_display":"default","REAL_HOMES_hide_advance_search":"0","REAL_HOMES_custom_search_form":"default","REAL_HOMES_search_form_margin_top":"","REAL_HOMES_search_form_margin_bottom":""},"_links":{"self":[{"href":"https:\/\/zar2010.com\/en\/wp-json\/wp\/v2\/propiedad\/28200","targetHints":{"allow":["GET"]}}],"collection":[{"href":"https:\/\/zar2010.com\/en\/wp-json\/wp\/v2\/propiedad"}],"about":[{"href":"https:\/\/zar2010.com\/en\/wp-json\/wp\/v2\/types\/property"}],"author":[{"embeddable":true,"href":"https:\/\/zar2010.com\/en\/wp-json\/wp\/v2\/users\/3"}],"replies":[{"embeddable":true,"href":"https:\/\/zar2010.com\/en\/wp-json\/wp\/v2\/comments?post=28200"}],"version-history":[{"count":3,"href":"https:\/\/zar2010.com\/en\/wp-json\/wp\/v2\/propiedad\/28200\/revisions"}],"predecessor-version":[{"id":28203,"href":"https:\/\/zar2010.com\/en\/wp-json\/wp\/v2\/propiedad\/28200\/revisions\/28203"}],"wp:featuredmedia":[{"embeddable":true,"href":"https:\/\/zar2010.com\/en\/wp-json\/wp\/v2\/media\/28168"}],"wp:attachment":[{"href":"https:\/\/zar2010.com\/en\/wp-json\/wp\/v2\/media?parent=28200"}],"wp:term":[{"taxonomy":"property-feature","embeddable":true,"href":"https:\/\/zar2010.com\/en\/wp-json\/wp\/v2\/property-feature?post=28200"},{"taxonomy":"property-type","embeddable":true,"href":"https:\/\/zar2010.com\/en\/wp-json\/wp\/v2\/property-type?post=28200"},{"taxonomy":"property-city","embeddable":true,"href":"https:\/\/zar2010.com\/en\/wp-json\/wp\/v2\/property-city?post=28200"},{"taxonomy":"property-status","embeddable":true,"href":"https:\/\/zar2010.com\/en\/wp-json\/wp\/v2\/property-status?post=28200"},{"taxonomy":"promocion","embeddable":true,"href":"https:\/\/zar2010.com\/en\/wp-json\/wp\/v2\/promocion?post=28200"}],"curies":[{"name":"wp","href":"https:\/\/api.w.org\/{rel}","templated":true}]}}