{"id":16935,"date":"2023-05-03T11:19:29","date_gmt":"2023-05-03T11:19:29","guid":{"rendered":"https:\/\/zar2010.com\/propiedad\/cortijo-reformado\/"},"modified":"2024-11-12T09:49:52","modified_gmt":"2024-11-12T09:49:52","slug":"cortijo-reformado","status":"publish","type":"property","link":"https:\/\/zar2010.com\/en\/property\/cortijo-reformado\/","title":{"rendered":"Refurbished country house"},"content":{"rendered":"<p>\u2022 Beautiful traditional Cortijo for sale in Vera Pueblo, Almer\u00eda. It is a Cortijo attached to a ruin, located just 1.5 km from the city center and only 9 km from the beaches of the municipality and neighboring Garrucha and Moj\u00e1car. With easy road access through a recently paved road and very close to all the services and amenities that a town like Vera offers: supermarkets, shops, health center, theater, bus station, schools &#8230;<\/p>\n<p>\u2022 237 m2 of housing on a plot of 10,396 m2. South facing (very sunny at any time of the day).<\/p>\n<p>\u2022 It has, on its ground floor, a porch overlooking the private land, a hall entrance where the staircase for accession to the upper floor is located, a large living room &#8211; kitchen in three clearly differentiated spaces separated by beautiful rustic arches which surround a patio with a wooden gate that leads to the outside. On this same floor we find a small pantry room and a guest bathroom with a shower tray. on On upper floor we discover the rest area with three double bedrooms, one bathroom with bathtub, a reading area, a south-facing porch and views over the &#8220;Cerro del Esp\u00edritu Santo&#8221; of Vera and an east-facing terrace from where you can even see the sea on clear days.<\/p>\n<p><span class=\"Apple-converted-space\">\u00a0<\/span>\u2022 The farmhouse is sold unfurnished. It has PVC windows (wood effect) with double glazing for perfect thermal and acoustic insulation throughout the house and air conditioning installed in the living room.<\/p>\n<p>&nbsp;<\/p>\n<p>Vera is a municipality of the Levante de Almer\u00eda located just 7 kilometers from the popular beaches of Vera, Garrucha and Moj\u00e1car.<\/p>\n<p>With almost 16,000 population (INE 2019) it can be considered as the administrative capital of the Levante de Almer\u00eda region, with courts, banks, property registration and notaries. It also has a multitude of services of a small city such as medical center, schools (public and private), high schools, sports hall and an active public transport line that communicates with the beach of the same town, fabulous sandy beaches such as El Playazo of Vera or Cala Marqu\u00e9s where they also have fun for the little ones at the Puerto Rey Sports Center or the Vera Water Park.<\/p>\n<p>In addition, its excellent location changes it in an ideal place for golf lovers with 5 golf courses less than 15 km around being the closest ones: Golf Valle del Este, Golf Desert Springs and Golf Marina de la Torre.<\/p>\n<p>We remind you that the price marked does not include expenses in taxes and other derivatives of the purchase as notary and registration.<\/p>\n<p>Do not hesitate to contact to ZAR 2010 Real Estate Agency team to request more information or schedule a visit for this or any of our properties in Portfolio.<\/p>\n","protected":false},"excerpt":{"rendered":"<p>\u2022 Beautiful traditional Cortijo for sale in Vera Pueblo, Almer\u00eda. It is a Cortijo attached to a ruin, located just 1.5 km from the city center and only 9 km from the beaches of the municipality and neighboring Garrucha and Moj\u00e1car. With easy road access through a recently paved road and very close to all&#8230;<\/p>\n","protected":false},"author":3,"featured_media":16843,"parent":0,"menu_order":0,"comment_status":"closed","ping_status":"closed","template":"","property-feature":[249,237,245,239,241,435,244,248,247],"property-type":[163,43,321],"property-city":[323,201,270],"property-status":[166],"promocion":[],"class_list":["post-16935","property","type-property","status-publish","has-post-thumbnail","hentry","property-feature-aluminum-windows","property-feature-balcony","property-feature-courtyard","property-feature-fitted-kitchen","property-feature-garage","property-feature-garden","property-feature-private-garden","property-feature-storage-room","property-feature-terrace","property-type-country-houses","property-type-houses","property-type-residential","property-city-almeria-province","property-city-vera-en","property-city-pueblo-en","property-status-buy"],"acf":[],"yoast_head":"<!-- This site is optimized with the Yoast SEO Premium plugin v27.5 (Yoast SEO v27.5) - https:\/\/yoast.com\/product\/yoast-seo-premium-wordpress\/ -->\n<title>Refurbished country house en Garrucha, Vera y Moj\u00e1car - ZAR 2010<\/title>\n<meta name=\"description\" content=\"Country house with rustic land for sale outskirts fo the town of Vera. Great location with easy road access to the property.\" \/>\n<meta name=\"robots\" content=\"index, follow, max-snippet:-1, max-image-preview:large, max-video-preview:-1\" \/>\n<link rel=\"canonical\" href=\"https:\/\/zar2010.com\/property\/cortijo-reformado\/\" \/>\n<meta property=\"og:locale\" content=\"en_US\" \/>\n<meta property=\"og:type\" content=\"article\" \/>\n<meta property=\"og:title\" content=\"Refurbished country house\" \/>\n<meta property=\"og:description\" content=\"Country house with rustic land for sale outskirts fo the town of Vera. Great location with easy road access to the property.\" \/>\n<meta property=\"og:url\" content=\"https:\/\/zar2010.com\/property\/cortijo-reformado\/\" \/>\n<meta property=\"og:site_name\" content=\"ZAR 2010\" \/>\n<meta property=\"article:publisher\" content=\"https:\/\/www.facebook.com\/ZAR2010SL\/?locale=es_LA\" \/>\n<meta property=\"article:modified_time\" content=\"2024-11-12T09:49:52+00:00\" \/>\n<meta property=\"og:image\" content=\"https:\/\/zar2010.com\/wp-content\/uploads\/2023\/05\/VZ1526-Cortijo-Vera-Pueblo-1.jpg\" \/>\n\t<meta property=\"og:image:width\" content=\"1024\" \/>\n\t<meta property=\"og:image:height\" content=\"683\" \/>\n\t<meta property=\"og:image:type\" content=\"image\/jpeg\" \/>\n<meta name=\"twitter:card\" content=\"summary_large_image\" \/>\n<meta name=\"twitter:label1\" content=\"Est. reading time\" \/>\n\t<meta name=\"twitter:data1\" content=\"3 minutes\" \/>\n<script type=\"application\/ld+json\" class=\"yoast-schema-graph\">{\"@context\":\"https:\\\/\\\/schema.org\",\"@graph\":[{\"@type\":\"WebPage\",\"@id\":\"https:\\\/\\\/zar2010.com\\\/property\\\/cortijo-reformado\\\/\",\"url\":\"https:\\\/\\\/zar2010.com\\\/property\\\/cortijo-reformado\\\/\",\"name\":\"Refurbished country house en Garrucha, Vera y Moj\u00e1car - ZAR 2010\",\"isPartOf\":{\"@id\":\"https:\\\/\\\/zar2010.com\\\/en\\\/#website\"},\"primaryImageOfPage\":{\"@id\":\"https:\\\/\\\/zar2010.com\\\/property\\\/cortijo-reformado\\\/#primaryimage\"},\"image\":{\"@id\":\"https:\\\/\\\/zar2010.com\\\/property\\\/cortijo-reformado\\\/#primaryimage\"},\"thumbnailUrl\":\"https:\\\/\\\/zar2010.com\\\/wp-content\\\/uploads\\\/2023\\\/05\\\/VZ1526-Cortijo-Vera-Pueblo-1.jpg\",\"datePublished\":\"2023-05-03T11:19:29+00:00\",\"dateModified\":\"2024-11-12T09:49:52+00:00\",\"description\":\"Country house with rustic land for sale outskirts fo the town of Vera. Great location with easy road access to the property.\",\"breadcrumb\":{\"@id\":\"https:\\\/\\\/zar2010.com\\\/property\\\/cortijo-reformado\\\/#breadcrumb\"},\"inLanguage\":\"en-US\",\"potentialAction\":[{\"@type\":\"ReadAction\",\"target\":[\"https:\\\/\\\/zar2010.com\\\/property\\\/cortijo-reformado\\\/\"]}]},{\"@type\":\"ImageObject\",\"inLanguage\":\"en-US\",\"@id\":\"https:\\\/\\\/zar2010.com\\\/property\\\/cortijo-reformado\\\/#primaryimage\",\"url\":\"https:\\\/\\\/zar2010.com\\\/wp-content\\\/uploads\\\/2023\\\/05\\\/VZ1526-Cortijo-Vera-Pueblo-1.jpg\",\"contentUrl\":\"https:\\\/\\\/zar2010.com\\\/wp-content\\\/uploads\\\/2023\\\/05\\\/VZ1526-Cortijo-Vera-Pueblo-1.jpg\",\"width\":1024,\"height\":683},{\"@type\":\"BreadcrumbList\",\"@id\":\"https:\\\/\\\/zar2010.com\\\/property\\\/cortijo-reformado\\\/#breadcrumb\",\"itemListElement\":[{\"@type\":\"ListItem\",\"position\":1,\"name\":\"Portada\",\"item\":\"https:\\\/\\\/zar2010.com\\\/\"},{\"@type\":\"ListItem\",\"position\":2,\"name\":\"Propiedades\",\"item\":\"https:\\\/\\\/zar2010.com\\\/propiedad\\\/\"},{\"@type\":\"ListItem\",\"position\":3,\"name\":\"Refurbished country house\"}]},{\"@type\":\"WebSite\",\"@id\":\"https:\\\/\\\/zar2010.com\\\/en\\\/#website\",\"url\":\"https:\\\/\\\/zar2010.com\\\/en\\\/\",\"name\":\"ZAR 2010\",\"description\":\"Venta y alquiler de pisos en Garrucha, Moj\u00e1car, Vera...\",\"publisher\":{\"@id\":\"https:\\\/\\\/zar2010.com\\\/en\\\/#organization\"},\"potentialAction\":[{\"@type\":\"SearchAction\",\"target\":{\"@type\":\"EntryPoint\",\"urlTemplate\":\"https:\\\/\\\/zar2010.com\\\/en\\\/?s={search_term_string}\"},\"query-input\":{\"@type\":\"PropertyValueSpecification\",\"valueRequired\":true,\"valueName\":\"search_term_string\"}}],\"inLanguage\":\"en-US\"},{\"@type\":\"Organization\",\"@id\":\"https:\\\/\\\/zar2010.com\\\/en\\\/#organization\",\"name\":\"ZAR 2010\",\"url\":\"https:\\\/\\\/zar2010.com\\\/en\\\/\",\"logo\":{\"@type\":\"ImageObject\",\"inLanguage\":\"en-US\",\"@id\":\"https:\\\/\\\/zar2010.com\\\/en\\\/#\\\/schema\\\/logo\\\/image\\\/\",\"url\":\"https:\\\/\\\/zar2010.com\\\/wp-content\\\/uploads\\\/2023\\\/04\\\/ZAR-2010-LOGOTIPO_POSITIVO.png\",\"contentUrl\":\"https:\\\/\\\/zar2010.com\\\/wp-content\\\/uploads\\\/2023\\\/04\\\/ZAR-2010-LOGOTIPO_POSITIVO.png\",\"width\":943,\"height\":667,\"caption\":\"ZAR 2010\"},\"image\":{\"@id\":\"https:\\\/\\\/zar2010.com\\\/en\\\/#\\\/schema\\\/logo\\\/image\\\/\"},\"sameAs\":[\"https:\\\/\\\/www.facebook.com\\\/ZAR2010SL\\\/?locale=es_LA\",\"https:\\\/\\\/www.instagram.com\\\/zar2010_inmobiliaria\\\/channel\\\/\"],\"description\":\"Inmobiliaria ZAR 2010 \u2013 M\u00e1s de 25 a\u00f1os asesorando en la compra y venta de propiedades en el Levante Almeriense En ZAR 2010, llevamos m\u00e1s de dos d\u00e9cadas ofreciendo un servicio profesional, cercano y eficaz en el \u00e1mbito de la intermediaci\u00f3n inmobiliaria. Nuestra actividad se centra principalmente en la compraventa de pisos, apartamentos, villas, casas, d\u00faplex, chalets y terrenos en el Levante Almeriense, con especial presencia en Garrucha, Moj\u00e1car y Vera. Contamos con una amplia cartera de inmuebles cuidadosamente seleccionados, tanto en zonas residenciales consolidadas como en \u00e1reas de creciente inter\u00e9s inversor. Nuestra experiencia nos permite entender las particularidades de cada zona y adaptar nuestras soluciones a las necesidades reales de quienes desean comprar o vender una vivienda en la costa de Almer\u00eda. Un equipo con conocimiento local y compromiso profesional El profundo conocimiento que hemos adquirido a lo largo de m\u00e1s de 25 a\u00f1os en el mercado inmobiliario de Garrucha, Moj\u00e1car y Vera nos permite ofrecer un servicio riguroso y de calidad, basado en datos objetivos y una observaci\u00f3n continua del comportamiento del sector. Ofrecemos asesoramiento integral durante todo el proceso de compraventa, desde la valoraci\u00f3n inicial del inmueble hasta la firma ante notario, gestionando tambi\u00e9n todos los tr\u00e1mites legales, fiscales y registrales necesarios. Nuestro compromiso es actuar siempre con transparencia, eficacia y respeto por los intereses de nuestros clientes. Valores que construyen confianza En ZAR 2010, trabajamos sobre unos principios fundamentales: profesionalidad, honestidad y cercan\u00eda. Creemos en el valor de la palabra dada, en el trato personalizado y en la construcci\u00f3n de relaciones a largo plazo con nuestros clientes, colaboradores y socios. Cada operaci\u00f3n inmobiliaria es para nosotros una oportunidad de demostrar que la confianza sigue siendo el pilar m\u00e1s importante del \u00e9xito. Zonas de especializaci\u00f3n Nuestro \u00e1mbito de actuaci\u00f3n se extiende por la\",\"email\":\"info@zar2010.com\",\"telephone\":\"950132949\",\"legalName\":\"ZAR 2010\",\"foundingDate\":\"1995-05-01\",\"vatID\":\"B04694691\",\"taxID\":\"B04694691\",\"numberOfEmployees\":{\"@type\":\"QuantitativeValue\",\"minValue\":\"1\",\"maxValue\":\"10\"}}]}<\/script>\n<!-- \/ Yoast SEO Premium plugin. -->","yoast_head_json":{"title":"Refurbished country house en Garrucha, Vera y Moj\u00e1car - ZAR 2010","description":"Country house with rustic land for sale outskirts fo the town of Vera. Great location with easy road access to the property.","robots":{"index":"index","follow":"follow","max-snippet":"max-snippet:-1","max-image-preview":"max-image-preview:large","max-video-preview":"max-video-preview:-1"},"canonical":"https:\/\/zar2010.com\/property\/cortijo-reformado\/","og_locale":"en_US","og_type":"article","og_title":"Refurbished country house","og_description":"Country house with rustic land for sale outskirts fo the town of Vera. Great location with easy road access to the property.","og_url":"https:\/\/zar2010.com\/property\/cortijo-reformado\/","og_site_name":"ZAR 2010","article_publisher":"https:\/\/www.facebook.com\/ZAR2010SL\/?locale=es_LA","article_modified_time":"2024-11-12T09:49:52+00:00","og_image":[{"width":1024,"height":683,"url":"https:\/\/zar2010.com\/wp-content\/uploads\/2023\/05\/VZ1526-Cortijo-Vera-Pueblo-1.jpg","type":"image\/jpeg"}],"twitter_card":"summary_large_image","twitter_misc":{"Est. reading time":"3 minutes"},"schema":{"@context":"https:\/\/schema.org","@graph":[{"@type":"WebPage","@id":"https:\/\/zar2010.com\/property\/cortijo-reformado\/","url":"https:\/\/zar2010.com\/property\/cortijo-reformado\/","name":"Refurbished country house en Garrucha, Vera y Moj\u00e1car - ZAR 2010","isPartOf":{"@id":"https:\/\/zar2010.com\/en\/#website"},"primaryImageOfPage":{"@id":"https:\/\/zar2010.com\/property\/cortijo-reformado\/#primaryimage"},"image":{"@id":"https:\/\/zar2010.com\/property\/cortijo-reformado\/#primaryimage"},"thumbnailUrl":"https:\/\/zar2010.com\/wp-content\/uploads\/2023\/05\/VZ1526-Cortijo-Vera-Pueblo-1.jpg","datePublished":"2023-05-03T11:19:29+00:00","dateModified":"2024-11-12T09:49:52+00:00","description":"Country house with rustic land for sale outskirts fo the town of Vera. Great location with easy road access to the property.","breadcrumb":{"@id":"https:\/\/zar2010.com\/property\/cortijo-reformado\/#breadcrumb"},"inLanguage":"en-US","potentialAction":[{"@type":"ReadAction","target":["https:\/\/zar2010.com\/property\/cortijo-reformado\/"]}]},{"@type":"ImageObject","inLanguage":"en-US","@id":"https:\/\/zar2010.com\/property\/cortijo-reformado\/#primaryimage","url":"https:\/\/zar2010.com\/wp-content\/uploads\/2023\/05\/VZ1526-Cortijo-Vera-Pueblo-1.jpg","contentUrl":"https:\/\/zar2010.com\/wp-content\/uploads\/2023\/05\/VZ1526-Cortijo-Vera-Pueblo-1.jpg","width":1024,"height":683},{"@type":"BreadcrumbList","@id":"https:\/\/zar2010.com\/property\/cortijo-reformado\/#breadcrumb","itemListElement":[{"@type":"ListItem","position":1,"name":"Portada","item":"https:\/\/zar2010.com\/"},{"@type":"ListItem","position":2,"name":"Propiedades","item":"https:\/\/zar2010.com\/propiedad\/"},{"@type":"ListItem","position":3,"name":"Refurbished country house"}]},{"@type":"WebSite","@id":"https:\/\/zar2010.com\/en\/#website","url":"https:\/\/zar2010.com\/en\/","name":"ZAR 2010","description":"Venta y alquiler de pisos en Garrucha, Moj\u00e1car, Vera...","publisher":{"@id":"https:\/\/zar2010.com\/en\/#organization"},"potentialAction":[{"@type":"SearchAction","target":{"@type":"EntryPoint","urlTemplate":"https:\/\/zar2010.com\/en\/?s={search_term_string}"},"query-input":{"@type":"PropertyValueSpecification","valueRequired":true,"valueName":"search_term_string"}}],"inLanguage":"en-US"},{"@type":"Organization","@id":"https:\/\/zar2010.com\/en\/#organization","name":"ZAR 2010","url":"https:\/\/zar2010.com\/en\/","logo":{"@type":"ImageObject","inLanguage":"en-US","@id":"https:\/\/zar2010.com\/en\/#\/schema\/logo\/image\/","url":"https:\/\/zar2010.com\/wp-content\/uploads\/2023\/04\/ZAR-2010-LOGOTIPO_POSITIVO.png","contentUrl":"https:\/\/zar2010.com\/wp-content\/uploads\/2023\/04\/ZAR-2010-LOGOTIPO_POSITIVO.png","width":943,"height":667,"caption":"ZAR 2010"},"image":{"@id":"https:\/\/zar2010.com\/en\/#\/schema\/logo\/image\/"},"sameAs":["https:\/\/www.facebook.com\/ZAR2010SL\/?locale=es_LA","https:\/\/www.instagram.com\/zar2010_inmobiliaria\/channel\/"],"description":"Inmobiliaria ZAR 2010 \u2013 M\u00e1s de 25 a\u00f1os asesorando en la compra y venta de propiedades en el Levante Almeriense En ZAR 2010, llevamos m\u00e1s de dos d\u00e9cadas ofreciendo un servicio profesional, cercano y eficaz en el \u00e1mbito de la intermediaci\u00f3n inmobiliaria. Nuestra actividad se centra principalmente en la compraventa de pisos, apartamentos, villas, casas, d\u00faplex, chalets y terrenos en el Levante Almeriense, con especial presencia en Garrucha, Moj\u00e1car y Vera. Contamos con una amplia cartera de inmuebles cuidadosamente seleccionados, tanto en zonas residenciales consolidadas como en \u00e1reas de creciente inter\u00e9s inversor. Nuestra experiencia nos permite entender las particularidades de cada zona y adaptar nuestras soluciones a las necesidades reales de quienes desean comprar o vender una vivienda en la costa de Almer\u00eda. Un equipo con conocimiento local y compromiso profesional El profundo conocimiento que hemos adquirido a lo largo de m\u00e1s de 25 a\u00f1os en el mercado inmobiliario de Garrucha, Moj\u00e1car y Vera nos permite ofrecer un servicio riguroso y de calidad, basado en datos objetivos y una observaci\u00f3n continua del comportamiento del sector. Ofrecemos asesoramiento integral durante todo el proceso de compraventa, desde la valoraci\u00f3n inicial del inmueble hasta la firma ante notario, gestionando tambi\u00e9n todos los tr\u00e1mites legales, fiscales y registrales necesarios. Nuestro compromiso es actuar siempre con transparencia, eficacia y respeto por los intereses de nuestros clientes. Valores que construyen confianza En ZAR 2010, trabajamos sobre unos principios fundamentales: profesionalidad, honestidad y cercan\u00eda. Creemos en el valor de la palabra dada, en el trato personalizado y en la construcci\u00f3n de relaciones a largo plazo con nuestros clientes, colaboradores y socios. Cada operaci\u00f3n inmobiliaria es para nosotros una oportunidad de demostrar que la confianza sigue siendo el pilar m\u00e1s importante del \u00e9xito. Zonas de especializaci\u00f3n Nuestro \u00e1mbito de actuaci\u00f3n se extiende por la","email":"info@zar2010.com","telephone":"950132949","legalName":"ZAR 2010","foundingDate":"1995-05-01","vatID":"B04694691","taxID":"B04694691","numberOfEmployees":{"@type":"QuantitativeValue","minValue":"1","maxValue":"10"}}]}},"property_meta":{"REAL_HOMES_property_price":"350000","REAL_HOMES_property_old_price":"298000","REAL_HOMES_property_price_prefix":"","REAL_HOMES_property_price_postfix":"","REAL_HOMES_property_size":"237","REAL_HOMES_property_size_postfix":"m2","REAL_HOMES_property_lot_size":"10396","REAL_HOMES_property_lot_size_postfix":"m2","REAL_HOMES_property_bedrooms":"3","REAL_HOMES_property_bathrooms":"2","REAL_HOMES_property_garage":"2","REAL_HOMES_property_id":"VZ1526","REAL_HOMES_property_year_built":"1950","rvr_property_owner":"","REAL_HOMES_featured":"0","REAL_HOMES_additional_details_list":[],"REAL_HOMES_property_location":{"latitude":"37.25584877052","longitude":"-1.8661098039768","zoom":"16"},"REAL_HOMES_property_address":"Vera Pueblo, Pago San Ant\u00f3n","REAL_HOMES_property_map":"0","REAL_HOMES_property_images":[{"width":150,"height":35,"file":"2023\/05\/VZ1526-Cortijo-Vera-Pueblo-1.jpg","filesize":177254,"sizes":{"thumbnail":{"file":"VZ1526-Cortijo-Vera-Pueblo-1-150x35.jpg","width":150,"height":35,"mime-type":"image\/jpeg","filesize":2444,"url":"https:\/\/zar2010.com\/wp-content\/uploads\/2023\/05\/VZ1526-Cortijo-Vera-Pueblo-1-150x35.jpg"},"medium":{"file":"VZ1526-Cortijo-Vera-Pueblo-1-300x200.jpg","width":300,"height":200,"mime-type":"image\/jpeg","filesize":18424,"url":"https:\/\/zar2010.com\/wp-content\/uploads\/2023\/05\/VZ1526-Cortijo-Vera-Pueblo-1-300x200.jpg"},"medium_large":{"file":"VZ1526-Cortijo-Vera-Pueblo-1-768x512.jpg","width":768,"height":512,"mime-type":"image\/jpeg","filesize":108033,"url":"https:\/\/zar2010.com\/wp-content\/uploads\/2023\/05\/VZ1526-Cortijo-Vera-Pueblo-1-768x512.jpg"},"post-thumbnail":{"file":"VZ1526-Cortijo-Vera-Pueblo-1-150x100.jpg","width":150,"height":100,"mime-type":"image\/jpeg","filesize":5554,"url":"https:\/\/zar2010.com\/wp-content\/uploads\/2023\/05\/VZ1526-Cortijo-Vera-Pueblo-1-150x100.jpg"},"modern-property-child-slider":{"file":"VZ1526-Cortijo-Vera-Pueblo-1-680x510.jpg","width":680,"height":510,"mime-type":"image\/jpeg","filesize":98148,"url":"https:\/\/zar2010.com\/wp-content\/uploads\/2023\/05\/VZ1526-Cortijo-Vera-Pueblo-1-680x510.jpg"},"property-thumb-image":{"file":"VZ1526-Cortijo-Vera-Pueblo-1-488x326.jpg","width":488,"height":326,"mime-type":"image\/jpeg","filesize":46467,"url":"https:\/\/zar2010.com\/wp-content\/uploads\/2023\/05\/VZ1526-Cortijo-Vera-Pueblo-1-488x326.jpg"},"property-detail-video-image":{"file":"VZ1526-Cortijo-Vera-Pueblo-1-818x417.jpg","width":818,"height":417,"mime-type":"image\/jpeg","filesize":95611,"url":"https:\/\/zar2010.com\/wp-content\/uploads\/2023\/05\/VZ1526-Cortijo-Vera-Pueblo-1-818x417.jpg"},"agent-image":{"file":"VZ1526-Cortijo-Vera-Pueblo-1-210x210.jpg","width":210,"height":210,"mime-type":"image\/jpeg","filesize":14370,"url":"https:\/\/zar2010.com\/wp-content\/uploads\/2023\/05\/VZ1526-Cortijo-Vera-Pueblo-1-210x210.jpg"},"partners-logo":{"file":"VZ1526-Cortijo-Vera-Pueblo-1-600x683.jpg","width":600,"height":683,"mime-type":"image\/jpeg","filesize":137916,"url":"https:\/\/zar2010.com\/wp-content\/uploads\/2023\/05\/VZ1526-Cortijo-Vera-Pueblo-1-600x683.jpg"}},"image_meta":{"aperture":"0","credit":"","camera":"","caption":"","created_timestamp":"0","copyright":"","focal_length":"0","iso":"0","shutter_speed":"0","title":"","orientation":"0","keywords":[]},"ID":"16842","name":"VZ1526-Cortijo-Vera-Pueblo-1.jpg","path":"\/home\/zarcomt\/www\/wp-content\/uploads\/2023\/05\/VZ1526-Cortijo-Vera-Pueblo-1.jpg","url":"https:\/\/zar2010.com\/wp-content\/uploads\/2023\/05\/VZ1526-Cortijo-Vera-Pueblo-1-150x35.jpg","full_url":"https:\/\/zar2010.com\/wp-content\/uploads\/2023\/05\/VZ1526-Cortijo-Vera-Pueblo-1.jpg","title":"VZ1526 Cortijo Vera Pueblo - 1","caption":"","description":"","alt":"","srcset":false},{"width":150,"height":35,"file":"2023\/05\/VZ1526-Cortijo-Vera-Pueblo-2.jpg","filesize":172686,"sizes":{"thumbnail":{"file":"VZ1526-Cortijo-Vera-Pueblo-2-150x35.jpg","width":150,"height":35,"mime-type":"image\/jpeg","filesize":2219,"url":"https:\/\/zar2010.com\/wp-content\/uploads\/2023\/05\/VZ1526-Cortijo-Vera-Pueblo-2-150x35.jpg"},"medium":{"file":"VZ1526-Cortijo-Vera-Pueblo-2-300x200.jpg","width":300,"height":200,"mime-type":"image\/jpeg","filesize":16745,"url":"https:\/\/zar2010.com\/wp-content\/uploads\/2023\/05\/VZ1526-Cortijo-Vera-Pueblo-2-300x200.jpg"},"medium_large":{"file":"VZ1526-Cortijo-Vera-Pueblo-2-768x512.jpg","width":768,"height":512,"mime-type":"image\/jpeg","filesize":104960,"url":"https:\/\/zar2010.com\/wp-content\/uploads\/2023\/05\/VZ1526-Cortijo-Vera-Pueblo-2-768x512.jpg"},"post-thumbnail":{"file":"VZ1526-Cortijo-Vera-Pueblo-2-150x100.jpg","width":150,"height":100,"mime-type":"image\/jpeg","filesize":4667,"url":"https:\/\/zar2010.com\/wp-content\/uploads\/2023\/05\/VZ1526-Cortijo-Vera-Pueblo-2-150x100.jpg"},"modern-property-child-slider":{"file":"VZ1526-Cortijo-Vera-Pueblo-2-680x510.jpg","width":680,"height":510,"mime-type":"image\/jpeg","filesize":94295,"url":"https:\/\/zar2010.com\/wp-content\/uploads\/2023\/05\/VZ1526-Cortijo-Vera-Pueblo-2-680x510.jpg"},"property-thumb-image":{"file":"VZ1526-Cortijo-Vera-Pueblo-2-488x326.jpg","width":488,"height":326,"mime-type":"image\/jpeg","filesize":44309,"url":"https:\/\/zar2010.com\/wp-content\/uploads\/2023\/05\/VZ1526-Cortijo-Vera-Pueblo-2-488x326.jpg"},"property-detail-video-image":{"file":"VZ1526-Cortijo-Vera-Pueblo-2-818x417.jpg","width":818,"height":417,"mime-type":"image\/jpeg","filesize":93027,"url":"https:\/\/zar2010.com\/wp-content\/uploads\/2023\/05\/VZ1526-Cortijo-Vera-Pueblo-2-818x417.jpg"},"agent-image":{"file":"VZ1526-Cortijo-Vera-Pueblo-2-210x210.jpg","width":210,"height":210,"mime-type":"image\/jpeg","filesize":12990,"url":"https:\/\/zar2010.com\/wp-content\/uploads\/2023\/05\/VZ1526-Cortijo-Vera-Pueblo-2-210x210.jpg"},"partners-logo":{"file":"VZ1526-Cortijo-Vera-Pueblo-2-600x683.jpg","width":600,"height":683,"mime-type":"image\/jpeg","filesize":123805,"url":"https:\/\/zar2010.com\/wp-content\/uploads\/2023\/05\/VZ1526-Cortijo-Vera-Pueblo-2-600x683.jpg"}},"image_meta":{"aperture":"0","credit":"","camera":"","caption":"","created_timestamp":"0","copyright":"","focal_length":"0","iso":"0","shutter_speed":"0","title":"","orientation":"0","keywords":[]},"ID":"16844","name":"VZ1526-Cortijo-Vera-Pueblo-2.jpg","path":"\/home\/zarcomt\/www\/wp-content\/uploads\/2023\/05\/VZ1526-Cortijo-Vera-Pueblo-2.jpg","url":"https:\/\/zar2010.com\/wp-content\/uploads\/2023\/05\/VZ1526-Cortijo-Vera-Pueblo-2-150x35.jpg","full_url":"https:\/\/zar2010.com\/wp-content\/uploads\/2023\/05\/VZ1526-Cortijo-Vera-Pueblo-2.jpg","title":"VZ1526 Cortijo Vera Pueblo - 2","caption":"","description":"","alt":"","srcset":false},{"width":150,"height":35,"file":"2023\/05\/VZ1526-Cortijo-Vera-Pueblo-3.jpg","filesize":179417,"sizes":{"thumbnail":{"file":"VZ1526-Cortijo-Vera-Pueblo-3-150x35.jpg","width":150,"height":35,"mime-type":"image\/jpeg","filesize":2558,"url":"https:\/\/zar2010.com\/wp-content\/uploads\/2023\/05\/VZ1526-Cortijo-Vera-Pueblo-3-150x35.jpg"},"medium":{"file":"VZ1526-Cortijo-Vera-Pueblo-3-300x200.jpg","width":300,"height":200,"mime-type":"image\/jpeg","filesize":19356,"url":"https:\/\/zar2010.com\/wp-content\/uploads\/2023\/05\/VZ1526-Cortijo-Vera-Pueblo-3-300x200.jpg"},"medium_large":{"file":"VZ1526-Cortijo-Vera-Pueblo-3-768x512.jpg","width":768,"height":512,"mime-type":"image\/jpeg","filesize":110472,"url":"https:\/\/zar2010.com\/wp-content\/uploads\/2023\/05\/VZ1526-Cortijo-Vera-Pueblo-3-768x512.jpg"},"post-thumbnail":{"file":"VZ1526-Cortijo-Vera-Pueblo-3-150x100.jpg","width":150,"height":100,"mime-type":"image\/jpeg","filesize":5852,"url":"https:\/\/zar2010.com\/wp-content\/uploads\/2023\/05\/VZ1526-Cortijo-Vera-Pueblo-3-150x100.jpg"},"modern-property-child-slider":{"file":"VZ1526-Cortijo-Vera-Pueblo-3-680x510.jpg","width":680,"height":510,"mime-type":"image\/jpeg","filesize":99645,"url":"https:\/\/zar2010.com\/wp-content\/uploads\/2023\/05\/VZ1526-Cortijo-Vera-Pueblo-3-680x510.jpg"},"property-thumb-image":{"file":"VZ1526-Cortijo-Vera-Pueblo-3-488x326.jpg","width":488,"height":326,"mime-type":"image\/jpeg","filesize":48229,"url":"https:\/\/zar2010.com\/wp-content\/uploads\/2023\/05\/VZ1526-Cortijo-Vera-Pueblo-3-488x326.jpg"},"property-detail-video-image":{"file":"VZ1526-Cortijo-Vera-Pueblo-3-818x417.jpg","width":818,"height":417,"mime-type":"image\/jpeg","filesize":97151,"url":"https:\/\/zar2010.com\/wp-content\/uploads\/2023\/05\/VZ1526-Cortijo-Vera-Pueblo-3-818x417.jpg"},"agent-image":{"file":"VZ1526-Cortijo-Vera-Pueblo-3-210x210.jpg","width":210,"height":210,"mime-type":"image\/jpeg","filesize":14267,"url":"https:\/\/zar2010.com\/wp-content\/uploads\/2023\/05\/VZ1526-Cortijo-Vera-Pueblo-3-210x210.jpg"},"partners-logo":{"file":"VZ1526-Cortijo-Vera-Pueblo-3-600x683.jpg","width":600,"height":683,"mime-type":"image\/jpeg","filesize":129131,"url":"https:\/\/zar2010.com\/wp-content\/uploads\/2023\/05\/VZ1526-Cortijo-Vera-Pueblo-3-600x683.jpg"}},"image_meta":{"aperture":"0","credit":"","camera":"","caption":"","created_timestamp":"0","copyright":"","focal_length":"0","iso":"0","shutter_speed":"0","title":"","orientation":"0","keywords":[]},"ID":"16846","name":"VZ1526-Cortijo-Vera-Pueblo-3.jpg","path":"\/home\/zarcomt\/www\/wp-content\/uploads\/2023\/05\/VZ1526-Cortijo-Vera-Pueblo-3.jpg","url":"https:\/\/zar2010.com\/wp-content\/uploads\/2023\/05\/VZ1526-Cortijo-Vera-Pueblo-3-150x35.jpg","full_url":"https:\/\/zar2010.com\/wp-content\/uploads\/2023\/05\/VZ1526-Cortijo-Vera-Pueblo-3.jpg","title":"VZ1526 Cortijo Vera Pueblo - 3","caption":"","description":"","alt":"","srcset":false},{"width":150,"height":35,"file":"2023\/05\/VZ1526-Cortijo-Vera-Pueblo-4.jpg","filesize":174545,"sizes":{"thumbnail":{"file":"VZ1526-Cortijo-Vera-Pueblo-4-150x35.jpg","width":150,"height":35,"mime-type":"image\/jpeg","filesize":2545,"url":"https:\/\/zar2010.com\/wp-content\/uploads\/2023\/05\/VZ1526-Cortijo-Vera-Pueblo-4-150x35.jpg"},"medium":{"file":"VZ1526-Cortijo-Vera-Pueblo-4-300x200.jpg","width":300,"height":200,"mime-type":"image\/jpeg","filesize":16523,"url":"https:\/\/zar2010.com\/wp-content\/uploads\/2023\/05\/VZ1526-Cortijo-Vera-Pueblo-4-300x200.jpg"},"medium_large":{"file":"VZ1526-Cortijo-Vera-Pueblo-4-768x512.jpg","width":768,"height":512,"mime-type":"image\/jpeg","filesize":104182,"url":"https:\/\/zar2010.com\/wp-content\/uploads\/2023\/05\/VZ1526-Cortijo-Vera-Pueblo-4-768x512.jpg"},"post-thumbnail":{"file":"VZ1526-Cortijo-Vera-Pueblo-4-150x100.jpg","width":150,"height":100,"mime-type":"image\/jpeg","filesize":4843,"url":"https:\/\/zar2010.com\/wp-content\/uploads\/2023\/05\/VZ1526-Cortijo-Vera-Pueblo-4-150x100.jpg"},"modern-property-child-slider":{"file":"VZ1526-Cortijo-Vera-Pueblo-4-680x510.jpg","width":680,"height":510,"mime-type":"image\/jpeg","filesize":93481,"url":"https:\/\/zar2010.com\/wp-content\/uploads\/2023\/05\/VZ1526-Cortijo-Vera-Pueblo-4-680x510.jpg"},"property-thumb-image":{"file":"VZ1526-Cortijo-Vera-Pueblo-4-488x326.jpg","width":488,"height":326,"mime-type":"image\/jpeg","filesize":42966,"url":"https:\/\/zar2010.com\/wp-content\/uploads\/2023\/05\/VZ1526-Cortijo-Vera-Pueblo-4-488x326.jpg"},"property-detail-video-image":{"file":"VZ1526-Cortijo-Vera-Pueblo-4-818x417.jpg","width":818,"height":417,"mime-type":"image\/jpeg","filesize":93202,"url":"https:\/\/zar2010.com\/wp-content\/uploads\/2023\/05\/VZ1526-Cortijo-Vera-Pueblo-4-818x417.jpg"},"agent-image":{"file":"VZ1526-Cortijo-Vera-Pueblo-4-210x210.jpg","width":210,"height":210,"mime-type":"image\/jpeg","filesize":13052,"url":"https:\/\/zar2010.com\/wp-content\/uploads\/2023\/05\/VZ1526-Cortijo-Vera-Pueblo-4-210x210.jpg"},"partners-logo":{"file":"VZ1526-Cortijo-Vera-Pueblo-4-600x683.jpg","width":600,"height":683,"mime-type":"image\/jpeg","filesize":127819,"url":"https:\/\/zar2010.com\/wp-content\/uploads\/2023\/05\/VZ1526-Cortijo-Vera-Pueblo-4-600x683.jpg"}},"image_meta":{"aperture":"0","credit":"","camera":"","caption":"","created_timestamp":"0","copyright":"","focal_length":"0","iso":"0","shutter_speed":"0","title":"","orientation":"0","keywords":[]},"ID":"16848","name":"VZ1526-Cortijo-Vera-Pueblo-4.jpg","path":"\/home\/zarcomt\/www\/wp-content\/uploads\/2023\/05\/VZ1526-Cortijo-Vera-Pueblo-4.jpg","url":"https:\/\/zar2010.com\/wp-content\/uploads\/2023\/05\/VZ1526-Cortijo-Vera-Pueblo-4-150x35.jpg","full_url":"https:\/\/zar2010.com\/wp-content\/uploads\/2023\/05\/VZ1526-Cortijo-Vera-Pueblo-4.jpg","title":"VZ1526 Cortijo Vera Pueblo - 4","caption":"","description":"","alt":"","srcset":false},{"width":150,"height":35,"file":"2023\/05\/VZ1526-Cortijo-Vera-Pueblo-5.jpg","filesize":133578,"sizes":{"thumbnail":{"file":"VZ1526-Cortijo-Vera-Pueblo-5-150x35.jpg","width":150,"height":35,"mime-type":"image\/jpeg","filesize":2392,"url":"https:\/\/zar2010.com\/wp-content\/uploads\/2023\/05\/VZ1526-Cortijo-Vera-Pueblo-5-150x35.jpg"},"medium":{"file":"VZ1526-Cortijo-Vera-Pueblo-5-300x200.jpg","width":300,"height":200,"mime-type":"image\/jpeg","filesize":13265,"url":"https:\/\/zar2010.com\/wp-content\/uploads\/2023\/05\/VZ1526-Cortijo-Vera-Pueblo-5-300x200.jpg"},"medium_large":{"file":"VZ1526-Cortijo-Vera-Pueblo-5-768x512.jpg","width":768,"height":512,"mime-type":"image\/jpeg","filesize":79057,"url":"https:\/\/zar2010.com\/wp-content\/uploads\/2023\/05\/VZ1526-Cortijo-Vera-Pueblo-5-768x512.jpg"},"post-thumbnail":{"file":"VZ1526-Cortijo-Vera-Pueblo-5-150x100.jpg","width":150,"height":100,"mime-type":"image\/jpeg","filesize":4078,"url":"https:\/\/zar2010.com\/wp-content\/uploads\/2023\/05\/VZ1526-Cortijo-Vera-Pueblo-5-150x100.jpg"},"modern-property-child-slider":{"file":"VZ1526-Cortijo-Vera-Pueblo-5-680x510.jpg","width":680,"height":510,"mime-type":"image\/jpeg","filesize":70021,"url":"https:\/\/zar2010.com\/wp-content\/uploads\/2023\/05\/VZ1526-Cortijo-Vera-Pueblo-5-680x510.jpg"},"property-thumb-image":{"file":"VZ1526-Cortijo-Vera-Pueblo-5-488x326.jpg","width":488,"height":326,"mime-type":"image\/jpeg","filesize":32971,"url":"https:\/\/zar2010.com\/wp-content\/uploads\/2023\/05\/VZ1526-Cortijo-Vera-Pueblo-5-488x326.jpg"},"property-detail-video-image":{"file":"VZ1526-Cortijo-Vera-Pueblo-5-818x417.jpg","width":818,"height":417,"mime-type":"image\/jpeg","filesize":71302,"url":"https:\/\/zar2010.com\/wp-content\/uploads\/2023\/05\/VZ1526-Cortijo-Vera-Pueblo-5-818x417.jpg"},"agent-image":{"file":"VZ1526-Cortijo-Vera-Pueblo-5-210x210.jpg","width":210,"height":210,"mime-type":"image\/jpeg","filesize":9690,"url":"https:\/\/zar2010.com\/wp-content\/uploads\/2023\/05\/VZ1526-Cortijo-Vera-Pueblo-5-210x210.jpg"},"partners-logo":{"file":"VZ1526-Cortijo-Vera-Pueblo-5-600x683.jpg","width":600,"height":683,"mime-type":"image\/jpeg","filesize":93323,"url":"https:\/\/zar2010.com\/wp-content\/uploads\/2023\/05\/VZ1526-Cortijo-Vera-Pueblo-5-600x683.jpg"}},"image_meta":{"aperture":"0","credit":"","camera":"","caption":"","created_timestamp":"0","copyright":"","focal_length":"0","iso":"0","shutter_speed":"0","title":"","orientation":"0","keywords":[]},"ID":"16850","name":"VZ1526-Cortijo-Vera-Pueblo-5.jpg","path":"\/home\/zarcomt\/www\/wp-content\/uploads\/2023\/05\/VZ1526-Cortijo-Vera-Pueblo-5.jpg","url":"https:\/\/zar2010.com\/wp-content\/uploads\/2023\/05\/VZ1526-Cortijo-Vera-Pueblo-5-150x35.jpg","full_url":"https:\/\/zar2010.com\/wp-content\/uploads\/2023\/05\/VZ1526-Cortijo-Vera-Pueblo-5.jpg","title":"VZ1526 Cortijo Vera Pueblo - 5","caption":"","description":"","alt":"","srcset":false},{"width":150,"height":35,"file":"2023\/05\/VZ1526-Cortijo-Vera-Pueblo-6.jpg","filesize":186402,"sizes":{"thumbnail":{"file":"VZ1526-Cortijo-Vera-Pueblo-6-150x35.jpg","width":150,"height":35,"mime-type":"image\/jpeg","filesize":2486,"url":"https:\/\/zar2010.com\/wp-content\/uploads\/2023\/05\/VZ1526-Cortijo-Vera-Pueblo-6-150x35.jpg"},"medium":{"file":"VZ1526-Cortijo-Vera-Pueblo-6-300x200.jpg","width":300,"height":200,"mime-type":"image\/jpeg","filesize":19334,"url":"https:\/\/zar2010.com\/wp-content\/uploads\/2023\/05\/VZ1526-Cortijo-Vera-Pueblo-6-300x200.jpg"},"medium_large":{"file":"VZ1526-Cortijo-Vera-Pueblo-6-768x512.jpg","width":768,"height":512,"mime-type":"image\/jpeg","filesize":114421,"url":"https:\/\/zar2010.com\/wp-content\/uploads\/2023\/05\/VZ1526-Cortijo-Vera-Pueblo-6-768x512.jpg"},"post-thumbnail":{"file":"VZ1526-Cortijo-Vera-Pueblo-6-150x100.jpg","width":150,"height":100,"mime-type":"image\/jpeg","filesize":5674,"url":"https:\/\/zar2010.com\/wp-content\/uploads\/2023\/05\/VZ1526-Cortijo-Vera-Pueblo-6-150x100.jpg"},"modern-property-child-slider":{"file":"VZ1526-Cortijo-Vera-Pueblo-6-680x510.jpg","width":680,"height":510,"mime-type":"image\/jpeg","filesize":102391,"url":"https:\/\/zar2010.com\/wp-content\/uploads\/2023\/05\/VZ1526-Cortijo-Vera-Pueblo-6-680x510.jpg"},"property-thumb-image":{"file":"VZ1526-Cortijo-Vera-Pueblo-6-488x326.jpg","width":488,"height":326,"mime-type":"image\/jpeg","filesize":49227,"url":"https:\/\/zar2010.com\/wp-content\/uploads\/2023\/05\/VZ1526-Cortijo-Vera-Pueblo-6-488x326.jpg"},"property-detail-video-image":{"file":"VZ1526-Cortijo-Vera-Pueblo-6-818x417.jpg","width":818,"height":417,"mime-type":"image\/jpeg","filesize":96277,"url":"https:\/\/zar2010.com\/wp-content\/uploads\/2023\/05\/VZ1526-Cortijo-Vera-Pueblo-6-818x417.jpg"},"agent-image":{"file":"VZ1526-Cortijo-Vera-Pueblo-6-210x210.jpg","width":210,"height":210,"mime-type":"image\/jpeg","filesize":14507,"url":"https:\/\/zar2010.com\/wp-content\/uploads\/2023\/05\/VZ1526-Cortijo-Vera-Pueblo-6-210x210.jpg"},"partners-logo":{"file":"VZ1526-Cortijo-Vera-Pueblo-6-600x683.jpg","width":600,"height":683,"mime-type":"image\/jpeg","filesize":134679,"url":"https:\/\/zar2010.com\/wp-content\/uploads\/2023\/05\/VZ1526-Cortijo-Vera-Pueblo-6-600x683.jpg"}},"image_meta":{"aperture":"0","credit":"","camera":"","caption":"","created_timestamp":"0","copyright":"","focal_length":"0","iso":"0","shutter_speed":"0","title":"","orientation":"0","keywords":[]},"ID":"16852","name":"VZ1526-Cortijo-Vera-Pueblo-6.jpg","path":"\/home\/zarcomt\/www\/wp-content\/uploads\/2023\/05\/VZ1526-Cortijo-Vera-Pueblo-6.jpg","url":"https:\/\/zar2010.com\/wp-content\/uploads\/2023\/05\/VZ1526-Cortijo-Vera-Pueblo-6-150x35.jpg","full_url":"https:\/\/zar2010.com\/wp-content\/uploads\/2023\/05\/VZ1526-Cortijo-Vera-Pueblo-6.jpg","title":"VZ1526 Cortijo Vera Pueblo - 6","caption":"","description":"","alt":"","srcset":false},{"width":150,"height":35,"file":"2023\/05\/VZ1526-Cortijo-Vera-Pueblo-7.jpg","filesize":222054,"sizes":{"thumbnail":{"file":"VZ1526-Cortijo-Vera-Pueblo-7-150x35.jpg","width":150,"height":35,"mime-type":"image\/jpeg","filesize":3108,"url":"https:\/\/zar2010.com\/wp-content\/uploads\/2023\/05\/VZ1526-Cortijo-Vera-Pueblo-7-150x35.jpg"},"medium":{"file":"VZ1526-Cortijo-Vera-Pueblo-7-300x200.jpg","width":300,"height":200,"mime-type":"image\/jpeg","filesize":21229,"url":"https:\/\/zar2010.com\/wp-content\/uploads\/2023\/05\/VZ1526-Cortijo-Vera-Pueblo-7-300x200.jpg"},"medium_large":{"file":"VZ1526-Cortijo-Vera-Pueblo-7-768x512.jpg","width":768,"height":512,"mime-type":"image\/jpeg","filesize":131266,"url":"https:\/\/zar2010.com\/wp-content\/uploads\/2023\/05\/VZ1526-Cortijo-Vera-Pueblo-7-768x512.jpg"},"post-thumbnail":{"file":"VZ1526-Cortijo-Vera-Pueblo-7-150x100.jpg","width":150,"height":100,"mime-type":"image\/jpeg","filesize":6203,"url":"https:\/\/zar2010.com\/wp-content\/uploads\/2023\/05\/VZ1526-Cortijo-Vera-Pueblo-7-150x100.jpg"},"modern-property-child-slider":{"file":"VZ1526-Cortijo-Vera-Pueblo-7-680x510.jpg","width":680,"height":510,"mime-type":"image\/jpeg","filesize":117477,"url":"https:\/\/zar2010.com\/wp-content\/uploads\/2023\/05\/VZ1526-Cortijo-Vera-Pueblo-7-680x510.jpg"},"property-thumb-image":{"file":"VZ1526-Cortijo-Vera-Pueblo-7-488x326.jpg","width":488,"height":326,"mime-type":"image\/jpeg","filesize":55096,"url":"https:\/\/zar2010.com\/wp-content\/uploads\/2023\/05\/VZ1526-Cortijo-Vera-Pueblo-7-488x326.jpg"},"property-detail-video-image":{"file":"VZ1526-Cortijo-Vera-Pueblo-7-818x417.jpg","width":818,"height":417,"mime-type":"image\/jpeg","filesize":116716,"url":"https:\/\/zar2010.com\/wp-content\/uploads\/2023\/05\/VZ1526-Cortijo-Vera-Pueblo-7-818x417.jpg"},"agent-image":{"file":"VZ1526-Cortijo-Vera-Pueblo-7-210x210.jpg","width":210,"height":210,"mime-type":"image\/jpeg","filesize":16893,"url":"https:\/\/zar2010.com\/wp-content\/uploads\/2023\/05\/VZ1526-Cortijo-Vera-Pueblo-7-210x210.jpg"},"partners-logo":{"file":"VZ1526-Cortijo-Vera-Pueblo-7-600x683.jpg","width":600,"height":683,"mime-type":"image\/jpeg","filesize":154937,"url":"https:\/\/zar2010.com\/wp-content\/uploads\/2023\/05\/VZ1526-Cortijo-Vera-Pueblo-7-600x683.jpg"}},"image_meta":{"aperture":"0","credit":"","camera":"","caption":"","created_timestamp":"0","copyright":"","focal_length":"0","iso":"0","shutter_speed":"0","title":"","orientation":"0","keywords":[]},"ID":"16854","name":"VZ1526-Cortijo-Vera-Pueblo-7.jpg","path":"\/home\/zarcomt\/www\/wp-content\/uploads\/2023\/05\/VZ1526-Cortijo-Vera-Pueblo-7.jpg","url":"https:\/\/zar2010.com\/wp-content\/uploads\/2023\/05\/VZ1526-Cortijo-Vera-Pueblo-7-150x35.jpg","full_url":"https:\/\/zar2010.com\/wp-content\/uploads\/2023\/05\/VZ1526-Cortijo-Vera-Pueblo-7.jpg","title":"VZ1526 Cortijo Vera Pueblo - 7","caption":"","description":"","alt":"","srcset":false},{"width":150,"height":35,"file":"2023\/05\/VZ1526-Cortijo-Vera-Pueblo-8.jpg","filesize":231289,"sizes":{"thumbnail":{"file":"VZ1526-Cortijo-Vera-Pueblo-8-150x35.jpg","width":150,"height":35,"mime-type":"image\/jpeg","filesize":2803,"url":"https:\/\/zar2010.com\/wp-content\/uploads\/2023\/05\/VZ1526-Cortijo-Vera-Pueblo-8-150x35.jpg"},"medium":{"file":"VZ1526-Cortijo-Vera-Pueblo-8-300x200.jpg","width":300,"height":200,"mime-type":"image\/jpeg","filesize":20770,"url":"https:\/\/zar2010.com\/wp-content\/uploads\/2023\/05\/VZ1526-Cortijo-Vera-Pueblo-8-300x200.jpg"},"medium_large":{"file":"VZ1526-Cortijo-Vera-Pueblo-8-768x512.jpg","width":768,"height":512,"mime-type":"image\/jpeg","filesize":133718,"url":"https:\/\/zar2010.com\/wp-content\/uploads\/2023\/05\/VZ1526-Cortijo-Vera-Pueblo-8-768x512.jpg"},"post-thumbnail":{"file":"VZ1526-Cortijo-Vera-Pueblo-8-150x100.jpg","width":150,"height":100,"mime-type":"image\/jpeg","filesize":5891,"url":"https:\/\/zar2010.com\/wp-content\/uploads\/2023\/05\/VZ1526-Cortijo-Vera-Pueblo-8-150x100.jpg"},"modern-property-child-slider":{"file":"VZ1526-Cortijo-Vera-Pueblo-8-680x510.jpg","width":680,"height":510,"mime-type":"image\/jpeg","filesize":117373,"url":"https:\/\/zar2010.com\/wp-content\/uploads\/2023\/05\/VZ1526-Cortijo-Vera-Pueblo-8-680x510.jpg"},"property-thumb-image":{"file":"VZ1526-Cortijo-Vera-Pueblo-8-488x326.jpg","width":488,"height":326,"mime-type":"image\/jpeg","filesize":54708,"url":"https:\/\/zar2010.com\/wp-content\/uploads\/2023\/05\/VZ1526-Cortijo-Vera-Pueblo-8-488x326.jpg"},"property-detail-video-image":{"file":"VZ1526-Cortijo-Vera-Pueblo-8-818x417.jpg","width":818,"height":417,"mime-type":"image\/jpeg","filesize":124049,"url":"https:\/\/zar2010.com\/wp-content\/uploads\/2023\/05\/VZ1526-Cortijo-Vera-Pueblo-8-818x417.jpg"},"agent-image":{"file":"VZ1526-Cortijo-Vera-Pueblo-8-210x210.jpg","width":210,"height":210,"mime-type":"image\/jpeg","filesize":15792,"url":"https:\/\/zar2010.com\/wp-content\/uploads\/2023\/05\/VZ1526-Cortijo-Vera-Pueblo-8-210x210.jpg"},"partners-logo":{"file":"VZ1526-Cortijo-Vera-Pueblo-8-600x683.jpg","width":600,"height":683,"mime-type":"image\/jpeg","filesize":153118,"url":"https:\/\/zar2010.com\/wp-content\/uploads\/2023\/05\/VZ1526-Cortijo-Vera-Pueblo-8-600x683.jpg"}},"image_meta":{"aperture":"0","credit":"","camera":"","caption":"","created_timestamp":"0","copyright":"","focal_length":"0","iso":"0","shutter_speed":"0","title":"","orientation":"0","keywords":[]},"ID":"16856","name":"VZ1526-Cortijo-Vera-Pueblo-8.jpg","path":"\/home\/zarcomt\/www\/wp-content\/uploads\/2023\/05\/VZ1526-Cortijo-Vera-Pueblo-8.jpg","url":"https:\/\/zar2010.com\/wp-content\/uploads\/2023\/05\/VZ1526-Cortijo-Vera-Pueblo-8-150x35.jpg","full_url":"https:\/\/zar2010.com\/wp-content\/uploads\/2023\/05\/VZ1526-Cortijo-Vera-Pueblo-8.jpg","title":"VZ1526 Cortijo Vera Pueblo - 8","caption":"","description":"","alt":"","srcset":false},{"width":150,"height":35,"file":"2023\/05\/VZ1526-Cortijo-Vera-Pueblo-9.jpg","filesize":146042,"sizes":{"thumbnail":{"file":"VZ1526-Cortijo-Vera-Pueblo-9-150x35.jpg","width":150,"height":35,"mime-type":"image\/jpeg","filesize":2439,"url":"https:\/\/zar2010.com\/wp-content\/uploads\/2023\/05\/VZ1526-Cortijo-Vera-Pueblo-9-150x35.jpg"},"medium":{"file":"VZ1526-Cortijo-Vera-Pueblo-9-300x200.jpg","width":300,"height":200,"mime-type":"image\/jpeg","filesize":16713,"url":"https:\/\/zar2010.com\/wp-content\/uploads\/2023\/05\/VZ1526-Cortijo-Vera-Pueblo-9-300x200.jpg"},"medium_large":{"file":"VZ1526-Cortijo-Vera-Pueblo-9-768x512.jpg","width":768,"height":512,"mime-type":"image\/jpeg","filesize":90948,"url":"https:\/\/zar2010.com\/wp-content\/uploads\/2023\/05\/VZ1526-Cortijo-Vera-Pueblo-9-768x512.jpg"},"post-thumbnail":{"file":"VZ1526-Cortijo-Vera-Pueblo-9-150x100.jpg","width":150,"height":100,"mime-type":"image\/jpeg","filesize":5048,"url":"https:\/\/zar2010.com\/wp-content\/uploads\/2023\/05\/VZ1526-Cortijo-Vera-Pueblo-9-150x100.jpg"},"modern-property-child-slider":{"file":"VZ1526-Cortijo-Vera-Pueblo-9-680x510.jpg","width":680,"height":510,"mime-type":"image\/jpeg","filesize":81273,"url":"https:\/\/zar2010.com\/wp-content\/uploads\/2023\/05\/VZ1526-Cortijo-Vera-Pueblo-9-680x510.jpg"},"property-thumb-image":{"file":"VZ1526-Cortijo-Vera-Pueblo-9-488x326.jpg","width":488,"height":326,"mime-type":"image\/jpeg","filesize":40273,"url":"https:\/\/zar2010.com\/wp-content\/uploads\/2023\/05\/VZ1526-Cortijo-Vera-Pueblo-9-488x326.jpg"},"property-detail-video-image":{"file":"VZ1526-Cortijo-Vera-Pueblo-9-818x417.jpg","width":818,"height":417,"mime-type":"image\/jpeg","filesize":82290,"url":"https:\/\/zar2010.com\/wp-content\/uploads\/2023\/05\/VZ1526-Cortijo-Vera-Pueblo-9-818x417.jpg"},"agent-image":{"file":"VZ1526-Cortijo-Vera-Pueblo-9-210x210.jpg","width":210,"height":210,"mime-type":"image\/jpeg","filesize":12874,"url":"https:\/\/zar2010.com\/wp-content\/uploads\/2023\/05\/VZ1526-Cortijo-Vera-Pueblo-9-210x210.jpg"},"partners-logo":{"file":"VZ1526-Cortijo-Vera-Pueblo-9-600x683.jpg","width":600,"height":683,"mime-type":"image\/jpeg","filesize":102805,"url":"https:\/\/zar2010.com\/wp-content\/uploads\/2023\/05\/VZ1526-Cortijo-Vera-Pueblo-9-600x683.jpg"}},"image_meta":{"aperture":"0","credit":"","camera":"","caption":"","created_timestamp":"0","copyright":"","focal_length":"0","iso":"0","shutter_speed":"0","title":"","orientation":"0","keywords":[]},"ID":"16858","name":"VZ1526-Cortijo-Vera-Pueblo-9.jpg","path":"\/home\/zarcomt\/www\/wp-content\/uploads\/2023\/05\/VZ1526-Cortijo-Vera-Pueblo-9.jpg","url":"https:\/\/zar2010.com\/wp-content\/uploads\/2023\/05\/VZ1526-Cortijo-Vera-Pueblo-9-150x35.jpg","full_url":"https:\/\/zar2010.com\/wp-content\/uploads\/2023\/05\/VZ1526-Cortijo-Vera-Pueblo-9.jpg","title":"VZ1526 Cortijo Vera Pueblo - 9","caption":"","description":"","alt":"","srcset":false},{"width":150,"height":35,"file":"2023\/05\/VZ1526-Cortijo-Vera-Pueblo-10.jpg","filesize":204663,"sizes":{"thumbnail":{"file":"VZ1526-Cortijo-Vera-Pueblo-10-150x35.jpg","width":150,"height":35,"mime-type":"image\/jpeg","filesize":3039,"url":"https:\/\/zar2010.com\/wp-content\/uploads\/2023\/05\/VZ1526-Cortijo-Vera-Pueblo-10-150x35.jpg"},"medium":{"file":"VZ1526-Cortijo-Vera-Pueblo-10-300x200.jpg","width":300,"height":200,"mime-type":"image\/jpeg","filesize":21022,"url":"https:\/\/zar2010.com\/wp-content\/uploads\/2023\/05\/VZ1526-Cortijo-Vera-Pueblo-10-300x200.jpg"},"medium_large":{"file":"VZ1526-Cortijo-Vera-Pueblo-10-768x512.jpg","width":768,"height":512,"mime-type":"image\/jpeg","filesize":126069,"url":"https:\/\/zar2010.com\/wp-content\/uploads\/2023\/05\/VZ1526-Cortijo-Vera-Pueblo-10-768x512.jpg"},"post-thumbnail":{"file":"VZ1526-Cortijo-Vera-Pueblo-10-150x100.jpg","width":150,"height":100,"mime-type":"image\/jpeg","filesize":6300,"url":"https:\/\/zar2010.com\/wp-content\/uploads\/2023\/05\/VZ1526-Cortijo-Vera-Pueblo-10-150x100.jpg"},"modern-property-child-slider":{"file":"VZ1526-Cortijo-Vera-Pueblo-10-680x510.jpg","width":680,"height":510,"mime-type":"image\/jpeg","filesize":111772,"url":"https:\/\/zar2010.com\/wp-content\/uploads\/2023\/05\/VZ1526-Cortijo-Vera-Pueblo-10-680x510.jpg"},"property-thumb-image":{"file":"VZ1526-Cortijo-Vera-Pueblo-10-488x326.jpg","width":488,"height":326,"mime-type":"image\/jpeg","filesize":53458,"url":"https:\/\/zar2010.com\/wp-content\/uploads\/2023\/05\/VZ1526-Cortijo-Vera-Pueblo-10-488x326.jpg"},"property-detail-video-image":{"file":"VZ1526-Cortijo-Vera-Pueblo-10-818x417.jpg","width":818,"height":417,"mime-type":"image\/jpeg","filesize":111513,"url":"https:\/\/zar2010.com\/wp-content\/uploads\/2023\/05\/VZ1526-Cortijo-Vera-Pueblo-10-818x417.jpg"},"agent-image":{"file":"VZ1526-Cortijo-Vera-Pueblo-10-210x210.jpg","width":210,"height":210,"mime-type":"image\/jpeg","filesize":15965,"url":"https:\/\/zar2010.com\/wp-content\/uploads\/2023\/05\/VZ1526-Cortijo-Vera-Pueblo-10-210x210.jpg"},"partners-logo":{"file":"VZ1526-Cortijo-Vera-Pueblo-10-600x683.jpg","width":600,"height":683,"mime-type":"image\/jpeg","filesize":140651,"url":"https:\/\/zar2010.com\/wp-content\/uploads\/2023\/05\/VZ1526-Cortijo-Vera-Pueblo-10-600x683.jpg"}},"image_meta":{"aperture":"0","credit":"","camera":"","caption":"","created_timestamp":"0","copyright":"","focal_length":"0","iso":"0","shutter_speed":"0","title":"","orientation":"0","keywords":[]},"ID":"16860","name":"VZ1526-Cortijo-Vera-Pueblo-10.jpg","path":"\/home\/zarcomt\/www\/wp-content\/uploads\/2023\/05\/VZ1526-Cortijo-Vera-Pueblo-10.jpg","url":"https:\/\/zar2010.com\/wp-content\/uploads\/2023\/05\/VZ1526-Cortijo-Vera-Pueblo-10-150x35.jpg","full_url":"https:\/\/zar2010.com\/wp-content\/uploads\/2023\/05\/VZ1526-Cortijo-Vera-Pueblo-10.jpg","title":"VZ1526 Cortijo Vera Pueblo - 10","caption":"","description":"","alt":"","srcset":false},{"width":150,"height":35,"file":"2023\/05\/VZ1526-Cortijo-Vera-Pueblo-11.jpg","filesize":137532,"sizes":{"thumbnail":{"file":"VZ1526-Cortijo-Vera-Pueblo-11-150x35.jpg","width":150,"height":35,"mime-type":"image\/jpeg","filesize":2507,"url":"https:\/\/zar2010.com\/wp-content\/uploads\/2023\/05\/VZ1526-Cortijo-Vera-Pueblo-11-150x35.jpg"},"medium":{"file":"VZ1526-Cortijo-Vera-Pueblo-11-300x200.jpg","width":300,"height":200,"mime-type":"image\/jpeg","filesize":16335,"url":"https:\/\/zar2010.com\/wp-content\/uploads\/2023\/05\/VZ1526-Cortijo-Vera-Pueblo-11-300x200.jpg"},"medium_large":{"file":"VZ1526-Cortijo-Vera-Pueblo-11-768x512.jpg","width":768,"height":512,"mime-type":"image\/jpeg","filesize":86169,"url":"https:\/\/zar2010.com\/wp-content\/uploads\/2023\/05\/VZ1526-Cortijo-Vera-Pueblo-11-768x512.jpg"},"post-thumbnail":{"file":"VZ1526-Cortijo-Vera-Pueblo-11-150x100.jpg","width":150,"height":100,"mime-type":"image\/jpeg","filesize":5177,"url":"https:\/\/zar2010.com\/wp-content\/uploads\/2023\/05\/VZ1526-Cortijo-Vera-Pueblo-11-150x100.jpg"},"modern-property-child-slider":{"file":"VZ1526-Cortijo-Vera-Pueblo-11-680x510.jpg","width":680,"height":510,"mime-type":"image\/jpeg","filesize":78859,"url":"https:\/\/zar2010.com\/wp-content\/uploads\/2023\/05\/VZ1526-Cortijo-Vera-Pueblo-11-680x510.jpg"},"property-thumb-image":{"file":"VZ1526-Cortijo-Vera-Pueblo-11-488x326.jpg","width":488,"height":326,"mime-type":"image\/jpeg","filesize":38584,"url":"https:\/\/zar2010.com\/wp-content\/uploads\/2023\/05\/VZ1526-Cortijo-Vera-Pueblo-11-488x326.jpg"},"property-detail-video-image":{"file":"VZ1526-Cortijo-Vera-Pueblo-11-818x417.jpg","width":818,"height":417,"mime-type":"image\/jpeg","filesize":78192,"url":"https:\/\/zar2010.com\/wp-content\/uploads\/2023\/05\/VZ1526-Cortijo-Vera-Pueblo-11-818x417.jpg"},"agent-image":{"file":"VZ1526-Cortijo-Vera-Pueblo-11-210x210.jpg","width":210,"height":210,"mime-type":"image\/jpeg","filesize":13836,"url":"https:\/\/zar2010.com\/wp-content\/uploads\/2023\/05\/VZ1526-Cortijo-Vera-Pueblo-11-210x210.jpg"},"partners-logo":{"file":"VZ1526-Cortijo-Vera-Pueblo-11-600x683.jpg","width":600,"height":683,"mime-type":"image\/jpeg","filesize":109236,"url":"https:\/\/zar2010.com\/wp-content\/uploads\/2023\/05\/VZ1526-Cortijo-Vera-Pueblo-11-600x683.jpg"}},"image_meta":{"aperture":"0","credit":"","camera":"","caption":"","created_timestamp":"0","copyright":"","focal_length":"0","iso":"0","shutter_speed":"0","title":"","orientation":"0","keywords":[]},"ID":"16862","name":"VZ1526-Cortijo-Vera-Pueblo-11.jpg","path":"\/home\/zarcomt\/www\/wp-content\/uploads\/2023\/05\/VZ1526-Cortijo-Vera-Pueblo-11.jpg","url":"https:\/\/zar2010.com\/wp-content\/uploads\/2023\/05\/VZ1526-Cortijo-Vera-Pueblo-11-150x35.jpg","full_url":"https:\/\/zar2010.com\/wp-content\/uploads\/2023\/05\/VZ1526-Cortijo-Vera-Pueblo-11.jpg","title":"VZ1526 Cortijo Vera Pueblo - 11","caption":"","description":"","alt":"","srcset":false},{"width":150,"height":35,"file":"2023\/05\/VZ1526-Cortijo-Vera-Pueblo-12.jpg","filesize":140200,"sizes":{"thumbnail":{"file":"VZ1526-Cortijo-Vera-Pueblo-12-150x35.jpg","width":150,"height":35,"mime-type":"image\/jpeg","filesize":2383,"url":"https:\/\/zar2010.com\/wp-content\/uploads\/2023\/05\/VZ1526-Cortijo-Vera-Pueblo-12-150x35.jpg"},"medium":{"file":"VZ1526-Cortijo-Vera-Pueblo-12-300x200.jpg","width":300,"height":200,"mime-type":"image\/jpeg","filesize":16887,"url":"https:\/\/zar2010.com\/wp-content\/uploads\/2023\/05\/VZ1526-Cortijo-Vera-Pueblo-12-300x200.jpg"},"medium_large":{"file":"VZ1526-Cortijo-Vera-Pueblo-12-768x512.jpg","width":768,"height":512,"mime-type":"image\/jpeg","filesize":88210,"url":"https:\/\/zar2010.com\/wp-content\/uploads\/2023\/05\/VZ1526-Cortijo-Vera-Pueblo-12-768x512.jpg"},"post-thumbnail":{"file":"VZ1526-Cortijo-Vera-Pueblo-12-150x100.jpg","width":150,"height":100,"mime-type":"image\/jpeg","filesize":5345,"url":"https:\/\/zar2010.com\/wp-content\/uploads\/2023\/05\/VZ1526-Cortijo-Vera-Pueblo-12-150x100.jpg"},"modern-property-child-slider":{"file":"VZ1526-Cortijo-Vera-Pueblo-12-680x510.jpg","width":680,"height":510,"mime-type":"image\/jpeg","filesize":82284,"url":"https:\/\/zar2010.com\/wp-content\/uploads\/2023\/05\/VZ1526-Cortijo-Vera-Pueblo-12-680x510.jpg"},"property-thumb-image":{"file":"VZ1526-Cortijo-Vera-Pueblo-12-488x326.jpg","width":488,"height":326,"mime-type":"image\/jpeg","filesize":39637,"url":"https:\/\/zar2010.com\/wp-content\/uploads\/2023\/05\/VZ1526-Cortijo-Vera-Pueblo-12-488x326.jpg"},"property-detail-video-image":{"file":"VZ1526-Cortijo-Vera-Pueblo-12-818x417.jpg","width":818,"height":417,"mime-type":"image\/jpeg","filesize":79583,"url":"https:\/\/zar2010.com\/wp-content\/uploads\/2023\/05\/VZ1526-Cortijo-Vera-Pueblo-12-818x417.jpg"},"agent-image":{"file":"VZ1526-Cortijo-Vera-Pueblo-12-210x210.jpg","width":210,"height":210,"mime-type":"image\/jpeg","filesize":13577,"url":"https:\/\/zar2010.com\/wp-content\/uploads\/2023\/05\/VZ1526-Cortijo-Vera-Pueblo-12-210x210.jpg"},"partners-logo":{"file":"VZ1526-Cortijo-Vera-Pueblo-12-600x683.jpg","width":600,"height":683,"mime-type":"image\/jpeg","filesize":107925,"url":"https:\/\/zar2010.com\/wp-content\/uploads\/2023\/05\/VZ1526-Cortijo-Vera-Pueblo-12-600x683.jpg"}},"image_meta":{"aperture":"0","credit":"","camera":"","caption":"","created_timestamp":"0","copyright":"","focal_length":"0","iso":"0","shutter_speed":"0","title":"","orientation":"0","keywords":[]},"ID":"16864","name":"VZ1526-Cortijo-Vera-Pueblo-12.jpg","path":"\/home\/zarcomt\/www\/wp-content\/uploads\/2023\/05\/VZ1526-Cortijo-Vera-Pueblo-12.jpg","url":"https:\/\/zar2010.com\/wp-content\/uploads\/2023\/05\/VZ1526-Cortijo-Vera-Pueblo-12-150x35.jpg","full_url":"https:\/\/zar2010.com\/wp-content\/uploads\/2023\/05\/VZ1526-Cortijo-Vera-Pueblo-12.jpg","title":"VZ1526 Cortijo Vera Pueblo - 12","caption":"","description":"","alt":"","srcset":false},{"width":150,"height":35,"file":"2023\/05\/VZ1526-Cortijo-Vera-Pueblo-13.jpg","filesize":144038,"sizes":{"thumbnail":{"file":"VZ1526-Cortijo-Vera-Pueblo-13-150x35.jpg","width":150,"height":35,"mime-type":"image\/jpeg","filesize":2529,"url":"https:\/\/zar2010.com\/wp-content\/uploads\/2023\/05\/VZ1526-Cortijo-Vera-Pueblo-13-150x35.jpg"},"medium":{"file":"VZ1526-Cortijo-Vera-Pueblo-13-300x200.jpg","width":300,"height":200,"mime-type":"image\/jpeg","filesize":17689,"url":"https:\/\/zar2010.com\/wp-content\/uploads\/2023\/05\/VZ1526-Cortijo-Vera-Pueblo-13-300x200.jpg"},"medium_large":{"file":"VZ1526-Cortijo-Vera-Pueblo-13-768x512.jpg","width":768,"height":512,"mime-type":"image\/jpeg","filesize":90475,"url":"https:\/\/zar2010.com\/wp-content\/uploads\/2023\/05\/VZ1526-Cortijo-Vera-Pueblo-13-768x512.jpg"},"post-thumbnail":{"file":"VZ1526-Cortijo-Vera-Pueblo-13-150x100.jpg","width":150,"height":100,"mime-type":"image\/jpeg","filesize":5584,"url":"https:\/\/zar2010.com\/wp-content\/uploads\/2023\/05\/VZ1526-Cortijo-Vera-Pueblo-13-150x100.jpg"},"modern-property-child-slider":{"file":"VZ1526-Cortijo-Vera-Pueblo-13-680x510.jpg","width":680,"height":510,"mime-type":"image\/jpeg","filesize":81456,"url":"https:\/\/zar2010.com\/wp-content\/uploads\/2023\/05\/VZ1526-Cortijo-Vera-Pueblo-13-680x510.jpg"},"property-thumb-image":{"file":"VZ1526-Cortijo-Vera-Pueblo-13-488x326.jpg","width":488,"height":326,"mime-type":"image\/jpeg","filesize":41037,"url":"https:\/\/zar2010.com\/wp-content\/uploads\/2023\/05\/VZ1526-Cortijo-Vera-Pueblo-13-488x326.jpg"},"property-detail-video-image":{"file":"VZ1526-Cortijo-Vera-Pueblo-13-818x417.jpg","width":818,"height":417,"mime-type":"image\/jpeg","filesize":80047,"url":"https:\/\/zar2010.com\/wp-content\/uploads\/2023\/05\/VZ1526-Cortijo-Vera-Pueblo-13-818x417.jpg"},"agent-image":{"file":"VZ1526-Cortijo-Vera-Pueblo-13-210x210.jpg","width":210,"height":210,"mime-type":"image\/jpeg","filesize":13676,"url":"https:\/\/zar2010.com\/wp-content\/uploads\/2023\/05\/VZ1526-Cortijo-Vera-Pueblo-13-210x210.jpg"},"partners-logo":{"file":"VZ1526-Cortijo-Vera-Pueblo-13-600x683.jpg","width":600,"height":683,"mime-type":"image\/jpeg","filesize":102092,"url":"https:\/\/zar2010.com\/wp-content\/uploads\/2023\/05\/VZ1526-Cortijo-Vera-Pueblo-13-600x683.jpg"}},"image_meta":{"aperture":"0","credit":"","camera":"","caption":"","created_timestamp":"0","copyright":"","focal_length":"0","iso":"0","shutter_speed":"0","title":"","orientation":"0","keywords":[]},"ID":"16866","name":"VZ1526-Cortijo-Vera-Pueblo-13.jpg","path":"\/home\/zarcomt\/www\/wp-content\/uploads\/2023\/05\/VZ1526-Cortijo-Vera-Pueblo-13.jpg","url":"https:\/\/zar2010.com\/wp-content\/uploads\/2023\/05\/VZ1526-Cortijo-Vera-Pueblo-13-150x35.jpg","full_url":"https:\/\/zar2010.com\/wp-content\/uploads\/2023\/05\/VZ1526-Cortijo-Vera-Pueblo-13.jpg","title":"VZ1526 Cortijo Vera Pueblo - 13","caption":"","description":"","alt":"","srcset":false},{"width":150,"height":35,"file":"2023\/05\/VZ1526-Cortijo-Vera-Pueblo-14.jpg","filesize":143269,"sizes":{"thumbnail":{"file":"VZ1526-Cortijo-Vera-Pueblo-14-150x35.jpg","width":150,"height":35,"mime-type":"image\/jpeg","filesize":2443,"url":"https:\/\/zar2010.com\/wp-content\/uploads\/2023\/05\/VZ1526-Cortijo-Vera-Pueblo-14-150x35.jpg"},"medium":{"file":"VZ1526-Cortijo-Vera-Pueblo-14-300x200.jpg","width":300,"height":200,"mime-type":"image\/jpeg","filesize":16932,"url":"https:\/\/zar2010.com\/wp-content\/uploads\/2023\/05\/VZ1526-Cortijo-Vera-Pueblo-14-300x200.jpg"},"medium_large":{"file":"VZ1526-Cortijo-Vera-Pueblo-14-768x512.jpg","width":768,"height":512,"mime-type":"image\/jpeg","filesize":89715,"url":"https:\/\/zar2010.com\/wp-content\/uploads\/2023\/05\/VZ1526-Cortijo-Vera-Pueblo-14-768x512.jpg"},"post-thumbnail":{"file":"VZ1526-Cortijo-Vera-Pueblo-14-150x100.jpg","width":150,"height":100,"mime-type":"image\/jpeg","filesize":5172,"url":"https:\/\/zar2010.com\/wp-content\/uploads\/2023\/05\/VZ1526-Cortijo-Vera-Pueblo-14-150x100.jpg"},"modern-property-child-slider":{"file":"VZ1526-Cortijo-Vera-Pueblo-14-680x510.jpg","width":680,"height":510,"mime-type":"image\/jpeg","filesize":79671,"url":"https:\/\/zar2010.com\/wp-content\/uploads\/2023\/05\/VZ1526-Cortijo-Vera-Pueblo-14-680x510.jpg"},"property-thumb-image":{"file":"VZ1526-Cortijo-Vera-Pueblo-14-488x326.jpg","width":488,"height":326,"mime-type":"image\/jpeg","filesize":40275,"url":"https:\/\/zar2010.com\/wp-content\/uploads\/2023\/05\/VZ1526-Cortijo-Vera-Pueblo-14-488x326.jpg"},"property-detail-video-image":{"file":"VZ1526-Cortijo-Vera-Pueblo-14-818x417.jpg","width":818,"height":417,"mime-type":"image\/jpeg","filesize":80499,"url":"https:\/\/zar2010.com\/wp-content\/uploads\/2023\/05\/VZ1526-Cortijo-Vera-Pueblo-14-818x417.jpg"},"agent-image":{"file":"VZ1526-Cortijo-Vera-Pueblo-14-210x210.jpg","width":210,"height":210,"mime-type":"image\/jpeg","filesize":12925,"url":"https:\/\/zar2010.com\/wp-content\/uploads\/2023\/05\/VZ1526-Cortijo-Vera-Pueblo-14-210x210.jpg"},"partners-logo":{"file":"VZ1526-Cortijo-Vera-Pueblo-14-600x683.jpg","width":600,"height":683,"mime-type":"image\/jpeg","filesize":96019,"url":"https:\/\/zar2010.com\/wp-content\/uploads\/2023\/05\/VZ1526-Cortijo-Vera-Pueblo-14-600x683.jpg"}},"image_meta":{"aperture":"0","credit":"","camera":"","caption":"","created_timestamp":"0","copyright":"","focal_length":"0","iso":"0","shutter_speed":"0","title":"","orientation":"0","keywords":[]},"ID":"16868","name":"VZ1526-Cortijo-Vera-Pueblo-14.jpg","path":"\/home\/zarcomt\/www\/wp-content\/uploads\/2023\/05\/VZ1526-Cortijo-Vera-Pueblo-14.jpg","url":"https:\/\/zar2010.com\/wp-content\/uploads\/2023\/05\/VZ1526-Cortijo-Vera-Pueblo-14-150x35.jpg","full_url":"https:\/\/zar2010.com\/wp-content\/uploads\/2023\/05\/VZ1526-Cortijo-Vera-Pueblo-14.jpg","title":"VZ1526 Cortijo Vera Pueblo - 14","caption":"","description":"","alt":"","srcset":false},{"width":150,"height":35,"file":"2023\/05\/VZ1526-Cortijo-Vera-Pueblo-15.jpg","filesize":152455,"sizes":{"thumbnail":{"file":"VZ1526-Cortijo-Vera-Pueblo-15-150x35.jpg","width":150,"height":35,"mime-type":"image\/jpeg","filesize":2528,"url":"https:\/\/zar2010.com\/wp-content\/uploads\/2023\/05\/VZ1526-Cortijo-Vera-Pueblo-15-150x35.jpg"},"medium":{"file":"VZ1526-Cortijo-Vera-Pueblo-15-300x200.jpg","width":300,"height":200,"mime-type":"image\/jpeg","filesize":18600,"url":"https:\/\/zar2010.com\/wp-content\/uploads\/2023\/05\/VZ1526-Cortijo-Vera-Pueblo-15-300x200.jpg"},"medium_large":{"file":"VZ1526-Cortijo-Vera-Pueblo-15-768x512.jpg","width":768,"height":512,"mime-type":"image\/jpeg","filesize":95874,"url":"https:\/\/zar2010.com\/wp-content\/uploads\/2023\/05\/VZ1526-Cortijo-Vera-Pueblo-15-768x512.jpg"},"post-thumbnail":{"file":"VZ1526-Cortijo-Vera-Pueblo-15-150x100.jpg","width":150,"height":100,"mime-type":"image\/jpeg","filesize":5852,"url":"https:\/\/zar2010.com\/wp-content\/uploads\/2023\/05\/VZ1526-Cortijo-Vera-Pueblo-15-150x100.jpg"},"modern-property-child-slider":{"file":"VZ1526-Cortijo-Vera-Pueblo-15-680x510.jpg","width":680,"height":510,"mime-type":"image\/jpeg","filesize":84175,"url":"https:\/\/zar2010.com\/wp-content\/uploads\/2023\/05\/VZ1526-Cortijo-Vera-Pueblo-15-680x510.jpg"},"property-thumb-image":{"file":"VZ1526-Cortijo-Vera-Pueblo-15-488x326.jpg","width":488,"height":326,"mime-type":"image\/jpeg","filesize":43331,"url":"https:\/\/zar2010.com\/wp-content\/uploads\/2023\/05\/VZ1526-Cortijo-Vera-Pueblo-15-488x326.jpg"},"property-detail-video-image":{"file":"VZ1526-Cortijo-Vera-Pueblo-15-818x417.jpg","width":818,"height":417,"mime-type":"image\/jpeg","filesize":83214,"url":"https:\/\/zar2010.com\/wp-content\/uploads\/2023\/05\/VZ1526-Cortijo-Vera-Pueblo-15-818x417.jpg"},"agent-image":{"file":"VZ1526-Cortijo-Vera-Pueblo-15-210x210.jpg","width":210,"height":210,"mime-type":"image\/jpeg","filesize":13626,"url":"https:\/\/zar2010.com\/wp-content\/uploads\/2023\/05\/VZ1526-Cortijo-Vera-Pueblo-15-210x210.jpg"},"partners-logo":{"file":"VZ1526-Cortijo-Vera-Pueblo-15-600x683.jpg","width":600,"height":683,"mime-type":"image\/jpeg","filesize":102747,"url":"https:\/\/zar2010.com\/wp-content\/uploads\/2023\/05\/VZ1526-Cortijo-Vera-Pueblo-15-600x683.jpg"}},"image_meta":{"aperture":"0","credit":"","camera":"","caption":"","created_timestamp":"0","copyright":"","focal_length":"0","iso":"0","shutter_speed":"0","title":"","orientation":"0","keywords":[]},"ID":"16870","name":"VZ1526-Cortijo-Vera-Pueblo-15.jpg","path":"\/home\/zarcomt\/www\/wp-content\/uploads\/2023\/05\/VZ1526-Cortijo-Vera-Pueblo-15.jpg","url":"https:\/\/zar2010.com\/wp-content\/uploads\/2023\/05\/VZ1526-Cortijo-Vera-Pueblo-15-150x35.jpg","full_url":"https:\/\/zar2010.com\/wp-content\/uploads\/2023\/05\/VZ1526-Cortijo-Vera-Pueblo-15.jpg","title":"VZ1526 Cortijo Vera Pueblo - 15","caption":"","description":"","alt":"","srcset":false},{"width":150,"height":35,"file":"2023\/05\/VZ1526-Cortijo-Vera-Pueblo-16.jpg","filesize":151727,"sizes":{"thumbnail":{"file":"VZ1526-Cortijo-Vera-Pueblo-16-150x35.jpg","width":150,"height":35,"mime-type":"image\/jpeg","filesize":2516,"url":"https:\/\/zar2010.com\/wp-content\/uploads\/2023\/05\/VZ1526-Cortijo-Vera-Pueblo-16-150x35.jpg"},"medium":{"file":"VZ1526-Cortijo-Vera-Pueblo-16-300x200.jpg","width":300,"height":200,"mime-type":"image\/jpeg","filesize":17778,"url":"https:\/\/zar2010.com\/wp-content\/uploads\/2023\/05\/VZ1526-Cortijo-Vera-Pueblo-16-300x200.jpg"},"medium_large":{"file":"VZ1526-Cortijo-Vera-Pueblo-16-768x512.jpg","width":768,"height":512,"mime-type":"image\/jpeg","filesize":95539,"url":"https:\/\/zar2010.com\/wp-content\/uploads\/2023\/05\/VZ1526-Cortijo-Vera-Pueblo-16-768x512.jpg"},"post-thumbnail":{"file":"VZ1526-Cortijo-Vera-Pueblo-16-150x100.jpg","width":150,"height":100,"mime-type":"image\/jpeg","filesize":5453,"url":"https:\/\/zar2010.com\/wp-content\/uploads\/2023\/05\/VZ1526-Cortijo-Vera-Pueblo-16-150x100.jpg"},"modern-property-child-slider":{"file":"VZ1526-Cortijo-Vera-Pueblo-16-680x510.jpg","width":680,"height":510,"mime-type":"image\/jpeg","filesize":84111,"url":"https:\/\/zar2010.com\/wp-content\/uploads\/2023\/05\/VZ1526-Cortijo-Vera-Pueblo-16-680x510.jpg"},"property-thumb-image":{"file":"VZ1526-Cortijo-Vera-Pueblo-16-488x326.jpg","width":488,"height":326,"mime-type":"image\/jpeg","filesize":42610,"url":"https:\/\/zar2010.com\/wp-content\/uploads\/2023\/05\/VZ1526-Cortijo-Vera-Pueblo-16-488x326.jpg"},"property-detail-video-image":{"file":"VZ1526-Cortijo-Vera-Pueblo-16-818x417.jpg","width":818,"height":417,"mime-type":"image\/jpeg","filesize":86632,"url":"https:\/\/zar2010.com\/wp-content\/uploads\/2023\/05\/VZ1526-Cortijo-Vera-Pueblo-16-818x417.jpg"},"agent-image":{"file":"VZ1526-Cortijo-Vera-Pueblo-16-210x210.jpg","width":210,"height":210,"mime-type":"image\/jpeg","filesize":13819,"url":"https:\/\/zar2010.com\/wp-content\/uploads\/2023\/05\/VZ1526-Cortijo-Vera-Pueblo-16-210x210.jpg"},"partners-logo":{"file":"VZ1526-Cortijo-Vera-Pueblo-16-600x683.jpg","width":600,"height":683,"mime-type":"image\/jpeg","filesize":110263,"url":"https:\/\/zar2010.com\/wp-content\/uploads\/2023\/05\/VZ1526-Cortijo-Vera-Pueblo-16-600x683.jpg"}},"image_meta":{"aperture":"0","credit":"","camera":"","caption":"","created_timestamp":"0","copyright":"","focal_length":"0","iso":"0","shutter_speed":"0","title":"","orientation":"0","keywords":[]},"ID":"16872","name":"VZ1526-Cortijo-Vera-Pueblo-16.jpg","path":"\/home\/zarcomt\/www\/wp-content\/uploads\/2023\/05\/VZ1526-Cortijo-Vera-Pueblo-16.jpg","url":"https:\/\/zar2010.com\/wp-content\/uploads\/2023\/05\/VZ1526-Cortijo-Vera-Pueblo-16-150x35.jpg","full_url":"https:\/\/zar2010.com\/wp-content\/uploads\/2023\/05\/VZ1526-Cortijo-Vera-Pueblo-16.jpg","title":"VZ1526 Cortijo Vera Pueblo - 16","caption":"","description":"","alt":"","srcset":false},{"width":150,"height":35,"file":"2023\/05\/VZ1526-Cortijo-Vera-Pueblo-17.jpg","filesize":153841,"sizes":{"thumbnail":{"file":"VZ1526-Cortijo-Vera-Pueblo-17-150x35.jpg","width":150,"height":35,"mime-type":"image\/jpeg","filesize":2510,"url":"https:\/\/zar2010.com\/wp-content\/uploads\/2023\/05\/VZ1526-Cortijo-Vera-Pueblo-17-150x35.jpg"},"medium":{"file":"VZ1526-Cortijo-Vera-Pueblo-17-300x200.jpg","width":300,"height":200,"mime-type":"image\/jpeg","filesize":19176,"url":"https:\/\/zar2010.com\/wp-content\/uploads\/2023\/05\/VZ1526-Cortijo-Vera-Pueblo-17-300x200.jpg"},"medium_large":{"file":"VZ1526-Cortijo-Vera-Pueblo-17-768x512.jpg","width":768,"height":512,"mime-type":"image\/jpeg","filesize":98042,"url":"https:\/\/zar2010.com\/wp-content\/uploads\/2023\/05\/VZ1526-Cortijo-Vera-Pueblo-17-768x512.jpg"},"post-thumbnail":{"file":"VZ1526-Cortijo-Vera-Pueblo-17-150x100.jpg","width":150,"height":100,"mime-type":"image\/jpeg","filesize":5908,"url":"https:\/\/zar2010.com\/wp-content\/uploads\/2023\/05\/VZ1526-Cortijo-Vera-Pueblo-17-150x100.jpg"},"modern-property-child-slider":{"file":"VZ1526-Cortijo-Vera-Pueblo-17-680x510.jpg","width":680,"height":510,"mime-type":"image\/jpeg","filesize":85913,"url":"https:\/\/zar2010.com\/wp-content\/uploads\/2023\/05\/VZ1526-Cortijo-Vera-Pueblo-17-680x510.jpg"},"property-thumb-image":{"file":"VZ1526-Cortijo-Vera-Pueblo-17-488x326.jpg","width":488,"height":326,"mime-type":"image\/jpeg","filesize":45073,"url":"https:\/\/zar2010.com\/wp-content\/uploads\/2023\/05\/VZ1526-Cortijo-Vera-Pueblo-17-488x326.jpg"},"property-detail-video-image":{"file":"VZ1526-Cortijo-Vera-Pueblo-17-818x417.jpg","width":818,"height":417,"mime-type":"image\/jpeg","filesize":89269,"url":"https:\/\/zar2010.com\/wp-content\/uploads\/2023\/05\/VZ1526-Cortijo-Vera-Pueblo-17-818x417.jpg"},"agent-image":{"file":"VZ1526-Cortijo-Vera-Pueblo-17-210x210.jpg","width":210,"height":210,"mime-type":"image\/jpeg","filesize":13605,"url":"https:\/\/zar2010.com\/wp-content\/uploads\/2023\/05\/VZ1526-Cortijo-Vera-Pueblo-17-210x210.jpg"},"partners-logo":{"file":"VZ1526-Cortijo-Vera-Pueblo-17-600x683.jpg","width":600,"height":683,"mime-type":"image\/jpeg","filesize":94406,"url":"https:\/\/zar2010.com\/wp-content\/uploads\/2023\/05\/VZ1526-Cortijo-Vera-Pueblo-17-600x683.jpg"}},"image_meta":{"aperture":"0","credit":"","camera":"","caption":"","created_timestamp":"0","copyright":"","focal_length":"0","iso":"0","shutter_speed":"0","title":"","orientation":"0","keywords":[]},"ID":"16874","name":"VZ1526-Cortijo-Vera-Pueblo-17.jpg","path":"\/home\/zarcomt\/www\/wp-content\/uploads\/2023\/05\/VZ1526-Cortijo-Vera-Pueblo-17.jpg","url":"https:\/\/zar2010.com\/wp-content\/uploads\/2023\/05\/VZ1526-Cortijo-Vera-Pueblo-17-150x35.jpg","full_url":"https:\/\/zar2010.com\/wp-content\/uploads\/2023\/05\/VZ1526-Cortijo-Vera-Pueblo-17.jpg","title":"VZ1526 Cortijo Vera Pueblo - 17","caption":"","description":"","alt":"","srcset":false},{"width":150,"height":35,"file":"2023\/05\/VZ1526-Cortijo-Vera-Pueblo-18.jpg","filesize":183449,"sizes":{"thumbnail":{"file":"VZ1526-Cortijo-Vera-Pueblo-18-150x35.jpg","width":150,"height":35,"mime-type":"image\/jpeg","filesize":2434,"url":"https:\/\/zar2010.com\/wp-content\/uploads\/2023\/05\/VZ1526-Cortijo-Vera-Pueblo-18-150x35.jpg"},"medium":{"file":"VZ1526-Cortijo-Vera-Pueblo-18-300x200.jpg","width":300,"height":200,"mime-type":"image\/jpeg","filesize":18714,"url":"https:\/\/zar2010.com\/wp-content\/uploads\/2023\/05\/VZ1526-Cortijo-Vera-Pueblo-18-300x200.jpg"},"medium_large":{"file":"VZ1526-Cortijo-Vera-Pueblo-18-768x512.jpg","width":768,"height":512,"mime-type":"image\/jpeg","filesize":112133,"url":"https:\/\/zar2010.com\/wp-content\/uploads\/2023\/05\/VZ1526-Cortijo-Vera-Pueblo-18-768x512.jpg"},"post-thumbnail":{"file":"VZ1526-Cortijo-Vera-Pueblo-18-150x100.jpg","width":150,"height":100,"mime-type":"image\/jpeg","filesize":5487,"url":"https:\/\/zar2010.com\/wp-content\/uploads\/2023\/05\/VZ1526-Cortijo-Vera-Pueblo-18-150x100.jpg"},"modern-property-child-slider":{"file":"VZ1526-Cortijo-Vera-Pueblo-18-680x510.jpg","width":680,"height":510,"mime-type":"image\/jpeg","filesize":101411,"url":"https:\/\/zar2010.com\/wp-content\/uploads\/2023\/05\/VZ1526-Cortijo-Vera-Pueblo-18-680x510.jpg"},"property-thumb-image":{"file":"VZ1526-Cortijo-Vera-Pueblo-18-488x326.jpg","width":488,"height":326,"mime-type":"image\/jpeg","filesize":47678,"url":"https:\/\/zar2010.com\/wp-content\/uploads\/2023\/05\/VZ1526-Cortijo-Vera-Pueblo-18-488x326.jpg"},"property-detail-video-image":{"file":"VZ1526-Cortijo-Vera-Pueblo-18-818x417.jpg","width":818,"height":417,"mime-type":"image\/jpeg","filesize":97778,"url":"https:\/\/zar2010.com\/wp-content\/uploads\/2023\/05\/VZ1526-Cortijo-Vera-Pueblo-18-818x417.jpg"},"agent-image":{"file":"VZ1526-Cortijo-Vera-Pueblo-18-210x210.jpg","width":210,"height":210,"mime-type":"image\/jpeg","filesize":14869,"url":"https:\/\/zar2010.com\/wp-content\/uploads\/2023\/05\/VZ1526-Cortijo-Vera-Pueblo-18-210x210.jpg"},"partners-logo":{"file":"VZ1526-Cortijo-Vera-Pueblo-18-600x683.jpg","width":600,"height":683,"mime-type":"image\/jpeg","filesize":142586,"url":"https:\/\/zar2010.com\/wp-content\/uploads\/2023\/05\/VZ1526-Cortijo-Vera-Pueblo-18-600x683.jpg"}},"image_meta":{"aperture":"0","credit":"","camera":"","caption":"","created_timestamp":"0","copyright":"","focal_length":"0","iso":"0","shutter_speed":"0","title":"","orientation":"0","keywords":[]},"ID":"16876","name":"VZ1526-Cortijo-Vera-Pueblo-18.jpg","path":"\/home\/zarcomt\/www\/wp-content\/uploads\/2023\/05\/VZ1526-Cortijo-Vera-Pueblo-18.jpg","url":"https:\/\/zar2010.com\/wp-content\/uploads\/2023\/05\/VZ1526-Cortijo-Vera-Pueblo-18-150x35.jpg","full_url":"https:\/\/zar2010.com\/wp-content\/uploads\/2023\/05\/VZ1526-Cortijo-Vera-Pueblo-18.jpg","title":"VZ1526 Cortijo Vera Pueblo - 18","caption":"","description":"","alt":"","srcset":false},{"width":150,"height":35,"file":"2023\/05\/VZ1526-Cortijo-Vera-Pueblo-19.jpg","filesize":134958,"sizes":{"thumbnail":{"file":"VZ1526-Cortijo-Vera-Pueblo-19-150x35.jpg","width":150,"height":35,"mime-type":"image\/jpeg","filesize":2464,"url":"https:\/\/zar2010.com\/wp-content\/uploads\/2023\/05\/VZ1526-Cortijo-Vera-Pueblo-19-150x35.jpg"},"medium":{"file":"VZ1526-Cortijo-Vera-Pueblo-19-300x200.jpg","width":300,"height":200,"mime-type":"image\/jpeg","filesize":16063,"url":"https:\/\/zar2010.com\/wp-content\/uploads\/2023\/05\/VZ1526-Cortijo-Vera-Pueblo-19-300x200.jpg"},"medium_large":{"file":"VZ1526-Cortijo-Vera-Pueblo-19-768x512.jpg","width":768,"height":512,"mime-type":"image\/jpeg","filesize":83879,"url":"https:\/\/zar2010.com\/wp-content\/uploads\/2023\/05\/VZ1526-Cortijo-Vera-Pueblo-19-768x512.jpg"},"post-thumbnail":{"file":"VZ1526-Cortijo-Vera-Pueblo-19-150x100.jpg","width":150,"height":100,"mime-type":"image\/jpeg","filesize":5184,"url":"https:\/\/zar2010.com\/wp-content\/uploads\/2023\/05\/VZ1526-Cortijo-Vera-Pueblo-19-150x100.jpg"},"modern-property-child-slider":{"file":"VZ1526-Cortijo-Vera-Pueblo-19-680x510.jpg","width":680,"height":510,"mime-type":"image\/jpeg","filesize":74869,"url":"https:\/\/zar2010.com\/wp-content\/uploads\/2023\/05\/VZ1526-Cortijo-Vera-Pueblo-19-680x510.jpg"},"property-thumb-image":{"file":"VZ1526-Cortijo-Vera-Pueblo-19-488x326.jpg","width":488,"height":326,"mime-type":"image\/jpeg","filesize":37566,"url":"https:\/\/zar2010.com\/wp-content\/uploads\/2023\/05\/VZ1526-Cortijo-Vera-Pueblo-19-488x326.jpg"},"property-detail-video-image":{"file":"VZ1526-Cortijo-Vera-Pueblo-19-818x417.jpg","width":818,"height":417,"mime-type":"image\/jpeg","filesize":75481,"url":"https:\/\/zar2010.com\/wp-content\/uploads\/2023\/05\/VZ1526-Cortijo-Vera-Pueblo-19-818x417.jpg"},"agent-image":{"file":"VZ1526-Cortijo-Vera-Pueblo-19-210x210.jpg","width":210,"height":210,"mime-type":"image\/jpeg","filesize":12605,"url":"https:\/\/zar2010.com\/wp-content\/uploads\/2023\/05\/VZ1526-Cortijo-Vera-Pueblo-19-210x210.jpg"},"partners-logo":{"file":"VZ1526-Cortijo-Vera-Pueblo-19-600x683.jpg","width":600,"height":683,"mime-type":"image\/jpeg","filesize":102864,"url":"https:\/\/zar2010.com\/wp-content\/uploads\/2023\/05\/VZ1526-Cortijo-Vera-Pueblo-19-600x683.jpg"}},"image_meta":{"aperture":"0","credit":"","camera":"","caption":"","created_timestamp":"0","copyright":"","focal_length":"0","iso":"0","shutter_speed":"0","title":"","orientation":"0","keywords":[]},"ID":"16878","name":"VZ1526-Cortijo-Vera-Pueblo-19.jpg","path":"\/home\/zarcomt\/www\/wp-content\/uploads\/2023\/05\/VZ1526-Cortijo-Vera-Pueblo-19.jpg","url":"https:\/\/zar2010.com\/wp-content\/uploads\/2023\/05\/VZ1526-Cortijo-Vera-Pueblo-19-150x35.jpg","full_url":"https:\/\/zar2010.com\/wp-content\/uploads\/2023\/05\/VZ1526-Cortijo-Vera-Pueblo-19.jpg","title":"VZ1526 Cortijo Vera Pueblo - 19","caption":"","description":"","alt":"","srcset":false},{"width":150,"height":35,"file":"2023\/05\/VZ1526-Cortijo-Vera-Pueblo-20.jpg","filesize":196332,"sizes":{"thumbnail":{"file":"VZ1526-Cortijo-Vera-Pueblo-20-150x35.jpg","width":150,"height":35,"mime-type":"image\/jpeg","filesize":2736,"url":"https:\/\/zar2010.com\/wp-content\/uploads\/2023\/05\/VZ1526-Cortijo-Vera-Pueblo-20-150x35.jpg"},"medium":{"file":"VZ1526-Cortijo-Vera-Pueblo-20-300x200.jpg","width":300,"height":200,"mime-type":"image\/jpeg","filesize":21289,"url":"https:\/\/zar2010.com\/wp-content\/uploads\/2023\/05\/VZ1526-Cortijo-Vera-Pueblo-20-300x200.jpg"},"medium_large":{"file":"VZ1526-Cortijo-Vera-Pueblo-20-768x512.jpg","width":768,"height":512,"mime-type":"image\/jpeg","filesize":121518,"url":"https:\/\/zar2010.com\/wp-content\/uploads\/2023\/05\/VZ1526-Cortijo-Vera-Pueblo-20-768x512.jpg"},"post-thumbnail":{"file":"VZ1526-Cortijo-Vera-Pueblo-20-150x100.jpg","width":150,"height":100,"mime-type":"image\/jpeg","filesize":6469,"url":"https:\/\/zar2010.com\/wp-content\/uploads\/2023\/05\/VZ1526-Cortijo-Vera-Pueblo-20-150x100.jpg"},"modern-property-child-slider":{"file":"VZ1526-Cortijo-Vera-Pueblo-20-680x510.jpg","width":680,"height":510,"mime-type":"image\/jpeg","filesize":109671,"url":"https:\/\/zar2010.com\/wp-content\/uploads\/2023\/05\/VZ1526-Cortijo-Vera-Pueblo-20-680x510.jpg"},"property-thumb-image":{"file":"VZ1526-Cortijo-Vera-Pueblo-20-488x326.jpg","width":488,"height":326,"mime-type":"image\/jpeg","filesize":52943,"url":"https:\/\/zar2010.com\/wp-content\/uploads\/2023\/05\/VZ1526-Cortijo-Vera-Pueblo-20-488x326.jpg"},"property-detail-video-image":{"file":"VZ1526-Cortijo-Vera-Pueblo-20-818x417.jpg","width":818,"height":417,"mime-type":"image\/jpeg","filesize":102954,"url":"https:\/\/zar2010.com\/wp-content\/uploads\/2023\/05\/VZ1526-Cortijo-Vera-Pueblo-20-818x417.jpg"},"agent-image":{"file":"VZ1526-Cortijo-Vera-Pueblo-20-210x210.jpg","width":210,"height":210,"mime-type":"image\/jpeg","filesize":16684,"url":"https:\/\/zar2010.com\/wp-content\/uploads\/2023\/05\/VZ1526-Cortijo-Vera-Pueblo-20-210x210.jpg"},"partners-logo":{"file":"VZ1526-Cortijo-Vera-Pueblo-20-600x683.jpg","width":600,"height":683,"mime-type":"image\/jpeg","filesize":145028,"url":"https:\/\/zar2010.com\/wp-content\/uploads\/2023\/05\/VZ1526-Cortijo-Vera-Pueblo-20-600x683.jpg"}},"image_meta":{"aperture":"0","credit":"","camera":"","caption":"","created_timestamp":"0","copyright":"","focal_length":"0","iso":"0","shutter_speed":"0","title":"","orientation":"0","keywords":[]},"ID":"16880","name":"VZ1526-Cortijo-Vera-Pueblo-20.jpg","path":"\/home\/zarcomt\/www\/wp-content\/uploads\/2023\/05\/VZ1526-Cortijo-Vera-Pueblo-20.jpg","url":"https:\/\/zar2010.com\/wp-content\/uploads\/2023\/05\/VZ1526-Cortijo-Vera-Pueblo-20-150x35.jpg","full_url":"https:\/\/zar2010.com\/wp-content\/uploads\/2023\/05\/VZ1526-Cortijo-Vera-Pueblo-20.jpg","title":"VZ1526 Cortijo Vera Pueblo - 20","caption":"","description":"","alt":"","srcset":false},{"width":150,"height":35,"file":"2023\/05\/VZ1526-Cortijo-Vera-Pueblo-21.jpg","filesize":104827,"sizes":{"thumbnail":{"file":"VZ1526-Cortijo-Vera-Pueblo-21-150x35.jpg","width":150,"height":35,"mime-type":"image\/jpeg","filesize":1814,"url":"https:\/\/zar2010.com\/wp-content\/uploads\/2023\/05\/VZ1526-Cortijo-Vera-Pueblo-21-150x35.jpg"},"medium":{"file":"VZ1526-Cortijo-Vera-Pueblo-21-300x200.jpg","width":300,"height":200,"mime-type":"image\/jpeg","filesize":12672,"url":"https:\/\/zar2010.com\/wp-content\/uploads\/2023\/05\/VZ1526-Cortijo-Vera-Pueblo-21-300x200.jpg"},"medium_large":{"file":"VZ1526-Cortijo-Vera-Pueblo-21-768x512.jpg","width":768,"height":512,"mime-type":"image\/jpeg","filesize":65640,"url":"https:\/\/zar2010.com\/wp-content\/uploads\/2023\/05\/VZ1526-Cortijo-Vera-Pueblo-21-768x512.jpg"},"post-thumbnail":{"file":"VZ1526-Cortijo-Vera-Pueblo-21-150x100.jpg","width":150,"height":100,"mime-type":"image\/jpeg","filesize":4024,"url":"https:\/\/zar2010.com\/wp-content\/uploads\/2023\/05\/VZ1526-Cortijo-Vera-Pueblo-21-150x100.jpg"},"modern-property-child-slider":{"file":"VZ1526-Cortijo-Vera-Pueblo-21-680x510.jpg","width":680,"height":510,"mime-type":"image\/jpeg","filesize":57707,"url":"https:\/\/zar2010.com\/wp-content\/uploads\/2023\/05\/VZ1526-Cortijo-Vera-Pueblo-21-680x510.jpg"},"property-thumb-image":{"file":"VZ1526-Cortijo-Vera-Pueblo-21-488x326.jpg","width":488,"height":326,"mime-type":"image\/jpeg","filesize":29749,"url":"https:\/\/zar2010.com\/wp-content\/uploads\/2023\/05\/VZ1526-Cortijo-Vera-Pueblo-21-488x326.jpg"},"property-detail-video-image":{"file":"VZ1526-Cortijo-Vera-Pueblo-21-818x417.jpg","width":818,"height":417,"mime-type":"image\/jpeg","filesize":57507,"url":"https:\/\/zar2010.com\/wp-content\/uploads\/2023\/05\/VZ1526-Cortijo-Vera-Pueblo-21-818x417.jpg"},"agent-image":{"file":"VZ1526-Cortijo-Vera-Pueblo-21-210x210.jpg","width":210,"height":210,"mime-type":"image\/jpeg","filesize":8500,"url":"https:\/\/zar2010.com\/wp-content\/uploads\/2023\/05\/VZ1526-Cortijo-Vera-Pueblo-21-210x210.jpg"},"partners-logo":{"file":"VZ1526-Cortijo-Vera-Pueblo-21-600x683.jpg","width":600,"height":683,"mime-type":"image\/jpeg","filesize":56625,"url":"https:\/\/zar2010.com\/wp-content\/uploads\/2023\/05\/VZ1526-Cortijo-Vera-Pueblo-21-600x683.jpg"}},"image_meta":{"aperture":"0","credit":"","camera":"","caption":"","created_timestamp":"0","copyright":"","focal_length":"0","iso":"0","shutter_speed":"0","title":"","orientation":"0","keywords":[]},"ID":"16882","name":"VZ1526-Cortijo-Vera-Pueblo-21.jpg","path":"\/home\/zarcomt\/www\/wp-content\/uploads\/2023\/05\/VZ1526-Cortijo-Vera-Pueblo-21.jpg","url":"https:\/\/zar2010.com\/wp-content\/uploads\/2023\/05\/VZ1526-Cortijo-Vera-Pueblo-21-150x35.jpg","full_url":"https:\/\/zar2010.com\/wp-content\/uploads\/2023\/05\/VZ1526-Cortijo-Vera-Pueblo-21.jpg","title":"VZ1526 Cortijo Vera Pueblo - 21","caption":"","description":"","alt":"","srcset":false},{"width":150,"height":35,"file":"2023\/05\/VZ1526-Cortijo-Vera-Pueblo-22.jpg","filesize":129787,"sizes":{"thumbnail":{"file":"VZ1526-Cortijo-Vera-Pueblo-22-150x35.jpg","width":150,"height":35,"mime-type":"image\/jpeg","filesize":2511,"url":"https:\/\/zar2010.com\/wp-content\/uploads\/2023\/05\/VZ1526-Cortijo-Vera-Pueblo-22-150x35.jpg"},"medium":{"file":"VZ1526-Cortijo-Vera-Pueblo-22-300x200.jpg","width":300,"height":200,"mime-type":"image\/jpeg","filesize":17002,"url":"https:\/\/zar2010.com\/wp-content\/uploads\/2023\/05\/VZ1526-Cortijo-Vera-Pueblo-22-300x200.jpg"},"medium_large":{"file":"VZ1526-Cortijo-Vera-Pueblo-22-768x512.jpg","width":768,"height":512,"mime-type":"image\/jpeg","filesize":83419,"url":"https:\/\/zar2010.com\/wp-content\/uploads\/2023\/05\/VZ1526-Cortijo-Vera-Pueblo-22-768x512.jpg"},"post-thumbnail":{"file":"VZ1526-Cortijo-Vera-Pueblo-22-150x100.jpg","width":150,"height":100,"mime-type":"image\/jpeg","filesize":5429,"url":"https:\/\/zar2010.com\/wp-content\/uploads\/2023\/05\/VZ1526-Cortijo-Vera-Pueblo-22-150x100.jpg"},"modern-property-child-slider":{"file":"VZ1526-Cortijo-Vera-Pueblo-22-680x510.jpg","width":680,"height":510,"mime-type":"image\/jpeg","filesize":78537,"url":"https:\/\/zar2010.com\/wp-content\/uploads\/2023\/05\/VZ1526-Cortijo-Vera-Pueblo-22-680x510.jpg"},"property-thumb-image":{"file":"VZ1526-Cortijo-Vera-Pueblo-22-488x326.jpg","width":488,"height":326,"mime-type":"image\/jpeg","filesize":39336,"url":"https:\/\/zar2010.com\/wp-content\/uploads\/2023\/05\/VZ1526-Cortijo-Vera-Pueblo-22-488x326.jpg"},"property-detail-video-image":{"file":"VZ1526-Cortijo-Vera-Pueblo-22-818x417.jpg","width":818,"height":417,"mime-type":"image\/jpeg","filesize":73483,"url":"https:\/\/zar2010.com\/wp-content\/uploads\/2023\/05\/VZ1526-Cortijo-Vera-Pueblo-22-818x417.jpg"},"agent-image":{"file":"VZ1526-Cortijo-Vera-Pueblo-22-210x210.jpg","width":210,"height":210,"mime-type":"image\/jpeg","filesize":14073,"url":"https:\/\/zar2010.com\/wp-content\/uploads\/2023\/05\/VZ1526-Cortijo-Vera-Pueblo-22-210x210.jpg"},"partners-logo":{"file":"VZ1526-Cortijo-Vera-Pueblo-22-600x683.jpg","width":600,"height":683,"mime-type":"image\/jpeg","filesize":100916,"url":"https:\/\/zar2010.com\/wp-content\/uploads\/2023\/05\/VZ1526-Cortijo-Vera-Pueblo-22-600x683.jpg"}},"image_meta":{"aperture":"0","credit":"","camera":"","caption":"","created_timestamp":"0","copyright":"","focal_length":"0","iso":"0","shutter_speed":"0","title":"","orientation":"0","keywords":[]},"ID":"16884","name":"VZ1526-Cortijo-Vera-Pueblo-22.jpg","path":"\/home\/zarcomt\/www\/wp-content\/uploads\/2023\/05\/VZ1526-Cortijo-Vera-Pueblo-22.jpg","url":"https:\/\/zar2010.com\/wp-content\/uploads\/2023\/05\/VZ1526-Cortijo-Vera-Pueblo-22-150x35.jpg","full_url":"https:\/\/zar2010.com\/wp-content\/uploads\/2023\/05\/VZ1526-Cortijo-Vera-Pueblo-22.jpg","title":"VZ1526 Cortijo Vera Pueblo - 22","caption":"","description":"","alt":"","srcset":false},{"width":150,"height":35,"file":"2023\/05\/VZ1526-Cortijo-Vera-Pueblo-23.jpg","filesize":111513,"sizes":{"thumbnail":{"file":"VZ1526-Cortijo-Vera-Pueblo-23-150x35.jpg","width":150,"height":35,"mime-type":"image\/jpeg","filesize":1954,"url":"https:\/\/zar2010.com\/wp-content\/uploads\/2023\/05\/VZ1526-Cortijo-Vera-Pueblo-23-150x35.jpg"},"medium":{"file":"VZ1526-Cortijo-Vera-Pueblo-23-300x200.jpg","width":300,"height":200,"mime-type":"image\/jpeg","filesize":15401,"url":"https:\/\/zar2010.com\/wp-content\/uploads\/2023\/05\/VZ1526-Cortijo-Vera-Pueblo-23-300x200.jpg"},"medium_large":{"file":"VZ1526-Cortijo-Vera-Pueblo-23-768x512.jpg","width":768,"height":512,"mime-type":"image\/jpeg","filesize":71625,"url":"https:\/\/zar2010.com\/wp-content\/uploads\/2023\/05\/VZ1526-Cortijo-Vera-Pueblo-23-768x512.jpg"},"post-thumbnail":{"file":"VZ1526-Cortijo-Vera-Pueblo-23-150x100.jpg","width":150,"height":100,"mime-type":"image\/jpeg","filesize":5127,"url":"https:\/\/zar2010.com\/wp-content\/uploads\/2023\/05\/VZ1526-Cortijo-Vera-Pueblo-23-150x100.jpg"},"modern-property-child-slider":{"file":"VZ1526-Cortijo-Vera-Pueblo-23-680x510.jpg","width":680,"height":510,"mime-type":"image\/jpeg","filesize":65982,"url":"https:\/\/zar2010.com\/wp-content\/uploads\/2023\/05\/VZ1526-Cortijo-Vera-Pueblo-23-680x510.jpg"},"property-thumb-image":{"file":"VZ1526-Cortijo-Vera-Pueblo-23-488x326.jpg","width":488,"height":326,"mime-type":"image\/jpeg","filesize":34433,"url":"https:\/\/zar2010.com\/wp-content\/uploads\/2023\/05\/VZ1526-Cortijo-Vera-Pueblo-23-488x326.jpg"},"property-detail-video-image":{"file":"VZ1526-Cortijo-Vera-Pueblo-23-818x417.jpg","width":818,"height":417,"mime-type":"image\/jpeg","filesize":57742,"url":"https:\/\/zar2010.com\/wp-content\/uploads\/2023\/05\/VZ1526-Cortijo-Vera-Pueblo-23-818x417.jpg"},"agent-image":{"file":"VZ1526-Cortijo-Vera-Pueblo-23-210x210.jpg","width":210,"height":210,"mime-type":"image\/jpeg","filesize":11984,"url":"https:\/\/zar2010.com\/wp-content\/uploads\/2023\/05\/VZ1526-Cortijo-Vera-Pueblo-23-210x210.jpg"},"partners-logo":{"file":"VZ1526-Cortijo-Vera-Pueblo-23-600x683.jpg","width":600,"height":683,"mime-type":"image\/jpeg","filesize":78200,"url":"https:\/\/zar2010.com\/wp-content\/uploads\/2023\/05\/VZ1526-Cortijo-Vera-Pueblo-23-600x683.jpg"}},"image_meta":{"aperture":"0","credit":"","camera":"","caption":"","created_timestamp":"0","copyright":"","focal_length":"0","iso":"0","shutter_speed":"0","title":"","orientation":"0","keywords":[]},"ID":"16886","name":"VZ1526-Cortijo-Vera-Pueblo-23.jpg","path":"\/home\/zarcomt\/www\/wp-content\/uploads\/2023\/05\/VZ1526-Cortijo-Vera-Pueblo-23.jpg","url":"https:\/\/zar2010.com\/wp-content\/uploads\/2023\/05\/VZ1526-Cortijo-Vera-Pueblo-23-150x35.jpg","full_url":"https:\/\/zar2010.com\/wp-content\/uploads\/2023\/05\/VZ1526-Cortijo-Vera-Pueblo-23.jpg","title":"VZ1526 Cortijo Vera Pueblo - 23","caption":"","description":"","alt":"","srcset":false},{"width":150,"height":35,"file":"2023\/05\/VZ1526-Cortijo-Vera-Pueblo-24.jpg","filesize":104551,"sizes":{"thumbnail":{"file":"VZ1526-Cortijo-Vera-Pueblo-24-150x35.jpg","width":150,"height":35,"mime-type":"image\/jpeg","filesize":2300,"url":"https:\/\/zar2010.com\/wp-content\/uploads\/2023\/05\/VZ1526-Cortijo-Vera-Pueblo-24-150x35.jpg"},"medium":{"file":"VZ1526-Cortijo-Vera-Pueblo-24-300x200.jpg","width":300,"height":200,"mime-type":"image\/jpeg","filesize":14358,"url":"https:\/\/zar2010.com\/wp-content\/uploads\/2023\/05\/VZ1526-Cortijo-Vera-Pueblo-24-300x200.jpg"},"medium_large":{"file":"VZ1526-Cortijo-Vera-Pueblo-24-768x512.jpg","width":768,"height":512,"mime-type":"image\/jpeg","filesize":66879,"url":"https:\/\/zar2010.com\/wp-content\/uploads\/2023\/05\/VZ1526-Cortijo-Vera-Pueblo-24-768x512.jpg"},"post-thumbnail":{"file":"VZ1526-Cortijo-Vera-Pueblo-24-150x100.jpg","width":150,"height":100,"mime-type":"image\/jpeg","filesize":4683,"url":"https:\/\/zar2010.com\/wp-content\/uploads\/2023\/05\/VZ1526-Cortijo-Vera-Pueblo-24-150x100.jpg"},"modern-property-child-slider":{"file":"VZ1526-Cortijo-Vera-Pueblo-24-680x510.jpg","width":680,"height":510,"mime-type":"image\/jpeg","filesize":63453,"url":"https:\/\/zar2010.com\/wp-content\/uploads\/2023\/05\/VZ1526-Cortijo-Vera-Pueblo-24-680x510.jpg"},"property-thumb-image":{"file":"VZ1526-Cortijo-Vera-Pueblo-24-488x326.jpg","width":488,"height":326,"mime-type":"image\/jpeg","filesize":32119,"url":"https:\/\/zar2010.com\/wp-content\/uploads\/2023\/05\/VZ1526-Cortijo-Vera-Pueblo-24-488x326.jpg"},"property-detail-video-image":{"file":"VZ1526-Cortijo-Vera-Pueblo-24-818x417.jpg","width":818,"height":417,"mime-type":"image\/jpeg","filesize":63089,"url":"https:\/\/zar2010.com\/wp-content\/uploads\/2023\/05\/VZ1526-Cortijo-Vera-Pueblo-24-818x417.jpg"},"agent-image":{"file":"VZ1526-Cortijo-Vera-Pueblo-24-210x210.jpg","width":210,"height":210,"mime-type":"image\/jpeg","filesize":13131,"url":"https:\/\/zar2010.com\/wp-content\/uploads\/2023\/05\/VZ1526-Cortijo-Vera-Pueblo-24-210x210.jpg"},"partners-logo":{"file":"VZ1526-Cortijo-Vera-Pueblo-24-600x683.jpg","width":600,"height":683,"mime-type":"image\/jpeg","filesize":90499,"url":"https:\/\/zar2010.com\/wp-content\/uploads\/2023\/05\/VZ1526-Cortijo-Vera-Pueblo-24-600x683.jpg"}},"image_meta":{"aperture":"0","credit":"","camera":"","caption":"","created_timestamp":"0","copyright":"","focal_length":"0","iso":"0","shutter_speed":"0","title":"","orientation":"0","keywords":[]},"ID":"16888","name":"VZ1526-Cortijo-Vera-Pueblo-24.jpg","path":"\/home\/zarcomt\/www\/wp-content\/uploads\/2023\/05\/VZ1526-Cortijo-Vera-Pueblo-24.jpg","url":"https:\/\/zar2010.com\/wp-content\/uploads\/2023\/05\/VZ1526-Cortijo-Vera-Pueblo-24-150x35.jpg","full_url":"https:\/\/zar2010.com\/wp-content\/uploads\/2023\/05\/VZ1526-Cortijo-Vera-Pueblo-24.jpg","title":"VZ1526 Cortijo Vera Pueblo - 24","caption":"","description":"","alt":"","srcset":false},{"width":150,"height":35,"file":"2023\/05\/VZ1526-Cortijo-Vera-Pueblo-25.jpg","filesize":158208,"sizes":{"thumbnail":{"file":"VZ1526-Cortijo-Vera-Pueblo-25-150x35.jpg","width":150,"height":35,"mime-type":"image\/jpeg","filesize":2538,"url":"https:\/\/zar2010.com\/wp-content\/uploads\/2023\/05\/VZ1526-Cortijo-Vera-Pueblo-25-150x35.jpg"},"medium":{"file":"VZ1526-Cortijo-Vera-Pueblo-25-300x200.jpg","width":300,"height":200,"mime-type":"image\/jpeg","filesize":18818,"url":"https:\/\/zar2010.com\/wp-content\/uploads\/2023\/05\/VZ1526-Cortijo-Vera-Pueblo-25-300x200.jpg"},"medium_large":{"file":"VZ1526-Cortijo-Vera-Pueblo-25-768x512.jpg","width":768,"height":512,"mime-type":"image\/jpeg","filesize":100625,"url":"https:\/\/zar2010.com\/wp-content\/uploads\/2023\/05\/VZ1526-Cortijo-Vera-Pueblo-25-768x512.jpg"},"post-thumbnail":{"file":"VZ1526-Cortijo-Vera-Pueblo-25-150x100.jpg","width":150,"height":100,"mime-type":"image\/jpeg","filesize":5664,"url":"https:\/\/zar2010.com\/wp-content\/uploads\/2023\/05\/VZ1526-Cortijo-Vera-Pueblo-25-150x100.jpg"},"modern-property-child-slider":{"file":"VZ1526-Cortijo-Vera-Pueblo-25-680x510.jpg","width":680,"height":510,"mime-type":"image\/jpeg","filesize":97260,"url":"https:\/\/zar2010.com\/wp-content\/uploads\/2023\/05\/VZ1526-Cortijo-Vera-Pueblo-25-680x510.jpg"},"property-thumb-image":{"file":"VZ1526-Cortijo-Vera-Pueblo-25-488x326.jpg","width":488,"height":326,"mime-type":"image\/jpeg","filesize":45210,"url":"https:\/\/zar2010.com\/wp-content\/uploads\/2023\/05\/VZ1526-Cortijo-Vera-Pueblo-25-488x326.jpg"},"property-detail-video-image":{"file":"VZ1526-Cortijo-Vera-Pueblo-25-818x417.jpg","width":818,"height":417,"mime-type":"image\/jpeg","filesize":88696,"url":"https:\/\/zar2010.com\/wp-content\/uploads\/2023\/05\/VZ1526-Cortijo-Vera-Pueblo-25-818x417.jpg"},"agent-image":{"file":"VZ1526-Cortijo-Vera-Pueblo-25-210x210.jpg","width":210,"height":210,"mime-type":"image\/jpeg","filesize":17210,"url":"https:\/\/zar2010.com\/wp-content\/uploads\/2023\/05\/VZ1526-Cortijo-Vera-Pueblo-25-210x210.jpg"},"partners-logo":{"file":"VZ1526-Cortijo-Vera-Pueblo-25-600x683.jpg","width":600,"height":683,"mime-type":"image\/jpeg","filesize":140854,"url":"https:\/\/zar2010.com\/wp-content\/uploads\/2023\/05\/VZ1526-Cortijo-Vera-Pueblo-25-600x683.jpg"}},"image_meta":{"aperture":"0","credit":"","camera":"","caption":"","created_timestamp":"0","copyright":"","focal_length":"0","iso":"0","shutter_speed":"0","title":"","orientation":"0","keywords":[]},"ID":"16890","name":"VZ1526-Cortijo-Vera-Pueblo-25.jpg","path":"\/home\/zarcomt\/www\/wp-content\/uploads\/2023\/05\/VZ1526-Cortijo-Vera-Pueblo-25.jpg","url":"https:\/\/zar2010.com\/wp-content\/uploads\/2023\/05\/VZ1526-Cortijo-Vera-Pueblo-25-150x35.jpg","full_url":"https:\/\/zar2010.com\/wp-content\/uploads\/2023\/05\/VZ1526-Cortijo-Vera-Pueblo-25.jpg","title":"VZ1526 Cortijo Vera Pueblo - 25","caption":"","description":"","alt":"","srcset":false},{"width":150,"height":35,"file":"2023\/05\/VZ1526-Cortijo-Vera-Pueblo-26.jpg","filesize":148583,"sizes":{"thumbnail":{"file":"VZ1526-Cortijo-Vera-Pueblo-26-150x35.jpg","width":150,"height":35,"mime-type":"image\/jpeg","filesize":2796,"url":"https:\/\/zar2010.com\/wp-content\/uploads\/2023\/05\/VZ1526-Cortijo-Vera-Pueblo-26-150x35.jpg"},"medium":{"file":"VZ1526-Cortijo-Vera-Pueblo-26-300x200.jpg","width":300,"height":200,"mime-type":"image\/jpeg","filesize":18535,"url":"https:\/\/zar2010.com\/wp-content\/uploads\/2023\/05\/VZ1526-Cortijo-Vera-Pueblo-26-300x200.jpg"},"medium_large":{"file":"VZ1526-Cortijo-Vera-Pueblo-26-768x512.jpg","width":768,"height":512,"mime-type":"image\/jpeg","filesize":93781,"url":"https:\/\/zar2010.com\/wp-content\/uploads\/2023\/05\/VZ1526-Cortijo-Vera-Pueblo-26-768x512.jpg"},"post-thumbnail":{"file":"VZ1526-Cortijo-Vera-Pueblo-26-150x100.jpg","width":150,"height":100,"mime-type":"image\/jpeg","filesize":5990,"url":"https:\/\/zar2010.com\/wp-content\/uploads\/2023\/05\/VZ1526-Cortijo-Vera-Pueblo-26-150x100.jpg"},"modern-property-child-slider":{"file":"VZ1526-Cortijo-Vera-Pueblo-26-680x510.jpg","width":680,"height":510,"mime-type":"image\/jpeg","filesize":82710,"url":"https:\/\/zar2010.com\/wp-content\/uploads\/2023\/05\/VZ1526-Cortijo-Vera-Pueblo-26-680x510.jpg"},"property-thumb-image":{"file":"VZ1526-Cortijo-Vera-Pueblo-26-488x326.jpg","width":488,"height":326,"mime-type":"image\/jpeg","filesize":42835,"url":"https:\/\/zar2010.com\/wp-content\/uploads\/2023\/05\/VZ1526-Cortijo-Vera-Pueblo-26-488x326.jpg"},"property-detail-video-image":{"file":"VZ1526-Cortijo-Vera-Pueblo-26-818x417.jpg","width":818,"height":417,"mime-type":"image\/jpeg","filesize":85311,"url":"https:\/\/zar2010.com\/wp-content\/uploads\/2023\/05\/VZ1526-Cortijo-Vera-Pueblo-26-818x417.jpg"},"agent-image":{"file":"VZ1526-Cortijo-Vera-Pueblo-26-210x210.jpg","width":210,"height":210,"mime-type":"image\/jpeg","filesize":13143,"url":"https:\/\/zar2010.com\/wp-content\/uploads\/2023\/05\/VZ1526-Cortijo-Vera-Pueblo-26-210x210.jpg"},"partners-logo":{"file":"VZ1526-Cortijo-Vera-Pueblo-26-600x683.jpg","width":600,"height":683,"mime-type":"image\/jpeg","filesize":98585,"url":"https:\/\/zar2010.com\/wp-content\/uploads\/2023\/05\/VZ1526-Cortijo-Vera-Pueblo-26-600x683.jpg"}},"image_meta":{"aperture":"0","credit":"","camera":"","caption":"","created_timestamp":"0","copyright":"","focal_length":"0","iso":"0","shutter_speed":"0","title":"","orientation":"0","keywords":[]},"ID":"16892","name":"VZ1526-Cortijo-Vera-Pueblo-26.jpg","path":"\/home\/zarcomt\/www\/wp-content\/uploads\/2023\/05\/VZ1526-Cortijo-Vera-Pueblo-26.jpg","url":"https:\/\/zar2010.com\/wp-content\/uploads\/2023\/05\/VZ1526-Cortijo-Vera-Pueblo-26-150x35.jpg","full_url":"https:\/\/zar2010.com\/wp-content\/uploads\/2023\/05\/VZ1526-Cortijo-Vera-Pueblo-26.jpg","title":"VZ1526 Cortijo Vera Pueblo - 26","caption":"","description":"","alt":"","srcset":false},{"width":150,"height":35,"file":"2023\/05\/VZ1526-Cortijo-Vera-Pueblo-27.jpg","filesize":115202,"sizes":{"thumbnail":{"file":"VZ1526-Cortijo-Vera-Pueblo-27-150x35.jpg","width":150,"height":35,"mime-type":"image\/jpeg","filesize":2278,"url":"https:\/\/zar2010.com\/wp-content\/uploads\/2023\/05\/VZ1526-Cortijo-Vera-Pueblo-27-150x35.jpg"},"medium":{"file":"VZ1526-Cortijo-Vera-Pueblo-27-300x200.jpg","width":300,"height":200,"mime-type":"image\/jpeg","filesize":14814,"url":"https:\/\/zar2010.com\/wp-content\/uploads\/2023\/05\/VZ1526-Cortijo-Vera-Pueblo-27-300x200.jpg"},"medium_large":{"file":"VZ1526-Cortijo-Vera-Pueblo-27-768x512.jpg","width":768,"height":512,"mime-type":"image\/jpeg","filesize":72669,"url":"https:\/\/zar2010.com\/wp-content\/uploads\/2023\/05\/VZ1526-Cortijo-Vera-Pueblo-27-768x512.jpg"},"post-thumbnail":{"file":"VZ1526-Cortijo-Vera-Pueblo-27-150x100.jpg","width":150,"height":100,"mime-type":"image\/jpeg","filesize":4671,"url":"https:\/\/zar2010.com\/wp-content\/uploads\/2023\/05\/VZ1526-Cortijo-Vera-Pueblo-27-150x100.jpg"},"modern-property-child-slider":{"file":"VZ1526-Cortijo-Vera-Pueblo-27-680x510.jpg","width":680,"height":510,"mime-type":"image\/jpeg","filesize":60422,"url":"https:\/\/zar2010.com\/wp-content\/uploads\/2023\/05\/VZ1526-Cortijo-Vera-Pueblo-27-680x510.jpg"},"property-thumb-image":{"file":"VZ1526-Cortijo-Vera-Pueblo-27-488x326.jpg","width":488,"height":326,"mime-type":"image\/jpeg","filesize":33578,"url":"https:\/\/zar2010.com\/wp-content\/uploads\/2023\/05\/VZ1526-Cortijo-Vera-Pueblo-27-488x326.jpg"},"property-detail-video-image":{"file":"VZ1526-Cortijo-Vera-Pueblo-27-818x417.jpg","width":818,"height":417,"mime-type":"image\/jpeg","filesize":65199,"url":"https:\/\/zar2010.com\/wp-content\/uploads\/2023\/05\/VZ1526-Cortijo-Vera-Pueblo-27-818x417.jpg"},"agent-image":{"file":"VZ1526-Cortijo-Vera-Pueblo-27-210x210.jpg","width":210,"height":210,"mime-type":"image\/jpeg","filesize":10510,"url":"https:\/\/zar2010.com\/wp-content\/uploads\/2023\/05\/VZ1526-Cortijo-Vera-Pueblo-27-210x210.jpg"},"partners-logo":{"file":"VZ1526-Cortijo-Vera-Pueblo-27-600x683.jpg","width":600,"height":683,"mime-type":"image\/jpeg","filesize":72019,"url":"https:\/\/zar2010.com\/wp-content\/uploads\/2023\/05\/VZ1526-Cortijo-Vera-Pueblo-27-600x683.jpg"}},"image_meta":{"aperture":"0","credit":"","camera":"","caption":"","created_timestamp":"0","copyright":"","focal_length":"0","iso":"0","shutter_speed":"0","title":"","orientation":"0","keywords":[]},"ID":"16894","name":"VZ1526-Cortijo-Vera-Pueblo-27.jpg","path":"\/home\/zarcomt\/www\/wp-content\/uploads\/2023\/05\/VZ1526-Cortijo-Vera-Pueblo-27.jpg","url":"https:\/\/zar2010.com\/wp-content\/uploads\/2023\/05\/VZ1526-Cortijo-Vera-Pueblo-27-150x35.jpg","full_url":"https:\/\/zar2010.com\/wp-content\/uploads\/2023\/05\/VZ1526-Cortijo-Vera-Pueblo-27.jpg","title":"VZ1526 Cortijo Vera Pueblo - 27","caption":"","description":"","alt":"","srcset":false},{"width":150,"height":35,"file":"2023\/05\/VZ1526-Cortijo-Vera-Pueblo-28.jpg","filesize":191130,"sizes":{"thumbnail":{"file":"VZ1526-Cortijo-Vera-Pueblo-28-150x35.jpg","width":150,"height":35,"mime-type":"image\/jpeg","filesize":2656,"url":"https:\/\/zar2010.com\/wp-content\/uploads\/2023\/05\/VZ1526-Cortijo-Vera-Pueblo-28-150x35.jpg"},"medium":{"file":"VZ1526-Cortijo-Vera-Pueblo-28-300x200.jpg","width":300,"height":200,"mime-type":"image\/jpeg","filesize":22255,"url":"https:\/\/zar2010.com\/wp-content\/uploads\/2023\/05\/VZ1526-Cortijo-Vera-Pueblo-28-300x200.jpg"},"medium_large":{"file":"VZ1526-Cortijo-Vera-Pueblo-28-768x512.jpg","width":768,"height":512,"mime-type":"image\/jpeg","filesize":120443,"url":"https:\/\/zar2010.com\/wp-content\/uploads\/2023\/05\/VZ1526-Cortijo-Vera-Pueblo-28-768x512.jpg"},"post-thumbnail":{"file":"VZ1526-Cortijo-Vera-Pueblo-28-150x100.jpg","width":150,"height":100,"mime-type":"image\/jpeg","filesize":6739,"url":"https:\/\/zar2010.com\/wp-content\/uploads\/2023\/05\/VZ1526-Cortijo-Vera-Pueblo-28-150x100.jpg"},"modern-property-child-slider":{"file":"VZ1526-Cortijo-Vera-Pueblo-28-680x510.jpg","width":680,"height":510,"mime-type":"image\/jpeg","filesize":108226,"url":"https:\/\/zar2010.com\/wp-content\/uploads\/2023\/05\/VZ1526-Cortijo-Vera-Pueblo-28-680x510.jpg"},"property-thumb-image":{"file":"VZ1526-Cortijo-Vera-Pueblo-28-488x326.jpg","width":488,"height":326,"mime-type":"image\/jpeg","filesize":54491,"url":"https:\/\/zar2010.com\/wp-content\/uploads\/2023\/05\/VZ1526-Cortijo-Vera-Pueblo-28-488x326.jpg"},"property-detail-video-image":{"file":"VZ1526-Cortijo-Vera-Pueblo-28-818x417.jpg","width":818,"height":417,"mime-type":"image\/jpeg","filesize":102768,"url":"https:\/\/zar2010.com\/wp-content\/uploads\/2023\/05\/VZ1526-Cortijo-Vera-Pueblo-28-818x417.jpg"},"agent-image":{"file":"VZ1526-Cortijo-Vera-Pueblo-28-210x210.jpg","width":210,"height":210,"mime-type":"image\/jpeg","filesize":17165,"url":"https:\/\/zar2010.com\/wp-content\/uploads\/2023\/05\/VZ1526-Cortijo-Vera-Pueblo-28-210x210.jpg"},"partners-logo":{"file":"VZ1526-Cortijo-Vera-Pueblo-28-600x683.jpg","width":600,"height":683,"mime-type":"image\/jpeg","filesize":132148,"url":"https:\/\/zar2010.com\/wp-content\/uploads\/2023\/05\/VZ1526-Cortijo-Vera-Pueblo-28-600x683.jpg"}},"image_meta":{"aperture":"0","credit":"","camera":"","caption":"","created_timestamp":"0","copyright":"","focal_length":"0","iso":"0","shutter_speed":"0","title":"","orientation":"0","keywords":[]},"ID":"16896","name":"VZ1526-Cortijo-Vera-Pueblo-28.jpg","path":"\/home\/zarcomt\/www\/wp-content\/uploads\/2023\/05\/VZ1526-Cortijo-Vera-Pueblo-28.jpg","url":"https:\/\/zar2010.com\/wp-content\/uploads\/2023\/05\/VZ1526-Cortijo-Vera-Pueblo-28-150x35.jpg","full_url":"https:\/\/zar2010.com\/wp-content\/uploads\/2023\/05\/VZ1526-Cortijo-Vera-Pueblo-28.jpg","title":"VZ1526 Cortijo Vera Pueblo - 28","caption":"","description":"","alt":"","srcset":false},{"width":150,"height":35,"file":"2023\/05\/VZ1526-Cortijo-Vera-Pueblo-29.jpg","filesize":224456,"sizes":{"thumbnail":{"file":"VZ1526-Cortijo-Vera-Pueblo-29-150x35.jpg","width":150,"height":35,"mime-type":"image\/jpeg","filesize":2750,"url":"https:\/\/zar2010.com\/wp-content\/uploads\/2023\/05\/VZ1526-Cortijo-Vera-Pueblo-29-150x35.jpg"},"medium":{"file":"VZ1526-Cortijo-Vera-Pueblo-29-300x200.jpg","width":300,"height":200,"mime-type":"image\/jpeg","filesize":24035,"url":"https:\/\/zar2010.com\/wp-content\/uploads\/2023\/05\/VZ1526-Cortijo-Vera-Pueblo-29-300x200.jpg"},"medium_large":{"file":"VZ1526-Cortijo-Vera-Pueblo-29-768x512.jpg","width":768,"height":512,"mime-type":"image\/jpeg","filesize":138718,"url":"https:\/\/zar2010.com\/wp-content\/uploads\/2023\/05\/VZ1526-Cortijo-Vera-Pueblo-29-768x512.jpg"},"post-thumbnail":{"file":"VZ1526-Cortijo-Vera-Pueblo-29-150x100.jpg","width":150,"height":100,"mime-type":"image\/jpeg","filesize":6852,"url":"https:\/\/zar2010.com\/wp-content\/uploads\/2023\/05\/VZ1526-Cortijo-Vera-Pueblo-29-150x100.jpg"},"modern-property-child-slider":{"file":"VZ1526-Cortijo-Vera-Pueblo-29-680x510.jpg","width":680,"height":510,"mime-type":"image\/jpeg","filesize":129065,"url":"https:\/\/zar2010.com\/wp-content\/uploads\/2023\/05\/VZ1526-Cortijo-Vera-Pueblo-29-680x510.jpg"},"property-thumb-image":{"file":"VZ1526-Cortijo-Vera-Pueblo-29-488x326.jpg","width":488,"height":326,"mime-type":"image\/jpeg","filesize":60767,"url":"https:\/\/zar2010.com\/wp-content\/uploads\/2023\/05\/VZ1526-Cortijo-Vera-Pueblo-29-488x326.jpg"},"property-detail-video-image":{"file":"VZ1526-Cortijo-Vera-Pueblo-29-818x417.jpg","width":818,"height":417,"mime-type":"image\/jpeg","filesize":119059,"url":"https:\/\/zar2010.com\/wp-content\/uploads\/2023\/05\/VZ1526-Cortijo-Vera-Pueblo-29-818x417.jpg"},"agent-image":{"file":"VZ1526-Cortijo-Vera-Pueblo-29-210x210.jpg","width":210,"height":210,"mime-type":"image\/jpeg","filesize":20574,"url":"https:\/\/zar2010.com\/wp-content\/uploads\/2023\/05\/VZ1526-Cortijo-Vera-Pueblo-29-210x210.jpg"},"partners-logo":{"file":"VZ1526-Cortijo-Vera-Pueblo-29-600x683.jpg","width":600,"height":683,"mime-type":"image\/jpeg","filesize":182422,"url":"https:\/\/zar2010.com\/wp-content\/uploads\/2023\/05\/VZ1526-Cortijo-Vera-Pueblo-29-600x683.jpg"}},"image_meta":{"aperture":"0","credit":"","camera":"","caption":"","created_timestamp":"0","copyright":"","focal_length":"0","iso":"0","shutter_speed":"0","title":"","orientation":"0","keywords":[]},"ID":"16898","name":"VZ1526-Cortijo-Vera-Pueblo-29.jpg","path":"\/home\/zarcomt\/www\/wp-content\/uploads\/2023\/05\/VZ1526-Cortijo-Vera-Pueblo-29.jpg","url":"https:\/\/zar2010.com\/wp-content\/uploads\/2023\/05\/VZ1526-Cortijo-Vera-Pueblo-29-150x35.jpg","full_url":"https:\/\/zar2010.com\/wp-content\/uploads\/2023\/05\/VZ1526-Cortijo-Vera-Pueblo-29.jpg","title":"VZ1526 Cortijo Vera Pueblo - 29","caption":"","description":"","alt":"","srcset":false},{"width":150,"height":35,"file":"2023\/05\/VZ1526-Cortijo-Vera-Pueblo-30.jpg","filesize":174843,"sizes":{"thumbnail":{"file":"VZ1526-Cortijo-Vera-Pueblo-30-150x35.jpg","width":150,"height":35,"mime-type":"image\/jpeg","filesize":2675,"url":"https:\/\/zar2010.com\/wp-content\/uploads\/2023\/05\/VZ1526-Cortijo-Vera-Pueblo-30-150x35.jpg"},"medium":{"file":"VZ1526-Cortijo-Vera-Pueblo-30-300x200.jpg","width":300,"height":200,"mime-type":"image\/jpeg","filesize":20932,"url":"https:\/\/zar2010.com\/wp-content\/uploads\/2023\/05\/VZ1526-Cortijo-Vera-Pueblo-30-300x200.jpg"},"medium_large":{"file":"VZ1526-Cortijo-Vera-Pueblo-30-768x512.jpg","width":768,"height":512,"mime-type":"image\/jpeg","filesize":111322,"url":"https:\/\/zar2010.com\/wp-content\/uploads\/2023\/05\/VZ1526-Cortijo-Vera-Pueblo-30-768x512.jpg"},"post-thumbnail":{"file":"VZ1526-Cortijo-Vera-Pueblo-30-150x100.jpg","width":150,"height":100,"mime-type":"image\/jpeg","filesize":6392,"url":"https:\/\/zar2010.com\/wp-content\/uploads\/2023\/05\/VZ1526-Cortijo-Vera-Pueblo-30-150x100.jpg"},"modern-property-child-slider":{"file":"VZ1526-Cortijo-Vera-Pueblo-30-680x510.jpg","width":680,"height":510,"mime-type":"image\/jpeg","filesize":99637,"url":"https:\/\/zar2010.com\/wp-content\/uploads\/2023\/05\/VZ1526-Cortijo-Vera-Pueblo-30-680x510.jpg"},"property-thumb-image":{"file":"VZ1526-Cortijo-Vera-Pueblo-30-488x326.jpg","width":488,"height":326,"mime-type":"image\/jpeg","filesize":50593,"url":"https:\/\/zar2010.com\/wp-content\/uploads\/2023\/05\/VZ1526-Cortijo-Vera-Pueblo-30-488x326.jpg"},"property-detail-video-image":{"file":"VZ1526-Cortijo-Vera-Pueblo-30-818x417.jpg","width":818,"height":417,"mime-type":"image\/jpeg","filesize":93991,"url":"https:\/\/zar2010.com\/wp-content\/uploads\/2023\/05\/VZ1526-Cortijo-Vera-Pueblo-30-818x417.jpg"},"agent-image":{"file":"VZ1526-Cortijo-Vera-Pueblo-30-210x210.jpg","width":210,"height":210,"mime-type":"image\/jpeg","filesize":15718,"url":"https:\/\/zar2010.com\/wp-content\/uploads\/2023\/05\/VZ1526-Cortijo-Vera-Pueblo-30-210x210.jpg"},"partners-logo":{"file":"VZ1526-Cortijo-Vera-Pueblo-30-600x683.jpg","width":600,"height":683,"mime-type":"image\/jpeg","filesize":117267,"url":"https:\/\/zar2010.com\/wp-content\/uploads\/2023\/05\/VZ1526-Cortijo-Vera-Pueblo-30-600x683.jpg"}},"image_meta":{"aperture":"0","credit":"","camera":"","caption":"","created_timestamp":"0","copyright":"","focal_length":"0","iso":"0","shutter_speed":"0","title":"","orientation":"0","keywords":[]},"ID":"16900","name":"VZ1526-Cortijo-Vera-Pueblo-30.jpg","path":"\/home\/zarcomt\/www\/wp-content\/uploads\/2023\/05\/VZ1526-Cortijo-Vera-Pueblo-30.jpg","url":"https:\/\/zar2010.com\/wp-content\/uploads\/2023\/05\/VZ1526-Cortijo-Vera-Pueblo-30-150x35.jpg","full_url":"https:\/\/zar2010.com\/wp-content\/uploads\/2023\/05\/VZ1526-Cortijo-Vera-Pueblo-30.jpg","title":"VZ1526 Cortijo Vera Pueblo - 30","caption":"","description":"","alt":"","srcset":false},{"width":150,"height":35,"file":"2023\/05\/VZ1526-Cortijo-Vera-Pueblo-31.jpg","filesize":140846,"sizes":{"thumbnail":{"file":"VZ1526-Cortijo-Vera-Pueblo-31-150x35.jpg","width":150,"height":35,"mime-type":"image\/jpeg","filesize":2237,"url":"https:\/\/zar2010.com\/wp-content\/uploads\/2023\/05\/VZ1526-Cortijo-Vera-Pueblo-31-150x35.jpg"},"medium":{"file":"VZ1526-Cortijo-Vera-Pueblo-31-300x200.jpg","width":300,"height":200,"mime-type":"image\/jpeg","filesize":16667,"url":"https:\/\/zar2010.com\/wp-content\/uploads\/2023\/05\/VZ1526-Cortijo-Vera-Pueblo-31-300x200.jpg"},"medium_large":{"file":"VZ1526-Cortijo-Vera-Pueblo-31-768x512.jpg","width":768,"height":512,"mime-type":"image\/jpeg","filesize":88359,"url":"https:\/\/zar2010.com\/wp-content\/uploads\/2023\/05\/VZ1526-Cortijo-Vera-Pueblo-31-768x512.jpg"},"post-thumbnail":{"file":"VZ1526-Cortijo-Vera-Pueblo-31-150x100.jpg","width":150,"height":100,"mime-type":"image\/jpeg","filesize":5276,"url":"https:\/\/zar2010.com\/wp-content\/uploads\/2023\/05\/VZ1526-Cortijo-Vera-Pueblo-31-150x100.jpg"},"modern-property-child-slider":{"file":"VZ1526-Cortijo-Vera-Pueblo-31-680x510.jpg","width":680,"height":510,"mime-type":"image\/jpeg","filesize":80634,"url":"https:\/\/zar2010.com\/wp-content\/uploads\/2023\/05\/VZ1526-Cortijo-Vera-Pueblo-31-680x510.jpg"},"property-thumb-image":{"file":"VZ1526-Cortijo-Vera-Pueblo-31-488x326.jpg","width":488,"height":326,"mime-type":"image\/jpeg","filesize":40130,"url":"https:\/\/zar2010.com\/wp-content\/uploads\/2023\/05\/VZ1526-Cortijo-Vera-Pueblo-31-488x326.jpg"},"property-detail-video-image":{"file":"VZ1526-Cortijo-Vera-Pueblo-31-818x417.jpg","width":818,"height":417,"mime-type":"image\/jpeg","filesize":75233,"url":"https:\/\/zar2010.com\/wp-content\/uploads\/2023\/05\/VZ1526-Cortijo-Vera-Pueblo-31-818x417.jpg"},"agent-image":{"file":"VZ1526-Cortijo-Vera-Pueblo-31-210x210.jpg","width":210,"height":210,"mime-type":"image\/jpeg","filesize":13922,"url":"https:\/\/zar2010.com\/wp-content\/uploads\/2023\/05\/VZ1526-Cortijo-Vera-Pueblo-31-210x210.jpg"},"partners-logo":{"file":"VZ1526-Cortijo-Vera-Pueblo-31-600x683.jpg","width":600,"height":683,"mime-type":"image\/jpeg","filesize":113175,"url":"https:\/\/zar2010.com\/wp-content\/uploads\/2023\/05\/VZ1526-Cortijo-Vera-Pueblo-31-600x683.jpg"}},"image_meta":{"aperture":"0","credit":"","camera":"","caption":"","created_timestamp":"0","copyright":"","focal_length":"0","iso":"0","shutter_speed":"0","title":"","orientation":"0","keywords":[]},"ID":"16902","name":"VZ1526-Cortijo-Vera-Pueblo-31.jpg","path":"\/home\/zarcomt\/www\/wp-content\/uploads\/2023\/05\/VZ1526-Cortijo-Vera-Pueblo-31.jpg","url":"https:\/\/zar2010.com\/wp-content\/uploads\/2023\/05\/VZ1526-Cortijo-Vera-Pueblo-31-150x35.jpg","full_url":"https:\/\/zar2010.com\/wp-content\/uploads\/2023\/05\/VZ1526-Cortijo-Vera-Pueblo-31.jpg","title":"VZ1526 Cortijo Vera Pueblo - 31","caption":"","description":"","alt":"","srcset":false},{"width":150,"height":35,"file":"2023\/05\/VZ1526-Cortijo-Vera-Pueblo-32.jpg","filesize":189611,"sizes":{"thumbnail":{"file":"VZ1526-Cortijo-Vera-Pueblo-32-150x35.jpg","width":150,"height":35,"mime-type":"image\/jpeg","filesize":2873,"url":"https:\/\/zar2010.com\/wp-content\/uploads\/2023\/05\/VZ1526-Cortijo-Vera-Pueblo-32-150x35.jpg"},"medium":{"file":"VZ1526-Cortijo-Vera-Pueblo-32-300x200.jpg","width":300,"height":200,"mime-type":"image\/jpeg","filesize":22904,"url":"https:\/\/zar2010.com\/wp-content\/uploads\/2023\/05\/VZ1526-Cortijo-Vera-Pueblo-32-300x200.jpg"},"medium_large":{"file":"VZ1526-Cortijo-Vera-Pueblo-32-768x512.jpg","width":768,"height":512,"mime-type":"image\/jpeg","filesize":120690,"url":"https:\/\/zar2010.com\/wp-content\/uploads\/2023\/05\/VZ1526-Cortijo-Vera-Pueblo-32-768x512.jpg"},"post-thumbnail":{"file":"VZ1526-Cortijo-Vera-Pueblo-32-150x100.jpg","width":150,"height":100,"mime-type":"image\/jpeg","filesize":6889,"url":"https:\/\/zar2010.com\/wp-content\/uploads\/2023\/05\/VZ1526-Cortijo-Vera-Pueblo-32-150x100.jpg"},"modern-property-child-slider":{"file":"VZ1526-Cortijo-Vera-Pueblo-32-680x510.jpg","width":680,"height":510,"mime-type":"image\/jpeg","filesize":111380,"url":"https:\/\/zar2010.com\/wp-content\/uploads\/2023\/05\/VZ1526-Cortijo-Vera-Pueblo-32-680x510.jpg"},"property-thumb-image":{"file":"VZ1526-Cortijo-Vera-Pueblo-32-488x326.jpg","width":488,"height":326,"mime-type":"image\/jpeg","filesize":54951,"url":"https:\/\/zar2010.com\/wp-content\/uploads\/2023\/05\/VZ1526-Cortijo-Vera-Pueblo-32-488x326.jpg"},"property-detail-video-image":{"file":"VZ1526-Cortijo-Vera-Pueblo-32-818x417.jpg","width":818,"height":417,"mime-type":"image\/jpeg","filesize":105850,"url":"https:\/\/zar2010.com\/wp-content\/uploads\/2023\/05\/VZ1526-Cortijo-Vera-Pueblo-32-818x417.jpg"},"agent-image":{"file":"VZ1526-Cortijo-Vera-Pueblo-32-210x210.jpg","width":210,"height":210,"mime-type":"image\/jpeg","filesize":17876,"url":"https:\/\/zar2010.com\/wp-content\/uploads\/2023\/05\/VZ1526-Cortijo-Vera-Pueblo-32-210x210.jpg"},"partners-logo":{"file":"VZ1526-Cortijo-Vera-Pueblo-32-600x683.jpg","width":600,"height":683,"mime-type":"image\/jpeg","filesize":130913,"url":"https:\/\/zar2010.com\/wp-content\/uploads\/2023\/05\/VZ1526-Cortijo-Vera-Pueblo-32-600x683.jpg"}},"image_meta":{"aperture":"0","credit":"","camera":"","caption":"","created_timestamp":"0","copyright":"","focal_length":"0","iso":"0","shutter_speed":"0","title":"","orientation":"0","keywords":[]},"ID":"16904","name":"VZ1526-Cortijo-Vera-Pueblo-32.jpg","path":"\/home\/zarcomt\/www\/wp-content\/uploads\/2023\/05\/VZ1526-Cortijo-Vera-Pueblo-32.jpg","url":"https:\/\/zar2010.com\/wp-content\/uploads\/2023\/05\/VZ1526-Cortijo-Vera-Pueblo-32-150x35.jpg","full_url":"https:\/\/zar2010.com\/wp-content\/uploads\/2023\/05\/VZ1526-Cortijo-Vera-Pueblo-32.jpg","title":"VZ1526 Cortijo Vera Pueblo - 32","caption":"","description":"","alt":"","srcset":false},{"width":150,"height":35,"file":"2023\/05\/VZ1526-Cortijo-Vera-Pueblo-33.jpg","filesize":152314,"sizes":{"thumbnail":{"file":"VZ1526-Cortijo-Vera-Pueblo-33-150x35.jpg","width":150,"height":35,"mime-type":"image\/jpeg","filesize":2514,"url":"https:\/\/zar2010.com\/wp-content\/uploads\/2023\/05\/VZ1526-Cortijo-Vera-Pueblo-33-150x35.jpg"},"medium":{"file":"VZ1526-Cortijo-Vera-Pueblo-33-300x200.jpg","width":300,"height":200,"mime-type":"image\/jpeg","filesize":16830,"url":"https:\/\/zar2010.com\/wp-content\/uploads\/2023\/05\/VZ1526-Cortijo-Vera-Pueblo-33-300x200.jpg"},"medium_large":{"file":"VZ1526-Cortijo-Vera-Pueblo-33-768x512.jpg","width":768,"height":512,"mime-type":"image\/jpeg","filesize":93592,"url":"https:\/\/zar2010.com\/wp-content\/uploads\/2023\/05\/VZ1526-Cortijo-Vera-Pueblo-33-768x512.jpg"},"post-thumbnail":{"file":"VZ1526-Cortijo-Vera-Pueblo-33-150x100.jpg","width":150,"height":100,"mime-type":"image\/jpeg","filesize":5334,"url":"https:\/\/zar2010.com\/wp-content\/uploads\/2023\/05\/VZ1526-Cortijo-Vera-Pueblo-33-150x100.jpg"},"modern-property-child-slider":{"file":"VZ1526-Cortijo-Vera-Pueblo-33-680x510.jpg","width":680,"height":510,"mime-type":"image\/jpeg","filesize":85529,"url":"https:\/\/zar2010.com\/wp-content\/uploads\/2023\/05\/VZ1526-Cortijo-Vera-Pueblo-33-680x510.jpg"},"property-thumb-image":{"file":"VZ1526-Cortijo-Vera-Pueblo-33-488x326.jpg","width":488,"height":326,"mime-type":"image\/jpeg","filesize":40732,"url":"https:\/\/zar2010.com\/wp-content\/uploads\/2023\/05\/VZ1526-Cortijo-Vera-Pueblo-33-488x326.jpg"},"property-detail-video-image":{"file":"VZ1526-Cortijo-Vera-Pueblo-33-818x417.jpg","width":818,"height":417,"mime-type":"image\/jpeg","filesize":81814,"url":"https:\/\/zar2010.com\/wp-content\/uploads\/2023\/05\/VZ1526-Cortijo-Vera-Pueblo-33-818x417.jpg"},"agent-image":{"file":"VZ1526-Cortijo-Vera-Pueblo-33-210x210.jpg","width":210,"height":210,"mime-type":"image\/jpeg","filesize":12994,"url":"https:\/\/zar2010.com\/wp-content\/uploads\/2023\/05\/VZ1526-Cortijo-Vera-Pueblo-33-210x210.jpg"},"partners-logo":{"file":"VZ1526-Cortijo-Vera-Pueblo-33-600x683.jpg","width":600,"height":683,"mime-type":"image\/jpeg","filesize":115238,"url":"https:\/\/zar2010.com\/wp-content\/uploads\/2023\/05\/VZ1526-Cortijo-Vera-Pueblo-33-600x683.jpg"}},"image_meta":{"aperture":"0","credit":"","camera":"","caption":"","created_timestamp":"0","copyright":"","focal_length":"0","iso":"0","shutter_speed":"0","title":"","orientation":"0","keywords":[]},"ID":"16906","name":"VZ1526-Cortijo-Vera-Pueblo-33.jpg","path":"\/home\/zarcomt\/www\/wp-content\/uploads\/2023\/05\/VZ1526-Cortijo-Vera-Pueblo-33.jpg","url":"https:\/\/zar2010.com\/wp-content\/uploads\/2023\/05\/VZ1526-Cortijo-Vera-Pueblo-33-150x35.jpg","full_url":"https:\/\/zar2010.com\/wp-content\/uploads\/2023\/05\/VZ1526-Cortijo-Vera-Pueblo-33.jpg","title":"VZ1526 Cortijo Vera Pueblo - 33","caption":"","description":"","alt":"","srcset":false},{"width":150,"height":35,"file":"2023\/05\/VZ1526-Cortijo-Vera-Pueblo-34.jpg","filesize":130699,"sizes":{"thumbnail":{"file":"VZ1526-Cortijo-Vera-Pueblo-34-150x35.jpg","width":150,"height":35,"mime-type":"image\/jpeg","filesize":2125,"url":"https:\/\/zar2010.com\/wp-content\/uploads\/2023\/05\/VZ1526-Cortijo-Vera-Pueblo-34-150x35.jpg"},"medium":{"file":"VZ1526-Cortijo-Vera-Pueblo-34-300x200.jpg","width":300,"height":200,"mime-type":"image\/jpeg","filesize":15962,"url":"https:\/\/zar2010.com\/wp-content\/uploads\/2023\/05\/VZ1526-Cortijo-Vera-Pueblo-34-300x200.jpg"},"medium_large":{"file":"VZ1526-Cortijo-Vera-Pueblo-34-768x512.jpg","width":768,"height":512,"mime-type":"image\/jpeg","filesize":81978,"url":"https:\/\/zar2010.com\/wp-content\/uploads\/2023\/05\/VZ1526-Cortijo-Vera-Pueblo-34-768x512.jpg"},"post-thumbnail":{"file":"VZ1526-Cortijo-Vera-Pueblo-34-150x100.jpg","width":150,"height":100,"mime-type":"image\/jpeg","filesize":4987,"url":"https:\/\/zar2010.com\/wp-content\/uploads\/2023\/05\/VZ1526-Cortijo-Vera-Pueblo-34-150x100.jpg"},"modern-property-child-slider":{"file":"VZ1526-Cortijo-Vera-Pueblo-34-680x510.jpg","width":680,"height":510,"mime-type":"image\/jpeg","filesize":71872,"url":"https:\/\/zar2010.com\/wp-content\/uploads\/2023\/05\/VZ1526-Cortijo-Vera-Pueblo-34-680x510.jpg"},"property-thumb-image":{"file":"VZ1526-Cortijo-Vera-Pueblo-34-488x326.jpg","width":488,"height":326,"mime-type":"image\/jpeg","filesize":37383,"url":"https:\/\/zar2010.com\/wp-content\/uploads\/2023\/05\/VZ1526-Cortijo-Vera-Pueblo-34-488x326.jpg"},"property-detail-video-image":{"file":"VZ1526-Cortijo-Vera-Pueblo-34-818x417.jpg","width":818,"height":417,"mime-type":"image\/jpeg","filesize":68947,"url":"https:\/\/zar2010.com\/wp-content\/uploads\/2023\/05\/VZ1526-Cortijo-Vera-Pueblo-34-818x417.jpg"},"agent-image":{"file":"VZ1526-Cortijo-Vera-Pueblo-34-210x210.jpg","width":210,"height":210,"mime-type":"image\/jpeg","filesize":11537,"url":"https:\/\/zar2010.com\/wp-content\/uploads\/2023\/05\/VZ1526-Cortijo-Vera-Pueblo-34-210x210.jpg"},"partners-logo":{"file":"VZ1526-Cortijo-Vera-Pueblo-34-600x683.jpg","width":600,"height":683,"mime-type":"image\/jpeg","filesize":81743,"url":"https:\/\/zar2010.com\/wp-content\/uploads\/2023\/05\/VZ1526-Cortijo-Vera-Pueblo-34-600x683.jpg"}},"image_meta":{"aperture":"0","credit":"","camera":"","caption":"","created_timestamp":"0","copyright":"","focal_length":"0","iso":"0","shutter_speed":"0","title":"","orientation":"0","keywords":[]},"ID":"16908","name":"VZ1526-Cortijo-Vera-Pueblo-34.jpg","path":"\/home\/zarcomt\/www\/wp-content\/uploads\/2023\/05\/VZ1526-Cortijo-Vera-Pueblo-34.jpg","url":"https:\/\/zar2010.com\/wp-content\/uploads\/2023\/05\/VZ1526-Cortijo-Vera-Pueblo-34-150x35.jpg","full_url":"https:\/\/zar2010.com\/wp-content\/uploads\/2023\/05\/VZ1526-Cortijo-Vera-Pueblo-34.jpg","title":"VZ1526 Cortijo Vera Pueblo - 34","caption":"","description":"","alt":"","srcset":false},{"width":150,"height":35,"file":"2023\/05\/VZ1526-Cortijo-Vera-Pueblo-35.jpg","filesize":162235,"sizes":{"thumbnail":{"file":"VZ1526-Cortijo-Vera-Pueblo-35-150x35.jpg","width":150,"height":35,"mime-type":"image\/jpeg","filesize":2652,"url":"https:\/\/zar2010.com\/wp-content\/uploads\/2023\/05\/VZ1526-Cortijo-Vera-Pueblo-35-150x35.jpg"},"medium":{"file":"VZ1526-Cortijo-Vera-Pueblo-35-300x200.jpg","width":300,"height":200,"mime-type":"image\/jpeg","filesize":20842,"url":"https:\/\/zar2010.com\/wp-content\/uploads\/2023\/05\/VZ1526-Cortijo-Vera-Pueblo-35-300x200.jpg"},"medium_large":{"file":"VZ1526-Cortijo-Vera-Pueblo-35-768x512.jpg","width":768,"height":512,"mime-type":"image\/jpeg","filesize":103782,"url":"https:\/\/zar2010.com\/wp-content\/uploads\/2023\/05\/VZ1526-Cortijo-Vera-Pueblo-35-768x512.jpg"},"post-thumbnail":{"file":"VZ1526-Cortijo-Vera-Pueblo-35-150x100.jpg","width":150,"height":100,"mime-type":"image\/jpeg","filesize":6420,"url":"https:\/\/zar2010.com\/wp-content\/uploads\/2023\/05\/VZ1526-Cortijo-Vera-Pueblo-35-150x100.jpg"},"modern-property-child-slider":{"file":"VZ1526-Cortijo-Vera-Pueblo-35-680x510.jpg","width":680,"height":510,"mime-type":"image\/jpeg","filesize":94600,"url":"https:\/\/zar2010.com\/wp-content\/uploads\/2023\/05\/VZ1526-Cortijo-Vera-Pueblo-35-680x510.jpg"},"property-thumb-image":{"file":"VZ1526-Cortijo-Vera-Pueblo-35-488x326.jpg","width":488,"height":326,"mime-type":"image\/jpeg","filesize":48586,"url":"https:\/\/zar2010.com\/wp-content\/uploads\/2023\/05\/VZ1526-Cortijo-Vera-Pueblo-35-488x326.jpg"},"property-detail-video-image":{"file":"VZ1526-Cortijo-Vera-Pueblo-35-818x417.jpg","width":818,"height":417,"mime-type":"image\/jpeg","filesize":88818,"url":"https:\/\/zar2010.com\/wp-content\/uploads\/2023\/05\/VZ1526-Cortijo-Vera-Pueblo-35-818x417.jpg"},"agent-image":{"file":"VZ1526-Cortijo-Vera-Pueblo-35-210x210.jpg","width":210,"height":210,"mime-type":"image\/jpeg","filesize":15936,"url":"https:\/\/zar2010.com\/wp-content\/uploads\/2023\/05\/VZ1526-Cortijo-Vera-Pueblo-35-210x210.jpg"},"partners-logo":{"file":"VZ1526-Cortijo-Vera-Pueblo-35-600x683.jpg","width":600,"height":683,"mime-type":"image\/jpeg","filesize":117596,"url":"https:\/\/zar2010.com\/wp-content\/uploads\/2023\/05\/VZ1526-Cortijo-Vera-Pueblo-35-600x683.jpg"}},"image_meta":{"aperture":"0","credit":"","camera":"","caption":"","created_timestamp":"0","copyright":"","focal_length":"0","iso":"0","shutter_speed":"0","title":"","orientation":"0","keywords":[]},"ID":"16910","name":"VZ1526-Cortijo-Vera-Pueblo-35.jpg","path":"\/home\/zarcomt\/www\/wp-content\/uploads\/2023\/05\/VZ1526-Cortijo-Vera-Pueblo-35.jpg","url":"https:\/\/zar2010.com\/wp-content\/uploads\/2023\/05\/VZ1526-Cortijo-Vera-Pueblo-35-150x35.jpg","full_url":"https:\/\/zar2010.com\/wp-content\/uploads\/2023\/05\/VZ1526-Cortijo-Vera-Pueblo-35.jpg","title":"VZ1526 Cortijo Vera Pueblo - 35","caption":"","description":"","alt":"","srcset":false},{"width":150,"height":35,"file":"2023\/05\/VZ1526-Cortijo-Vera-Pueblo-36.jpg","filesize":157162,"sizes":{"thumbnail":{"file":"VZ1526-Cortijo-Vera-Pueblo-36-150x35.jpg","width":150,"height":35,"mime-type":"image\/jpeg","filesize":2278,"url":"https:\/\/zar2010.com\/wp-content\/uploads\/2023\/05\/VZ1526-Cortijo-Vera-Pueblo-36-150x35.jpg"},"medium":{"file":"VZ1526-Cortijo-Vera-Pueblo-36-300x200.jpg","width":300,"height":200,"mime-type":"image\/jpeg","filesize":18617,"url":"https:\/\/zar2010.com\/wp-content\/uploads\/2023\/05\/VZ1526-Cortijo-Vera-Pueblo-36-300x200.jpg"},"medium_large":{"file":"VZ1526-Cortijo-Vera-Pueblo-36-768x512.jpg","width":768,"height":512,"mime-type":"image\/jpeg","filesize":99267,"url":"https:\/\/zar2010.com\/wp-content\/uploads\/2023\/05\/VZ1526-Cortijo-Vera-Pueblo-36-768x512.jpg"},"post-thumbnail":{"file":"VZ1526-Cortijo-Vera-Pueblo-36-150x100.jpg","width":150,"height":100,"mime-type":"image\/jpeg","filesize":5698,"url":"https:\/\/zar2010.com\/wp-content\/uploads\/2023\/05\/VZ1526-Cortijo-Vera-Pueblo-36-150x100.jpg"},"modern-property-child-slider":{"file":"VZ1526-Cortijo-Vera-Pueblo-36-680x510.jpg","width":680,"height":510,"mime-type":"image\/jpeg","filesize":91157,"url":"https:\/\/zar2010.com\/wp-content\/uploads\/2023\/05\/VZ1526-Cortijo-Vera-Pueblo-36-680x510.jpg"},"property-thumb-image":{"file":"VZ1526-Cortijo-Vera-Pueblo-36-488x326.jpg","width":488,"height":326,"mime-type":"image\/jpeg","filesize":44806,"url":"https:\/\/zar2010.com\/wp-content\/uploads\/2023\/05\/VZ1526-Cortijo-Vera-Pueblo-36-488x326.jpg"},"property-detail-video-image":{"file":"VZ1526-Cortijo-Vera-Pueblo-36-818x417.jpg","width":818,"height":417,"mime-type":"image\/jpeg","filesize":86244,"url":"https:\/\/zar2010.com\/wp-content\/uploads\/2023\/05\/VZ1526-Cortijo-Vera-Pueblo-36-818x417.jpg"},"agent-image":{"file":"VZ1526-Cortijo-Vera-Pueblo-36-210x210.jpg","width":210,"height":210,"mime-type":"image\/jpeg","filesize":14305,"url":"https:\/\/zar2010.com\/wp-content\/uploads\/2023\/05\/VZ1526-Cortijo-Vera-Pueblo-36-210x210.jpg"},"partners-logo":{"file":"VZ1526-Cortijo-Vera-Pueblo-36-600x683.jpg","width":600,"height":683,"mime-type":"image\/jpeg","filesize":113409,"url":"https:\/\/zar2010.com\/wp-content\/uploads\/2023\/05\/VZ1526-Cortijo-Vera-Pueblo-36-600x683.jpg"}},"image_meta":{"aperture":"0","credit":"","camera":"","caption":"","created_timestamp":"0","copyright":"","focal_length":"0","iso":"0","shutter_speed":"0","title":"","orientation":"0","keywords":[]},"ID":"16912","name":"VZ1526-Cortijo-Vera-Pueblo-36.jpg","path":"\/home\/zarcomt\/www\/wp-content\/uploads\/2023\/05\/VZ1526-Cortijo-Vera-Pueblo-36.jpg","url":"https:\/\/zar2010.com\/wp-content\/uploads\/2023\/05\/VZ1526-Cortijo-Vera-Pueblo-36-150x35.jpg","full_url":"https:\/\/zar2010.com\/wp-content\/uploads\/2023\/05\/VZ1526-Cortijo-Vera-Pueblo-36.jpg","title":"VZ1526 Cortijo Vera Pueblo - 36","caption":"","description":"","alt":"","srcset":false},{"width":150,"height":35,"file":"2023\/05\/VZ1526-Cortijo-Vera-Pueblo-37.jpg","filesize":119477,"sizes":{"thumbnail":{"file":"VZ1526-Cortijo-Vera-Pueblo-37-150x35.jpg","width":150,"height":35,"mime-type":"image\/jpeg","filesize":2213,"url":"https:\/\/zar2010.com\/wp-content\/uploads\/2023\/05\/VZ1526-Cortijo-Vera-Pueblo-37-150x35.jpg"},"medium":{"file":"VZ1526-Cortijo-Vera-Pueblo-37-300x200.jpg","width":300,"height":200,"mime-type":"image\/jpeg","filesize":14436,"url":"https:\/\/zar2010.com\/wp-content\/uploads\/2023\/05\/VZ1526-Cortijo-Vera-Pueblo-37-300x200.jpg"},"medium_large":{"file":"VZ1526-Cortijo-Vera-Pueblo-37-768x512.jpg","width":768,"height":512,"mime-type":"image\/jpeg","filesize":75092,"url":"https:\/\/zar2010.com\/wp-content\/uploads\/2023\/05\/VZ1526-Cortijo-Vera-Pueblo-37-768x512.jpg"},"post-thumbnail":{"file":"VZ1526-Cortijo-Vera-Pueblo-37-150x100.jpg","width":150,"height":100,"mime-type":"image\/jpeg","filesize":4437,"url":"https:\/\/zar2010.com\/wp-content\/uploads\/2023\/05\/VZ1526-Cortijo-Vera-Pueblo-37-150x100.jpg"},"modern-property-child-slider":{"file":"VZ1526-Cortijo-Vera-Pueblo-37-680x510.jpg","width":680,"height":510,"mime-type":"image\/jpeg","filesize":68404,"url":"https:\/\/zar2010.com\/wp-content\/uploads\/2023\/05\/VZ1526-Cortijo-Vera-Pueblo-37-680x510.jpg"},"property-thumb-image":{"file":"VZ1526-Cortijo-Vera-Pueblo-37-488x326.jpg","width":488,"height":326,"mime-type":"image\/jpeg","filesize":33962,"url":"https:\/\/zar2010.com\/wp-content\/uploads\/2023\/05\/VZ1526-Cortijo-Vera-Pueblo-37-488x326.jpg"},"property-detail-video-image":{"file":"VZ1526-Cortijo-Vera-Pueblo-37-818x417.jpg","width":818,"height":417,"mime-type":"image\/jpeg","filesize":65575,"url":"https:\/\/zar2010.com\/wp-content\/uploads\/2023\/05\/VZ1526-Cortijo-Vera-Pueblo-37-818x417.jpg"},"agent-image":{"file":"VZ1526-Cortijo-Vera-Pueblo-37-210x210.jpg","width":210,"height":210,"mime-type":"image\/jpeg","filesize":11534,"url":"https:\/\/zar2010.com\/wp-content\/uploads\/2023\/05\/VZ1526-Cortijo-Vera-Pueblo-37-210x210.jpg"},"partners-logo":{"file":"VZ1526-Cortijo-Vera-Pueblo-37-600x683.jpg","width":600,"height":683,"mime-type":"image\/jpeg","filesize":82528,"url":"https:\/\/zar2010.com\/wp-content\/uploads\/2023\/05\/VZ1526-Cortijo-Vera-Pueblo-37-600x683.jpg"}},"image_meta":{"aperture":"0","credit":"","camera":"","caption":"","created_timestamp":"0","copyright":"","focal_length":"0","iso":"0","shutter_speed":"0","title":"","orientation":"0","keywords":[]},"ID":"16914","name":"VZ1526-Cortijo-Vera-Pueblo-37.jpg","path":"\/home\/zarcomt\/www\/wp-content\/uploads\/2023\/05\/VZ1526-Cortijo-Vera-Pueblo-37.jpg","url":"https:\/\/zar2010.com\/wp-content\/uploads\/2023\/05\/VZ1526-Cortijo-Vera-Pueblo-37-150x35.jpg","full_url":"https:\/\/zar2010.com\/wp-content\/uploads\/2023\/05\/VZ1526-Cortijo-Vera-Pueblo-37.jpg","title":"VZ1526 Cortijo Vera Pueblo - 37","caption":"","description":"","alt":"","srcset":false},{"width":150,"height":35,"file":"2023\/05\/VZ1526-Cortijo-Vera-Pueblo-38.jpg","filesize":129912,"sizes":{"thumbnail":{"file":"VZ1526-Cortijo-Vera-Pueblo-38-150x35.jpg","width":150,"height":35,"mime-type":"image\/jpeg","filesize":2422,"url":"https:\/\/zar2010.com\/wp-content\/uploads\/2023\/05\/VZ1526-Cortijo-Vera-Pueblo-38-150x35.jpg"},"medium":{"file":"VZ1526-Cortijo-Vera-Pueblo-38-300x200.jpg","width":300,"height":200,"mime-type":"image\/jpeg","filesize":17959,"url":"https:\/\/zar2010.com\/wp-content\/uploads\/2023\/05\/VZ1526-Cortijo-Vera-Pueblo-38-300x200.jpg"},"medium_large":{"file":"VZ1526-Cortijo-Vera-Pueblo-38-768x512.jpg","width":768,"height":512,"mime-type":"image\/jpeg","filesize":84214,"url":"https:\/\/zar2010.com\/wp-content\/uploads\/2023\/05\/VZ1526-Cortijo-Vera-Pueblo-38-768x512.jpg"},"post-thumbnail":{"file":"VZ1526-Cortijo-Vera-Pueblo-38-150x100.jpg","width":150,"height":100,"mime-type":"image\/jpeg","filesize":5718,"url":"https:\/\/zar2010.com\/wp-content\/uploads\/2023\/05\/VZ1526-Cortijo-Vera-Pueblo-38-150x100.jpg"},"modern-property-child-slider":{"file":"VZ1526-Cortijo-Vera-Pueblo-38-680x510.jpg","width":680,"height":510,"mime-type":"image\/jpeg","filesize":75182,"url":"https:\/\/zar2010.com\/wp-content\/uploads\/2023\/05\/VZ1526-Cortijo-Vera-Pueblo-38-680x510.jpg"},"property-thumb-image":{"file":"VZ1526-Cortijo-Vera-Pueblo-38-488x326.jpg","width":488,"height":326,"mime-type":"image\/jpeg","filesize":40010,"url":"https:\/\/zar2010.com\/wp-content\/uploads\/2023\/05\/VZ1526-Cortijo-Vera-Pueblo-38-488x326.jpg"},"property-detail-video-image":{"file":"VZ1526-Cortijo-Vera-Pueblo-38-818x417.jpg","width":818,"height":417,"mime-type":"image\/jpeg","filesize":69159,"url":"https:\/\/zar2010.com\/wp-content\/uploads\/2023\/05\/VZ1526-Cortijo-Vera-Pueblo-38-818x417.jpg"},"agent-image":{"file":"VZ1526-Cortijo-Vera-Pueblo-38-210x210.jpg","width":210,"height":210,"mime-type":"image\/jpeg","filesize":14311,"url":"https:\/\/zar2010.com\/wp-content\/uploads\/2023\/05\/VZ1526-Cortijo-Vera-Pueblo-38-210x210.jpg"},"partners-logo":{"file":"VZ1526-Cortijo-Vera-Pueblo-38-600x683.jpg","width":600,"height":683,"mime-type":"image\/jpeg","filesize":91479,"url":"https:\/\/zar2010.com\/wp-content\/uploads\/2023\/05\/VZ1526-Cortijo-Vera-Pueblo-38-600x683.jpg"}},"image_meta":{"aperture":"0","credit":"","camera":"","caption":"","created_timestamp":"0","copyright":"","focal_length":"0","iso":"0","shutter_speed":"0","title":"","orientation":"0","keywords":[]},"ID":"16916","name":"VZ1526-Cortijo-Vera-Pueblo-38.jpg","path":"\/home\/zarcomt\/www\/wp-content\/uploads\/2023\/05\/VZ1526-Cortijo-Vera-Pueblo-38.jpg","url":"https:\/\/zar2010.com\/wp-content\/uploads\/2023\/05\/VZ1526-Cortijo-Vera-Pueblo-38-150x35.jpg","full_url":"https:\/\/zar2010.com\/wp-content\/uploads\/2023\/05\/VZ1526-Cortijo-Vera-Pueblo-38.jpg","title":"VZ1526 Cortijo Vera Pueblo - 38","caption":"","description":"","alt":"","srcset":false},{"width":150,"height":35,"file":"2023\/05\/VZ1526-Cortijo-Vera-Pueblo-39.jpg","filesize":153858,"sizes":{"thumbnail":{"file":"VZ1526-Cortijo-Vera-Pueblo-39-150x35.jpg","width":150,"height":35,"mime-type":"image\/jpeg","filesize":2468,"url":"https:\/\/zar2010.com\/wp-content\/uploads\/2023\/05\/VZ1526-Cortijo-Vera-Pueblo-39-150x35.jpg"},"medium":{"file":"VZ1526-Cortijo-Vera-Pueblo-39-300x200.jpg","width":300,"height":200,"mime-type":"image\/jpeg","filesize":16153,"url":"https:\/\/zar2010.com\/wp-content\/uploads\/2023\/05\/VZ1526-Cortijo-Vera-Pueblo-39-300x200.jpg"},"medium_large":{"file":"VZ1526-Cortijo-Vera-Pueblo-39-768x512.jpg","width":768,"height":512,"mime-type":"image\/jpeg","filesize":94328,"url":"https:\/\/zar2010.com\/wp-content\/uploads\/2023\/05\/VZ1526-Cortijo-Vera-Pueblo-39-768x512.jpg"},"post-thumbnail":{"file":"VZ1526-Cortijo-Vera-Pueblo-39-150x100.jpg","width":150,"height":100,"mime-type":"image\/jpeg","filesize":4731,"url":"https:\/\/zar2010.com\/wp-content\/uploads\/2023\/05\/VZ1526-Cortijo-Vera-Pueblo-39-150x100.jpg"},"modern-property-child-slider":{"file":"VZ1526-Cortijo-Vera-Pueblo-39-680x510.jpg","width":680,"height":510,"mime-type":"image\/jpeg","filesize":83160,"url":"https:\/\/zar2010.com\/wp-content\/uploads\/2023\/05\/VZ1526-Cortijo-Vera-Pueblo-39-680x510.jpg"},"property-thumb-image":{"file":"VZ1526-Cortijo-Vera-Pueblo-39-488x326.jpg","width":488,"height":326,"mime-type":"image\/jpeg","filesize":40257,"url":"https:\/\/zar2010.com\/wp-content\/uploads\/2023\/05\/VZ1526-Cortijo-Vera-Pueblo-39-488x326.jpg"},"property-detail-video-image":{"file":"VZ1526-Cortijo-Vera-Pueblo-39-818x417.jpg","width":818,"height":417,"mime-type":"image\/jpeg","filesize":91843,"url":"https:\/\/zar2010.com\/wp-content\/uploads\/2023\/05\/VZ1526-Cortijo-Vera-Pueblo-39-818x417.jpg"},"agent-image":{"file":"VZ1526-Cortijo-Vera-Pueblo-39-210x210.jpg","width":210,"height":210,"mime-type":"image\/jpeg","filesize":11769,"url":"https:\/\/zar2010.com\/wp-content\/uploads\/2023\/05\/VZ1526-Cortijo-Vera-Pueblo-39-210x210.jpg"},"partners-logo":{"file":"VZ1526-Cortijo-Vera-Pueblo-39-600x683.jpg","width":600,"height":683,"mime-type":"image\/jpeg","filesize":101418,"url":"https:\/\/zar2010.com\/wp-content\/uploads\/2023\/05\/VZ1526-Cortijo-Vera-Pueblo-39-600x683.jpg"}},"image_meta":{"aperture":"0","credit":"","camera":"","caption":"","created_timestamp":"0","copyright":"","focal_length":"0","iso":"0","shutter_speed":"0","title":"","orientation":"0","keywords":[]},"ID":"16918","name":"VZ1526-Cortijo-Vera-Pueblo-39.jpg","path":"\/home\/zarcomt\/www\/wp-content\/uploads\/2023\/05\/VZ1526-Cortijo-Vera-Pueblo-39.jpg","url":"https:\/\/zar2010.com\/wp-content\/uploads\/2023\/05\/VZ1526-Cortijo-Vera-Pueblo-39-150x35.jpg","full_url":"https:\/\/zar2010.com\/wp-content\/uploads\/2023\/05\/VZ1526-Cortijo-Vera-Pueblo-39.jpg","title":"VZ1526 Cortijo Vera Pueblo - 39","caption":"","description":"","alt":"","srcset":false},{"width":150,"height":35,"file":"2023\/05\/VZ1526-Cortijo-Vera-Pueblo-40.jpg","filesize":153545,"sizes":{"thumbnail":{"file":"VZ1526-Cortijo-Vera-Pueblo-40-150x35.jpg","width":150,"height":35,"mime-type":"image\/jpeg","filesize":2718,"url":"https:\/\/zar2010.com\/wp-content\/uploads\/2023\/05\/VZ1526-Cortijo-Vera-Pueblo-40-150x35.jpg"},"medium":{"file":"VZ1526-Cortijo-Vera-Pueblo-40-300x200.jpg","width":300,"height":200,"mime-type":"image\/jpeg","filesize":16780,"url":"https:\/\/zar2010.com\/wp-content\/uploads\/2023\/05\/VZ1526-Cortijo-Vera-Pueblo-40-300x200.jpg"},"medium_large":{"file":"VZ1526-Cortijo-Vera-Pueblo-40-768x512.jpg","width":768,"height":512,"mime-type":"image\/jpeg","filesize":94560,"url":"https:\/\/zar2010.com\/wp-content\/uploads\/2023\/05\/VZ1526-Cortijo-Vera-Pueblo-40-768x512.jpg"},"post-thumbnail":{"file":"VZ1526-Cortijo-Vera-Pueblo-40-150x100.jpg","width":150,"height":100,"mime-type":"image\/jpeg","filesize":4959,"url":"https:\/\/zar2010.com\/wp-content\/uploads\/2023\/05\/VZ1526-Cortijo-Vera-Pueblo-40-150x100.jpg"},"modern-property-child-slider":{"file":"VZ1526-Cortijo-Vera-Pueblo-40-680x510.jpg","width":680,"height":510,"mime-type":"image\/jpeg","filesize":82564,"url":"https:\/\/zar2010.com\/wp-content\/uploads\/2023\/05\/VZ1526-Cortijo-Vera-Pueblo-40-680x510.jpg"},"property-thumb-image":{"file":"VZ1526-Cortijo-Vera-Pueblo-40-488x326.jpg","width":488,"height":326,"mime-type":"image\/jpeg","filesize":41025,"url":"https:\/\/zar2010.com\/wp-content\/uploads\/2023\/05\/VZ1526-Cortijo-Vera-Pueblo-40-488x326.jpg"},"property-detail-video-image":{"file":"VZ1526-Cortijo-Vera-Pueblo-40-818x417.jpg","width":818,"height":417,"mime-type":"image\/jpeg","filesize":91917,"url":"https:\/\/zar2010.com\/wp-content\/uploads\/2023\/05\/VZ1526-Cortijo-Vera-Pueblo-40-818x417.jpg"},"agent-image":{"file":"VZ1526-Cortijo-Vera-Pueblo-40-210x210.jpg","width":210,"height":210,"mime-type":"image\/jpeg","filesize":12314,"url":"https:\/\/zar2010.com\/wp-content\/uploads\/2023\/05\/VZ1526-Cortijo-Vera-Pueblo-40-210x210.jpg"},"partners-logo":{"file":"VZ1526-Cortijo-Vera-Pueblo-40-600x683.jpg","width":600,"height":683,"mime-type":"image\/jpeg","filesize":104336,"url":"https:\/\/zar2010.com\/wp-content\/uploads\/2023\/05\/VZ1526-Cortijo-Vera-Pueblo-40-600x683.jpg"}},"image_meta":{"aperture":"0","credit":"","camera":"","caption":"","created_timestamp":"0","copyright":"","focal_length":"0","iso":"0","shutter_speed":"0","title":"","orientation":"0","keywords":[]},"ID":"16920","name":"VZ1526-Cortijo-Vera-Pueblo-40.jpg","path":"\/home\/zarcomt\/www\/wp-content\/uploads\/2023\/05\/VZ1526-Cortijo-Vera-Pueblo-40.jpg","url":"https:\/\/zar2010.com\/wp-content\/uploads\/2023\/05\/VZ1526-Cortijo-Vera-Pueblo-40-150x35.jpg","full_url":"https:\/\/zar2010.com\/wp-content\/uploads\/2023\/05\/VZ1526-Cortijo-Vera-Pueblo-40.jpg","title":"VZ1526 Cortijo Vera Pueblo - 40","caption":"","description":"","alt":"","srcset":false},{"width":150,"height":35,"file":"2023\/05\/VZ1526-Cortijo-Vera-Pueblo-41.jpg","filesize":160945,"sizes":{"thumbnail":{"file":"VZ1526-Cortijo-Vera-Pueblo-41-150x35.jpg","width":150,"height":35,"mime-type":"image\/jpeg","filesize":2519,"url":"https:\/\/zar2010.com\/wp-content\/uploads\/2023\/05\/VZ1526-Cortijo-Vera-Pueblo-41-150x35.jpg"},"medium":{"file":"VZ1526-Cortijo-Vera-Pueblo-41-300x200.jpg","width":300,"height":200,"mime-type":"image\/jpeg","filesize":17350,"url":"https:\/\/zar2010.com\/wp-content\/uploads\/2023\/05\/VZ1526-Cortijo-Vera-Pueblo-41-300x200.jpg"},"medium_large":{"file":"VZ1526-Cortijo-Vera-Pueblo-41-768x512.jpg","width":768,"height":512,"mime-type":"image\/jpeg","filesize":99051,"url":"https:\/\/zar2010.com\/wp-content\/uploads\/2023\/05\/VZ1526-Cortijo-Vera-Pueblo-41-768x512.jpg"},"post-thumbnail":{"file":"VZ1526-Cortijo-Vera-Pueblo-41-150x100.jpg","width":150,"height":100,"mime-type":"image\/jpeg","filesize":5089,"url":"https:\/\/zar2010.com\/wp-content\/uploads\/2023\/05\/VZ1526-Cortijo-Vera-Pueblo-41-150x100.jpg"},"modern-property-child-slider":{"file":"VZ1526-Cortijo-Vera-Pueblo-41-680x510.jpg","width":680,"height":510,"mime-type":"image\/jpeg","filesize":87600,"url":"https:\/\/zar2010.com\/wp-content\/uploads\/2023\/05\/VZ1526-Cortijo-Vera-Pueblo-41-680x510.jpg"},"property-thumb-image":{"file":"VZ1526-Cortijo-Vera-Pueblo-41-488x326.jpg","width":488,"height":326,"mime-type":"image\/jpeg","filesize":42797,"url":"https:\/\/zar2010.com\/wp-content\/uploads\/2023\/05\/VZ1526-Cortijo-Vera-Pueblo-41-488x326.jpg"},"property-detail-video-image":{"file":"VZ1526-Cortijo-Vera-Pueblo-41-818x417.jpg","width":818,"height":417,"mime-type":"image\/jpeg","filesize":93547,"url":"https:\/\/zar2010.com\/wp-content\/uploads\/2023\/05\/VZ1526-Cortijo-Vera-Pueblo-41-818x417.jpg"},"agent-image":{"file":"VZ1526-Cortijo-Vera-Pueblo-41-210x210.jpg","width":210,"height":210,"mime-type":"image\/jpeg","filesize":12826,"url":"https:\/\/zar2010.com\/wp-content\/uploads\/2023\/05\/VZ1526-Cortijo-Vera-Pueblo-41-210x210.jpg"},"partners-logo":{"file":"VZ1526-Cortijo-Vera-Pueblo-41-600x683.jpg","width":600,"height":683,"mime-type":"image\/jpeg","filesize":106440,"url":"https:\/\/zar2010.com\/wp-content\/uploads\/2023\/05\/VZ1526-Cortijo-Vera-Pueblo-41-600x683.jpg"}},"image_meta":{"aperture":"0","credit":"","camera":"","caption":"","created_timestamp":"0","copyright":"","focal_length":"0","iso":"0","shutter_speed":"0","title":"","orientation":"0","keywords":[]},"ID":"16922","name":"VZ1526-Cortijo-Vera-Pueblo-41.jpg","path":"\/home\/zarcomt\/www\/wp-content\/uploads\/2023\/05\/VZ1526-Cortijo-Vera-Pueblo-41.jpg","url":"https:\/\/zar2010.com\/wp-content\/uploads\/2023\/05\/VZ1526-Cortijo-Vera-Pueblo-41-150x35.jpg","full_url":"https:\/\/zar2010.com\/wp-content\/uploads\/2023\/05\/VZ1526-Cortijo-Vera-Pueblo-41.jpg","title":"VZ1526 Cortijo Vera Pueblo - 41","caption":"","description":"","alt":"","srcset":false},{"width":150,"height":35,"file":"2023\/05\/VZ1526-Cortijo-Vera-Pueblo-42.jpg","filesize":120237,"sizes":{"thumbnail":{"file":"VZ1526-Cortijo-Vera-Pueblo-42-150x35.jpg","width":150,"height":35,"mime-type":"image\/jpeg","filesize":2033,"url":"https:\/\/zar2010.com\/wp-content\/uploads\/2023\/05\/VZ1526-Cortijo-Vera-Pueblo-42-150x35.jpg"},"medium":{"file":"VZ1526-Cortijo-Vera-Pueblo-42-300x200.jpg","width":300,"height":200,"mime-type":"image\/jpeg","filesize":13871,"url":"https:\/\/zar2010.com\/wp-content\/uploads\/2023\/05\/VZ1526-Cortijo-Vera-Pueblo-42-300x200.jpg"},"medium_large":{"file":"VZ1526-Cortijo-Vera-Pueblo-42-768x512.jpg","width":768,"height":512,"mime-type":"image\/jpeg","filesize":74357,"url":"https:\/\/zar2010.com\/wp-content\/uploads\/2023\/05\/VZ1526-Cortijo-Vera-Pueblo-42-768x512.jpg"},"post-thumbnail":{"file":"VZ1526-Cortijo-Vera-Pueblo-42-150x100.jpg","width":150,"height":100,"mime-type":"image\/jpeg","filesize":4348,"url":"https:\/\/zar2010.com\/wp-content\/uploads\/2023\/05\/VZ1526-Cortijo-Vera-Pueblo-42-150x100.jpg"},"modern-property-child-slider":{"file":"VZ1526-Cortijo-Vera-Pueblo-42-680x510.jpg","width":680,"height":510,"mime-type":"image\/jpeg","filesize":67473,"url":"https:\/\/zar2010.com\/wp-content\/uploads\/2023\/05\/VZ1526-Cortijo-Vera-Pueblo-42-680x510.jpg"},"property-thumb-image":{"file":"VZ1526-Cortijo-Vera-Pueblo-42-488x326.jpg","width":488,"height":326,"mime-type":"image\/jpeg","filesize":32956,"url":"https:\/\/zar2010.com\/wp-content\/uploads\/2023\/05\/VZ1526-Cortijo-Vera-Pueblo-42-488x326.jpg"},"property-detail-video-image":{"file":"VZ1526-Cortijo-Vera-Pueblo-42-818x417.jpg","width":818,"height":417,"mime-type":"image\/jpeg","filesize":64279,"url":"https:\/\/zar2010.com\/wp-content\/uploads\/2023\/05\/VZ1526-Cortijo-Vera-Pueblo-42-818x417.jpg"},"agent-image":{"file":"VZ1526-Cortijo-Vera-Pueblo-42-210x210.jpg","width":210,"height":210,"mime-type":"image\/jpeg","filesize":10780,"url":"https:\/\/zar2010.com\/wp-content\/uploads\/2023\/05\/VZ1526-Cortijo-Vera-Pueblo-42-210x210.jpg"},"partners-logo":{"file":"VZ1526-Cortijo-Vera-Pueblo-42-600x683.jpg","width":600,"height":683,"mime-type":"image\/jpeg","filesize":82053,"url":"https:\/\/zar2010.com\/wp-content\/uploads\/2023\/05\/VZ1526-Cortijo-Vera-Pueblo-42-600x683.jpg"}},"image_meta":{"aperture":"0","credit":"","camera":"","caption":"","created_timestamp":"0","copyright":"","focal_length":"0","iso":"0","shutter_speed":"0","title":"","orientation":"0","keywords":[]},"ID":"16924","name":"VZ1526-Cortijo-Vera-Pueblo-42.jpg","path":"\/home\/zarcomt\/www\/wp-content\/uploads\/2023\/05\/VZ1526-Cortijo-Vera-Pueblo-42.jpg","url":"https:\/\/zar2010.com\/wp-content\/uploads\/2023\/05\/VZ1526-Cortijo-Vera-Pueblo-42-150x35.jpg","full_url":"https:\/\/zar2010.com\/wp-content\/uploads\/2023\/05\/VZ1526-Cortijo-Vera-Pueblo-42.jpg","title":"VZ1526 Cortijo Vera Pueblo - 42","caption":"","description":"","alt":"","srcset":false},{"width":150,"height":35,"file":"2023\/05\/VZ1526-Cortijo-Vera-Pueblo-43.jpg","filesize":177626,"sizes":{"thumbnail":{"file":"VZ1526-Cortijo-Vera-Pueblo-43-150x35.jpg","width":150,"height":35,"mime-type":"image\/jpeg","filesize":2480,"url":"https:\/\/zar2010.com\/wp-content\/uploads\/2023\/05\/VZ1526-Cortijo-Vera-Pueblo-43-150x35.jpg"},"medium":{"file":"VZ1526-Cortijo-Vera-Pueblo-43-300x200.jpg","width":300,"height":200,"mime-type":"image\/jpeg","filesize":19141,"url":"https:\/\/zar2010.com\/wp-content\/uploads\/2023\/05\/VZ1526-Cortijo-Vera-Pueblo-43-300x200.jpg"},"medium_large":{"file":"VZ1526-Cortijo-Vera-Pueblo-43-768x512.jpg","width":768,"height":512,"mime-type":"image\/jpeg","filesize":110026,"url":"https:\/\/zar2010.com\/wp-content\/uploads\/2023\/05\/VZ1526-Cortijo-Vera-Pueblo-43-768x512.jpg"},"post-thumbnail":{"file":"VZ1526-Cortijo-Vera-Pueblo-43-150x100.jpg","width":150,"height":100,"mime-type":"image\/jpeg","filesize":5837,"url":"https:\/\/zar2010.com\/wp-content\/uploads\/2023\/05\/VZ1526-Cortijo-Vera-Pueblo-43-150x100.jpg"},"modern-property-child-slider":{"file":"VZ1526-Cortijo-Vera-Pueblo-43-680x510.jpg","width":680,"height":510,"mime-type":"image\/jpeg","filesize":99120,"url":"https:\/\/zar2010.com\/wp-content\/uploads\/2023\/05\/VZ1526-Cortijo-Vera-Pueblo-43-680x510.jpg"},"property-thumb-image":{"file":"VZ1526-Cortijo-Vera-Pueblo-43-488x326.jpg","width":488,"height":326,"mime-type":"image\/jpeg","filesize":47568,"url":"https:\/\/zar2010.com\/wp-content\/uploads\/2023\/05\/VZ1526-Cortijo-Vera-Pueblo-43-488x326.jpg"},"property-detail-video-image":{"file":"VZ1526-Cortijo-Vera-Pueblo-43-818x417.jpg","width":818,"height":417,"mime-type":"image\/jpeg","filesize":103621,"url":"https:\/\/zar2010.com\/wp-content\/uploads\/2023\/05\/VZ1526-Cortijo-Vera-Pueblo-43-818x417.jpg"},"agent-image":{"file":"VZ1526-Cortijo-Vera-Pueblo-43-210x210.jpg","width":210,"height":210,"mime-type":"image\/jpeg","filesize":14933,"url":"https:\/\/zar2010.com\/wp-content\/uploads\/2023\/05\/VZ1526-Cortijo-Vera-Pueblo-43-210x210.jpg"},"partners-logo":{"file":"VZ1526-Cortijo-Vera-Pueblo-43-600x683.jpg","width":600,"height":683,"mime-type":"image\/jpeg","filesize":133590,"url":"https:\/\/zar2010.com\/wp-content\/uploads\/2023\/05\/VZ1526-Cortijo-Vera-Pueblo-43-600x683.jpg"}},"image_meta":{"aperture":"0","credit":"","camera":"","caption":"","created_timestamp":"0","copyright":"","focal_length":"0","iso":"0","shutter_speed":"0","title":"","orientation":"0","keywords":[]},"ID":"16926","name":"VZ1526-Cortijo-Vera-Pueblo-43.jpg","path":"\/home\/zarcomt\/www\/wp-content\/uploads\/2023\/05\/VZ1526-Cortijo-Vera-Pueblo-43.jpg","url":"https:\/\/zar2010.com\/wp-content\/uploads\/2023\/05\/VZ1526-Cortijo-Vera-Pueblo-43-150x35.jpg","full_url":"https:\/\/zar2010.com\/wp-content\/uploads\/2023\/05\/VZ1526-Cortijo-Vera-Pueblo-43.jpg","title":"VZ1526 Cortijo Vera Pueblo - 43","caption":"","description":"","alt":"","srcset":false},{"width":150,"height":35,"file":"2023\/05\/VZ1526-Cortijo-Vera-Pueblo-44.jpg","filesize":184092,"sizes":{"thumbnail":{"file":"VZ1526-Cortijo-Vera-Pueblo-44-150x35.jpg","width":150,"height":35,"mime-type":"image\/jpeg","filesize":2461,"url":"https:\/\/zar2010.com\/wp-content\/uploads\/2023\/05\/VZ1526-Cortijo-Vera-Pueblo-44-150x35.jpg"},"medium":{"file":"VZ1526-Cortijo-Vera-Pueblo-44-300x200.jpg","width":300,"height":200,"mime-type":"image\/jpeg","filesize":18048,"url":"https:\/\/zar2010.com\/wp-content\/uploads\/2023\/05\/VZ1526-Cortijo-Vera-Pueblo-44-300x200.jpg"},"medium_large":{"file":"VZ1526-Cortijo-Vera-Pueblo-44-768x512.jpg","width":768,"height":512,"mime-type":"image\/jpeg","filesize":111656,"url":"https:\/\/zar2010.com\/wp-content\/uploads\/2023\/05\/VZ1526-Cortijo-Vera-Pueblo-44-768x512.jpg"},"post-thumbnail":{"file":"VZ1526-Cortijo-Vera-Pueblo-44-150x100.jpg","width":150,"height":100,"mime-type":"image\/jpeg","filesize":5297,"url":"https:\/\/zar2010.com\/wp-content\/uploads\/2023\/05\/VZ1526-Cortijo-Vera-Pueblo-44-150x100.jpg"},"modern-property-child-slider":{"file":"VZ1526-Cortijo-Vera-Pueblo-44-680x510.jpg","width":680,"height":510,"mime-type":"image\/jpeg","filesize":104041,"url":"https:\/\/zar2010.com\/wp-content\/uploads\/2023\/05\/VZ1526-Cortijo-Vera-Pueblo-44-680x510.jpg"},"property-thumb-image":{"file":"VZ1526-Cortijo-Vera-Pueblo-44-488x326.jpg","width":488,"height":326,"mime-type":"image\/jpeg","filesize":46588,"url":"https:\/\/zar2010.com\/wp-content\/uploads\/2023\/05\/VZ1526-Cortijo-Vera-Pueblo-44-488x326.jpg"},"property-detail-video-image":{"file":"VZ1526-Cortijo-Vera-Pueblo-44-818x417.jpg","width":818,"height":417,"mime-type":"image\/jpeg","filesize":104253,"url":"https:\/\/zar2010.com\/wp-content\/uploads\/2023\/05\/VZ1526-Cortijo-Vera-Pueblo-44-818x417.jpg"},"agent-image":{"file":"VZ1526-Cortijo-Vera-Pueblo-44-210x210.jpg","width":210,"height":210,"mime-type":"image\/jpeg","filesize":14218,"url":"https:\/\/zar2010.com\/wp-content\/uploads\/2023\/05\/VZ1526-Cortijo-Vera-Pueblo-44-210x210.jpg"},"partners-logo":{"file":"VZ1526-Cortijo-Vera-Pueblo-44-600x683.jpg","width":600,"height":683,"mime-type":"image\/jpeg","filesize":134628,"url":"https:\/\/zar2010.com\/wp-content\/uploads\/2023\/05\/VZ1526-Cortijo-Vera-Pueblo-44-600x683.jpg"}},"image_meta":{"aperture":"0","credit":"","camera":"","caption":"","created_timestamp":"0","copyright":"","focal_length":"0","iso":"0","shutter_speed":"0","title":"","orientation":"0","keywords":[]},"ID":"16928","name":"VZ1526-Cortijo-Vera-Pueblo-44.jpg","path":"\/home\/zarcomt\/www\/wp-content\/uploads\/2023\/05\/VZ1526-Cortijo-Vera-Pueblo-44.jpg","url":"https:\/\/zar2010.com\/wp-content\/uploads\/2023\/05\/VZ1526-Cortijo-Vera-Pueblo-44-150x35.jpg","full_url":"https:\/\/zar2010.com\/wp-content\/uploads\/2023\/05\/VZ1526-Cortijo-Vera-Pueblo-44.jpg","title":"VZ1526 Cortijo Vera Pueblo - 44","caption":"","description":"","alt":"","srcset":false}],"REAL_HOMES_change_gallery_slider_type":"0","REAL_HOMES_gallery_slider_type":"thumb-on-right","inspiry_floor_plans":[],"inspiry_video_group":[],"REAL_HOMES_360_virtual_tour":"","REAL_HOMES_agent_display_option":"none","REAL_HOMES_agents":[],"REAL_HOMES_energy_class":"none","REAL_HOMES_energy_performance":"","REAL_HOMES_epc_current_rating":"","REAL_HOMES_epc_potential_rating":"","ere_property_schedule_tour":"global","ere_property_schedule_time_slots":"","ere_property_schedule_description":"","REAL_HOMES_sticky":"0","inspiry_property_label":"","inspiry_property_label_color":"","inspiry_property_tax":"0","inspiry_additional_fee":"0","REAL_HOMES_attachments":[{"filesize":1650812,"ID":"29387","name":"VZ1526-eng-1.pdf","path":"\/home\/zarcomt\/www\/wp-content\/uploads\/2023\/05\/VZ1526-eng-1.pdf","url":"https:\/\/zar2010.com\/wp-content\/uploads\/2023\/05\/VZ1526-eng-1.pdf","title":"VZ1526 eng"}],"inspiry_property_owner_name":"","inspiry_property_owner_contact":"","inspiry_property_owner_address":"","REAL_HOMES_property_private_note":"","inspiry_message_to_reviewer":"","REAL_HOMES_add_in_slider":"no","REAL_HOMES_slider_image":[],"REAL_HOMES_page_banner_image":[],"REAL_HOMES_hide_property_advance_search":"0","inspiry_price":"","REAL_HOMES_custom_header_display":"default","REAL_HOMES_custom_header_position":"relative","REAL_HOMES_custom_footer_display":"default","REAL_HOMES_hide_advance_search":"0","REAL_HOMES_custom_search_form":"default","REAL_HOMES_search_form_margin_top":"","REAL_HOMES_search_form_margin_bottom":""},"_links":{"self":[{"href":"https:\/\/zar2010.com\/en\/wp-json\/wp\/v2\/propiedad\/16935","targetHints":{"allow":["GET"]}}],"collection":[{"href":"https:\/\/zar2010.com\/en\/wp-json\/wp\/v2\/propiedad"}],"about":[{"href":"https:\/\/zar2010.com\/en\/wp-json\/wp\/v2\/types\/property"}],"author":[{"embeddable":true,"href":"https:\/\/zar2010.com\/en\/wp-json\/wp\/v2\/users\/3"}],"replies":[{"embeddable":true,"href":"https:\/\/zar2010.com\/en\/wp-json\/wp\/v2\/comments?post=16935"}],"version-history":[{"count":2,"href":"https:\/\/zar2010.com\/en\/wp-json\/wp\/v2\/propiedad\/16935\/revisions"}],"predecessor-version":[{"id":16937,"href":"https:\/\/zar2010.com\/en\/wp-json\/wp\/v2\/propiedad\/16935\/revisions\/16937"}],"wp:featuredmedia":[{"embeddable":true,"href":"https:\/\/zar2010.com\/en\/wp-json\/wp\/v2\/media\/16843"}],"wp:attachment":[{"href":"https:\/\/zar2010.com\/en\/wp-json\/wp\/v2\/media?parent=16935"}],"wp:term":[{"taxonomy":"property-feature","embeddable":true,"href":"https:\/\/zar2010.com\/en\/wp-json\/wp\/v2\/property-feature?post=16935"},{"taxonomy":"property-type","embeddable":true,"href":"https:\/\/zar2010.com\/en\/wp-json\/wp\/v2\/property-type?post=16935"},{"taxonomy":"property-city","embeddable":true,"href":"https:\/\/zar2010.com\/en\/wp-json\/wp\/v2\/property-city?post=16935"},{"taxonomy":"property-status","embeddable":true,"href":"https:\/\/zar2010.com\/en\/wp-json\/wp\/v2\/property-status?post=16935"},{"taxonomy":"promocion","embeddable":true,"href":"https:\/\/zar2010.com\/en\/wp-json\/wp\/v2\/promocion?post=16935"}],"curies":[{"name":"wp","href":"https:\/\/api.w.org\/{rel}","templated":true}]}}